{"id":1437,"date":"2023-03-17T11:09:25","date_gmt":"2023-03-17T10:09:25","guid":{"rendered":"https:\/\/dev.klimapaktfirbetriber.lu\/gestion-des-donnees\/"},"modified":"2023-09-13T10:42:54","modified_gmt":"2023-09-13T08:42:54","slug":"hinweise-zum-schutz-der-privatsphaere-von-dritten","status":"publish","type":"page","link":"https:\/\/dev.klimapaktfirbetriber.lu\/de\/hinweise-zum-schutz-der-privatsphaere-von-dritten\/","title":{"rendered":"Hinweise zum Schutz der Privatsph\u00e4re von Dritten"},"content":{"rendered":"\n<h2 class=\"wp-block-heading\">1. Allgemeine Informationen<\/h2>\n\n\n\n<p>Letzte Aktualisierung, 16 mars 2023<\/p>\n\n\n\n<h3 class=\"wp-block-heading\">1.1. Unsere Verpflichtung<\/h3>\n\n\n\n<p>Klima-Agence verpflichtet sich, Ihre Privatsph\u00e4re und Angaben zu Ihrer Person zu sch\u00fctzen. Die vorliegenden Datenschutzrichtlinien erl\u00e4utern, welche Arten von personenbezogenen Daten wir erfassen und wie wir diese verwenden, an Dritte weitergeben und sch\u00fctzen.<\/p>\n\n\n\n<h3 class=\"wp-block-heading\">1.2. Gegenstand dieses Dokuments<\/h3>\n\n\n\n<p>Diese Richtlinien gelten f\u00fcr s\u00e4mtliche personenbezogenen Daten, die Sie im Rahmen eines Vorgangs an einen Mitarbeiter von Klima-Agence oder \u00fcber eine unserer Websites oder unserer Apps \u00fcbermitteln und die wir im Rahmen unserer \u00fcblichen Gesch\u00e4ftst\u00e4tigkeit verarbeiten k\u00f6nnen; diese Daten sind f\u00fcr die Ausf\u00fchrung (i) von Vertr\u00e4gen mit unseren Kunden, Lieferanten und Geldgebern, (ii) von Vereinbarungen mit anderen Akteuren der Branche und (iii) unseres \u00f6ffentlichen Auftrags zur Sensibilisierung, Beratung, Pr\u00fcfung und Weiterbildung von Einzelpersonen in Bezug auf mit rationeller und nachhaltiger Energienutzung und nachhaltiger Mobilit\u00e4t verbundenen Bereichen erforderlich.<\/p>\n\n\n\n<h3 class=\"wp-block-heading\">1.3. Wer ist f\u00fcr Ihre personenbezogenen Daten verantwortlich?\u00a0<\/h3>\n\n\n\n<p>Klima-Agence G.I.E f\u00fcr die Verarbeitung Ihrer personenbezogenen Daten (pbD) verantwortlich. In diesem Zusammenhang hat Klima-Agence einen Datenschutzbeauftragten bestimmt. Die Kontaktdaten der jeweiligen Personen lauten wie folgt:<\/p>\n\n\n\n<figure class=\"wp-block-table\"><table class=\"has-fixed-layout\"><thead><tr><td><strong>Verantwortlich f\u00fcr die Verarbeitung<\/strong><\/td><td><strong>Datenschutzbeauftragter<\/strong><\/td><\/tr><\/thead><tbody><tr><td>Name\u00a0:\u00a0 \u00a0 \u00a0 \u00a0 \u00a0 \u00a0 Klima-Agence G.I.E.\u00a0 \u00a0 \u00a0 \u00a0 \u00a0 \u00a0 \u00a0 \u00a0 \u00a0 \u00a0 \u00a0 \u00a0 \u00a0 \u00a0 \u00a0 \u00a0 \u00a0 \u00a0<br>Anschrift:\u00a0 \u00a0 \u00a0 \u00a0 \u00a02, Circuit de la Foire internationale<br>\u00a0 \u00a0 \u00a0 \u00a0 \u00a0 \u00a0 \u00a0 \u00a0 \u00a0 \u00a0 \u00a0 \u00a0 L-1347 Luxembourg<br>Tel.\u00a0:\u00a0 \u00a0 \u00a0 \u00a0 \u00a0 \u00a0 \u00a0 \u00a0 40 66 58 \u2013 1 \u00a0<br><a href=\"mailto:adm%69ni%73%74r%61t%69o%6e@k%6cima%2da%67%65%6e%63e%2e%6cu\">E-mail<\/a> <\/td><td>Name:\u00a0 \u00a0 \u00a0 \u00a0 \u00a0 \u00a0 \u00a0\u00a0 DPO (Data Protection Officer)<br>Organisation :\u00a0 \u00a0Klima-Agence G.I.E.\u00a0 \u00a0\u00a0<br>Anschrift:\u00a0 \u00a0 \u00a0 \u00a0 \u00a0 \u00a02, Circuit de la Foire internationale \u00a0 \u00a0 \u00a0 \u00a0 \u00a0 \u00a0 \u00a0 \u00a0 \u00a0 \u00a0 \u00a0 \u00a0  L-1347 Luxembourg<br>Tel.\u00a0: \u00a0 \u00a0 \u00a0 \u00a0 \u00a0 \u00a0 \u00a0 \u00a0 \u00a040 66 58 \u2013 58 \u00a0 <br><a href=\"mailto:dpo@kli%6d%61-%61g%65%6ec%65%2e%6cu\">E-mail<\/a><\/td><\/tr><\/tbody><\/table><\/figure>\n\n\n\n<h3 class=\"wp-block-heading\">1.4. Bedingungen f\u00fcr die \u00c4nderung dieser Richtlinien<\/h3>\n\n\n\n<p>Wir sind berechtigt, diese Datenschutzrichtlinien zu \u00e4ndern, indem wir eine aktualisierte Fassung der vorliegenden Hinweise ver\u00f6ffentlichen. Sie werden von uns \u00fcber jede wichtige \u00c4nderung in angemessener Weise informiert.<\/p>\n\n\n\n<h2 class=\"wp-block-heading\">2. Datenschutzgrunds\u00e4tze von Klima-Agence<\/h2>\n\n\n\n<p>Datenschutz ist f\u00fcr Klima-Agence ein wichtiges Anliegen. Unsere Vorgehensweise zur Wahrung Ihrer Privatsph\u00e4re beruht auf f\u00fcnf Grunds\u00e4tzen:<\/p>\n\n\n\n<ol class=\"wp-block-list\" type=\"1\" start=\"1\">\n<li>Klima-Agence nutzt Ihre Daten stets in angemessener und vertrauensw\u00fcrdiger Weise.<\/li>\n\n\n\n<li>Sie haben das Recht, eine eindeutige Auskunft \u00fcber unseren Umgang mit ihren personenbezogenen Daten zu erhalten. Wir informieren Sie stets in transparenter Weise dar\u00fcber, welche Daten wir erfassen und wie wir diese verwenden.<\/li>\n\n\n\n<li>Wenn Sie diesbez\u00fcglich beunruhigt sind, erl\u00e4utern wir Ihnen gerne unsere Datenverarbeitung.<\/li>\n\n\n\n<li>Wir ergreifen alle zweckdienlichen Ma\u00dfnahmen, um Ihre Daten vor Missbrauch zu sch\u00fctzen und sie sicher aufzubewahren.<\/li>\n\n\n\n<li>Ferner halten wir s\u00e4mtliche geltenden Vorschriften zum Schutz personenbezogener Daten ein und arbeiten mit der luxemburgischen Datenschutzkommission (CNPD) zusammen.<\/li>\n<\/ol>\n\n\n\n<h2 class=\"wp-block-heading\">3. Datenschutzrichtlinien von Klima-Agence<\/h2>\n\n\n\n<h3 class=\"wp-block-heading\">3.1. Einholung Ihrer Zustimmung<\/h3>\n\n\n\n<p>Bei der Erfassung von personenbezogenen Daten, die sich weder aus einer rechtlichen oder vertraglichen Verpflichtung ergibt noch aufgrund eines sich aus unserem \u00f6ffentlichen Auftrag ergebenden berechtigten Interesses erfolgt, gibt Klima-Agence bekannt, dass die \u00dcbertragung der Daten freiwillig erfolgt und Ihre Einwilligung in die letztendliche Verarbeitung durch Klima-Agence voraussetzt. Gegebenenfalls erhalten Sie ein Formular oder ein \u00e4hnliches Instrument zur Einverst\u00e4ndniserkl\u00e4rung mit der Verarbeitung dieser freiwillig mitgeteilten personenbezogenen Daten.<\/p>\n\n\n\n<h3 class=\"wp-block-heading\">3.2. Welche personenbezogenen Daten sind betroffen und aus welchen Quellen beziehen wir sie?<\/h3>\n\n\n\n<p>Im Sinne dieser Datenschutzrichtlinien sind personenbezogene Daten eine oder mehrere Informationen, die direkt oder indirekt R\u00fcckschl\u00fcsse auf Ihre Person erm\u00f6glichen k\u00f6nnten. Dazu geh\u00f6ren im Allgemeinen Angaben wie Name, Anschrift, E-Mail-Adresse, Telefonnummer und Ihre Reaktionen auf die Zusendung eines elektronischen Newsletters durch Klima-Agence (nach ausdr\u00fccklicher Zustimmung). Je nachdem, in welcher Beziehung Sie zu Klima-Agence stehen, k\u00f6nnen weitere Daten hinzukommen.<\/p>\n\n\n\n<p>Die Gesamtheit aller personenbezogenen Daten beschr\u00e4nkt sich auf die Daten, die Sie uns mitgeteilt haben, die auf der Website Ihrer Organisation oder einer damit verbundenen Organisation (z.&nbsp;B. Verband, Gewerkschaft) \u00f6ffentlich zug\u00e4nglich sind oder die wir \u00fcber einen Vermittler erhalten haben, den Sie zur \u00dcbermittlung Ihrer personenbezogenen Daten bevollm\u00e4chtigt haben (z.&nbsp;B. Kommunalverwaltungen, Sozial\u00e4mter). Andere Daten aus anderen Quellen werden von uns nicht erfasst.<\/p>\n\n\n\n<h3 class=\"wp-block-heading\">3.3. Wie verwenden wir Ihre personenbezogenen Daten?<\/h3>\n\n\n\n<p>Wir verwenden Ihre personenbezogenen Daten f\u00fcr die Gesamtgesch\u00e4ftst\u00e4tigkeit unserer Organisation, und zwar f\u00fcr folgende Aufgaben:<\/p>\n\n\n\n<ol class=\"wp-block-list\" type=\"1\" start=\"1\">\n<li>Erf\u00fcllung unserer Verpflichtungen aus Vertr\u00e4gen und Vereinbarungen mit Ihnen oder unseren Partnern (Kommunalverwaltungen, Sozial\u00e4mter usw.)<\/li>\n\n\n\n<li>Verwaltung der Bestellungen von Dokumenten und Dienstleistungen (Beratung, Sensibilisierung, Weiterbildung, Zertifizierung usw.)<\/li>\n\n\n\n<li>Statistiken \u00fcber die Nutzung unserer Websites und Apps erstellen;<\/li>\n\n\n\n<li>Wahrnehmung von Aufgaben im Zusammenhang mit dem \u00f6ffentlichen Auftrag von Klima-Agence<\/li>\n\n\n\n<li>Verwaltung von Rechnungen, Zahlungen und Ausschreibungen<\/li>\n\n\n\n<li>Kommunikation mit Ihnen \u00fcber unsere T\u00e4tigkeit und neue Entwicklungen im Zusammenhang mit der rationellen und nachhaltigen Energienutzung sowie der nachhaltigen Mobilit\u00e4t.<\/li>\n\n\n\n<li>Sie senden die Ergebnisse Ihrer Simulationen nach Ihrer Zustimmung an den Beihilfensimulator. Sie k\u00f6nnen einen Link erhalten, mit dem Sie sich wieder in Ihren noch nicht abgeschlossenen Simulationsverlauf einloggen k\u00f6nnen, sowie eine PDF-Datei mit den Ergebnissen Ihrer Simulationen.<\/li>\n\n\n\n<li>Die Anmeldung der von Klima-Agence organisierten Veranstaltungen verwalten<\/li>\n<\/ol>\n\n\n\n<p>Wenn wir in diesem Kontext personenbezogene Daten erfassen, bewahren wir sie nur so lange auf, wie f\u00fcr den jeweiligen Zweck n\u00f6tig, es sei denn, eine l\u00e4ngere Aufbewahrung ist aus legitimen rechtlichen Gr\u00fcnden erforderlich.&nbsp;Je nach Art der personenbezogenen Daten wurden unterschiedliche Aufbewahrungsfristen festgelegt. Personenbezogene Daten, die nicht mehr verwendet werden, werden jedoch innerhalb von maximal 3 Jahren nach ihrer Erhebung gel\u00f6scht, au\u00dfer im Rahmen eines Vertrags, f\u00fcr den eine Laufzeit von zehn Jahren gilt.<\/p>\n\n\n\n<h3 class=\"wp-block-heading\">3.4.1. Wem teilen wir Ihre personenbezogenen Daten mit?<\/h3>\n\n\n\n<p>Klima-Agence teilt Ihre pers\u00f6nlichen Daten nicht mit (au\u00dfer spezifischen Ausnahmen, die mit Vertr\u00e4gen oder Verpflichtungen verbunden sind).<\/p>\n\n\n\n<h3 class=\"wp-block-heading\">3.4.2 Wo und wie werden Ihre Daten gespeichert?<\/h3>\n\n\n\n<p>Grunds\u00e4tzlich geben wir Ihre personenbezogenen Daten nicht an Personen au\u00dferhalb von Klima-Agence weiter. Einige IT-Dienstleister haben jedoch einen technischen Zugriff auf Ihre personenbezogenen Daten, um Wartungs- und Entwicklungsarbeiten an unseren diversen Systemen vornehmen zu k\u00f6nnen. Je nach dem Speicherort der Datenbank oder der elektronischen Dokumente mit Ihren personenbezogenen Daten k\u00f6nnen die verantwortlichen Dienstleister und die geeigneten Sicherheitsma\u00dfnahmen, die eingef\u00fchrt wurden, variieren. Ihre personenbezogenen Daten k\u00f6nnen sich in physischen Dokumenten in unseren R\u00e4umlichkeiten oder in elektronischer Form entweder auf einem der Computerserver in unseren R\u00e4umlichkeiten oder bei einem unserer IT-Anbieter in einem Datenzentrum befinden, in dem die mit unseren Websites verbundenen Datenbanken gespeichert sind.<\/p>\n\n\n\n<p>Bei Postversand werden Ihr Name und Ihre Anschrift an eine Druckerei \u00fcbermittelt, die f\u00fcr den Druck und die Verteilung der jeweiligen Post verantwortlich ist.<\/p>\n\n\n\n<p>Gem\u00e4\u00df der geltenden Gesetzgebung sind unsere zuvor genannten Subunternehmer *1 (*Die Liste der technischen Subunternehmer kann Ihnen bei der Kontaktaufnahme mit Klima-Agence zur Verf\u00fcgung gestellt werden.)an dieselben Vertraulichkeits- und Datenschutzrichtlinien gebunden wie Klima-Agence.<\/p>\n\n\n\n<p>Wir k\u00f6nnen Ihre personenbezogenen Daten auch anderen Stellen mitteilen, wenn wir die Offenlegung der Daten aus rechtlichen Gr\u00fcnden im Rahmen einer Strafverfolgung f\u00fcr erforderlich halten.<\/p>\n\n\n\n<h3 class=\"wp-block-heading\">3.5. \u00dcbermitteln wir personenbezogene Daten ins Ausland?<\/h3>\n\n\n\n<p>Grunds\u00e4tzlich \u00fcbermitteln wir keine Ihrer personenbezogenen Daten au\u00dferhalb Luxemburgs und setzen Subunternehmer ein, die sich verpflichten, Ihre Daten innerhalb der Europ\u00e4ischen Union&nbsp;aufzubewahren. Sollten wir diesbez\u00fcglich unsere Vorgehensweise \u00e4ndern, erfolgt die \u00dcbermittlung in \u00dcbereinstimmung mit den Datenschutzgesetzen und Sie werden dar\u00fcber informiert.<\/p>\n\n\n\n<p>F\u00fcr diese Regelung gibt es zwei Ausnahmen: Wir k\u00f6nnen mit Subunternehmern zusammenarbeiten, die au\u00dferhalb der Europ\u00e4ischen Union ans\u00e4ssig sind oder angegeben haben, dass sie personenbezogene Daten an L\u00e4nder au\u00dferhalb der Europ\u00e4ischen Union oder an internationale Organisationen \u00fcbermitteln. Konkret handelt es sich zum einen um die Firma &#8222;The Rocket Science Group&nbsp;LLC&#8220; mit Sitz in den Vereinigten Staaten, die uns ihre Online-Plattform MailChimp zur Verf\u00fcgung stellt. \u00dcber diese Plattform k\u00f6nnen wir regelm\u00e4\u00dfig elektronische Newsletter an Ihre E-Mail-Adresse senden. Die zweite Ausnahme betrifft den Dienst WeTransfer der Firma WeTransfer&nbsp;BV mit Sitz in den Niederlanden, die angegeben hat, dass sie personenbezogene Daten (E-Mail-Adressen) an L\u00e4nder au\u00dferhalb der Europ\u00e4ischen Union oder an internationale Organisationen \u00fcbermittelt. Wir nutzen WeTransfer f\u00fcr die \u00dcbermittlung von Dokumenten, die f\u00fcr den E-Mail-Versand zu gro\u00df sind, an unsere Dienstleister. Diese Dokumente k\u00f6nnen m\u00f6glicherweise personenbezogene Daten enthalten. Mit den beiden oben genannten Firmen wurden Vereinbarungen \u00fcber die Datenverarbeitung geschlossen, um sicherzustellen, dass Ihre Rechte in Bezug auf personenbezogene Daten gewahrt werden.<\/p>\n\n\n\n<h3 class=\"wp-block-heading\">3.6. Wie sch\u00fctzen wir Ihre personenbezogenen Daten?<\/h3>\n\n\n\n<p>Wir treffen s\u00e4mtliche angemessenen Vorkehrungen zur sicheren Aufbewahrung Ihrer personenbezogenen Daten und verlangen von jedem Subunternehme, der Ihre Daten f\u00fcr uns be- oder verarbeitet, sich ebenso zu verhalten (art. 32 GDPR).<\/p>\n\n\n\n<p>Arbeitet Klima-Agence mit anderen Unternehmen zusammen, werden die Subunternehmer nach einem Verfahren ausgew\u00e4hlt, das sowohl die technischen als auch die organisatorischen Ma\u00dfnahmen zur Datensicherheit ber\u00fccksichtigt. Ein Vertrag \u00fcber die Verarbeitung Ihrer personenbezogenen Daten wird nur geschlossen, wenn dieser den identifizierten Anforderungen des Datenschutzes entspricht (art. 25 GDPR).<\/p>\n\n\n\n<p>Der Zugriff auf Ihre personenbezogenen Daten ist beschr\u00e4nkt, um einen unbefugten Zugriff bzw. eine missbr\u00e4uchliche \u00c4nderung oder Nutzung zu verhindern, und wird nur den Mitarbeitern gew\u00e4hrt, die die Daten f\u00fcr ihre T\u00e4tigkeit ben\u00f6tigen.<\/p>\n\n\n\n<h3 class=\"wp-block-heading\">3.7. Besondere Verwendung von personenbezogenen Daten, die wir \u00fcber unsere Websiten (www.klima-agence.lu, <a href=\"https:\/\/dev.klimapaktfirbetriber.lu\">www.klimapaktfirbetriber.lu<\/a>, www.klimapakt.lu, www. stroumbeweegt.lu, usw.) erhalten<\/h3>\n\n\n\n<p><strong>3.7.1. Was sind Cookies?<\/strong><\/p>\n\n\n\n<p>Cookies sind kleine Textdateien, die beim Besuch einer Website von Ihrem Browser auf Ihrem Computer oder Ihrem Mobilger\u00e4t gespeichert werden k\u00f6nnen.<\/p>\n\n\n\n<p>Die vom Klimapakt fir Betriber eingesetzten Cookies sind Leistungs- und statistische Cookies, welche Informationen dar\u00fcber sammeln, wie Besucher unsere Website nutzen. Sie werden verwendet, um die Nutzung unserer Website in anonymisierter oder pseudonymisierter Form zu analysieren und um den Nutzern erweiterte Funktionen bieten zu k\u00f6nnen. Sie bewahren keine pers\u00f6nlichen Daten \u00fcber einen Nutzer auf und identifizierbare Daten werden niemals erfasst.<\/p>\n\n\n\n<p>Ohne Cookies kann die Website nicht genutzt werden. &nbsp;Wenn Sie sich auf unserer Website anmelden, werden Sie aufgefordert, Ihre Einstellungen zur Verwendung von Cookies zu best\u00e4tigen. In der Regel k\u00f6nnen Sie das Speichern von Cookies auf Ihrer Festplatte verhindern, indem Sie in Ihren Browser-Einstellungen die entsprechende Option ausw\u00e4hlen. Sie k\u00f6nnen Ihren Browser auch so konfigurieren, dass vor dem Speichern von Cookies Ihre Zustimmung eingeholt werden muss. Au\u00dferdem k\u00f6nnen Sie zuvor bestimmte Cookies jederzeit l\u00f6schen. Wie das geht, erfahren Sie in der Anleitung f\u00fcr Ihren Browser.<\/p>\n\n\n\n<p>Mit der Nutzung unserer Website erkl\u00e4ren Sie sich damit einverstanden, diese Art von Cookies auf Ihrem Ger\u00e4t zu empfangen.<\/p>\n\n\n\n<p><strong>3.7.2. Verwaltung von Cookies<\/strong><\/p>\n\n\n\n<p>Klimapakt fir Betriber verwendet Kunden-Cookies, kleine Textdateien, die es erm\u00f6glichen, Informationen \u00fcber die Navigation des Nutzers zu analysieren (H\u00e4ufigkeit der Besuche, Dauer der Besuche, aufgerufene Seiten, Sprachpr\u00e4ferenzen usw.). Sie werden vom Klimapakt fir Betriber in einem zu diesem Zweck vorgesehenen Verzeichnis auf dem Computer des Nutzers abgelegt. Sie enthalten insbesondere den Namen des Servers, der sie geschrieben hat, eine Kennung in Form einer einmaligen Nummer und ein Ablaufdatum. Die eindeutige Kennung erm\u00f6glicht es Klimapakt fir Betriber, den Computer des Nutzers bei jedem Besuch wiederzuerkennen. Die Sitzungscookies werden vom Computer des Nutzers gel\u00f6scht, wenn seine Sitzung geschlossen wird. Die dauerhaften Cookies bleiben jedoch 1 Monat nach Beendigung der Sitzung auf dem Computer des Nutzers.<\/p>\n\n\n\n<p>Der Nutzer kann selbst entscheiden, ob der Webserver von Klimapakt fir Betriber Cookies auf seinem Computer speichern darf oder nicht. Er hat jederzeit die Wahl, die Optionen seines Browsers so einzustellen, dass Cookies nicht akzeptiert und gespeichert werden. Au\u00dferdem kann er bereits gespeicherte Cookies jederzeit \u00fcber den Browser l\u00f6schen.<\/p>\n\n\n\n<p>Die Nutzung bestimmter Funktionen der Website klimapaktfirbetriber.lu kann eingeschr\u00e4nkt oder deaktiviert werden, wenn der Nutzer die Cookies der Website ablehnt. Dem Nutzer wird daher empfohlen, seinen Browser so einzustellen, dass Cookies von der Website klimapaktfirbetriber.lu akzeptiert werden.<\/p>\n\n\n\n<p>Die Website klimapaktfirbetriber.lu verwendet keine Tracking-Funktion.<\/p>\n\n\n\n<h4 class=\"wp-block-heading\">3.7.3. Verwendung von Daten \u00fcber das Nutzerverhalten zu Informations- und Werbezwecken<\/h4>\n\n\n\n<p>Unser System f\u00fcr die Auswertung der Nutzung unserer Website kann zudem ein vor\u00fcbergehendes anonymes Nutzerprofil erstellen, anhand dessen wir Informationen und Werbung anpassen k\u00f6nnen, die dem betreffenden Nutzer angezeigt werden.<\/p>\n\n\n\n<p><strong>3.8. Pr\u00e4senz in sozialen Netzwerken<\/strong><\/p>\n\n\n\n<p>MODERATIONSPOLITIK<\/p>\n\n\n\n<p>&#8211; Jeder Nutzer, der sich der Gemeinschaft von Klimapakt fir Betriber in den sozialen Netzwerken anschlie\u00dft, verpflichtet sich, auf jegliche Form der Diskriminierung aufgrund von Rasse, Hautfarbe, Religion, Geschlecht, sexueller Orientierung, Alter, nationaler Herkunft, Behinderung, Familienstand oder beruflichem Status zu verzichten.<\/p>\n\n\n\n<p>&#8211; Beleidigende, rassistische, sexistische oder anst\u00f6\u00dfige Sprache hat in den sozialen Netzwerken nichts zu suchen. Sie werden gel\u00f6scht und gemeldet.<\/p>\n\n\n\n<p>&#8211; Das Hauptziel der Konten von Klimapakt fir Betriber in den sozialen Netzwerken ist die Verbreitung von Informationen und Inhalten, die im Zusammenhang mit den Themen Energieeffizienz und Dekarbonisierung der luxemburgischen Unternehmen..<\/p>\n\n\n\n<p>&#8211; Die Konten von Klimapakt fir Betriber in den sozialen Netzwerken sind nicht f\u00fcr die Bearbeitung von Anfragen, Fragen und Kommentaren bestimmt, die personenbezogene Daten wie Namen, Vornamen, nationale Identifikationsnummern, Geburtsdaten, Telefonnummern, E-Mail-Adressen oder Anh\u00e4nge oder Scans von Dokumenten mit personenbezogenen Daten enthalten.<\/p>\n\n\n\n<p>&#8211; F\u00fcr solche Anfragen, Fragen oder Kommentare sollten die Nutzer der Gemeinschaft von Klimapakt fir Betriber das Kontaktformular auf klimapaktfirbetriber.lu verwenden.<\/p>\n\n\n\n<p>&#8211; Diesbez\u00fcglich werden Anfragen, Fragen oder Kommentare, die personenbezogene Daten enthalten (wobei die Kennung des Kontos der Person in diesem sozialen Netzwerk im Allgemeinen nicht ber\u00fccksichtigt wird), die \u00fcber die Konten von Klimapakt fir Betriber in den sozialen Netzwerken gestellt werden, nicht bearbeitet und werden, soweit m\u00f6glich, gel\u00f6scht.<\/p>\n\n\n\n<p>&#8211; Die Anwendungen Facebook, Youtube und LinkedIn von Klimapakt fir Betriber werden grunds\u00e4tzlich von Montag bis Freitag zwischen 08.00 und 17.00 Uhr \u00fcberwacht. Au\u00dferhalb dieser Zeiten sowie an Wochenenden und Feiertagen ist die Verwaltung der Seiten nicht durchgehend gew\u00e4hrleistet.<\/p>\n\n\n\n<p>SPRACHEN<\/p>\n\n\n\n<p>In den sozialen Netzwerken kommuniziert Klimapakt fir Betriber auf Franz\u00f6sisch, Deutsch, Englisch und Luxemburgisch.<\/p>\n\n\n\n<h3 class=\"wp-block-heading\">4.0. Welche Rechte haben Sie und wie k\u00f6nnen Sie sie geltend machen?<\/h3>\n\n\n\n<p>Wenn Sie Fragen, Anmerkungen oder Bedenken bez\u00fcglich unseres Umgangs mit Ihren personenbezogenen Daten haben, wenden Sie sich bitte direkt an den Verantwortlichen f\u00fcr die Datenverarbeitung oder den Datenschutzbeauftragten, deren Kontaktdaten weiter oben in diesem Dokument zu finden sind.<\/p>\n\n\n\n<p>Sie sind berechtigt,<\/p>\n\n\n\n<ol class=\"wp-block-list\" type=\"1\" start=\"1\">\n<li>eine Kopie der bei uns gespeicherten personenbezogenen Daten \u00fcber Sie anzufordern,<\/li>\n\n\n\n<li>uns aufzufordern, Ihre personenbezogenen Daten in unseren Unterlagen zu korrigieren, zu aktualisieren oder zu l\u00f6schen, und<\/li>\n\n\n\n<li>uns jede missbr\u00e4uchliche Nutzung Ihrer personenbezogenen Daten zu melden.<\/li>\n<\/ol>\n\n\n\n<p>Wenn Sie keinen elektronischen Newsletter mehr von uns erhalten m\u00f6chten, k\u00f6nnen Sie der Zustellung jederzeit durch Mitteilung an uns oder \u00fcber den Link in jedem unserer Newsletter widersprechen.<\/p>\n\n\n\n<p>Wenn Sie der Ansicht sind, dass Ihre personenbezogenen Daten nicht in \u00dcbereinstimmung mit dem Gesetz verarbeitet worden sind, sind Sie berechtigt, sich an die CNPD (<a href=\"https:\/\/cnpd.public.lu\/de.html\" target=\"_blank\" data-type=\"link\" data-id=\"https:\/\/cnpd.public.lu\/de.html\" rel=\"noreferrer noopener\">www.cnpd.lu<\/a> oder <a href=\"mailto:databreach@cnpd.lu\">databreach@cnpd.lu<\/a>) zu wenden und dort Beschwerde einzulegen. Gerne k\u00f6nnen Sie sich vorab mit uns in Verbindung setzen, damit wir die Situation kl\u00e4ren.<\/p>\n","protected":false},"excerpt":{"rendered":"<p>1. Allgemeine Informationen Letzte Aktualisierung, 16 mars 2023 1.1. Unsere Verpflichtung Klima-Agence verpflichtet sich, Ihre Privatsph\u00e4re und Angaben zu Ihrer Person zu sch\u00fctzen. Die vorliegenden Datenschutzrichtlinien erl\u00e4utern, welche Arten von personenbezogenen Daten wir erfassen und wie wir diese verwenden, an Dritte weitergeben und sch\u00fctzen. 1.2. Gegenstand dieses Dokuments Diese Richtlinien gelten f\u00fcr s\u00e4mtliche personenbezogenen Daten, [&hellip;]<\/p>\n","protected":false},"author":3,"featured_media":0,"parent":0,"menu_order":0,"comment_status":"closed","ping_status":"closed","template":"","meta":{"_acf_changed":false,"footnotes":""},"class_list":["post-1437","page","type-page","status-publish","hentry"],"acf":[],"_links":{"self":[{"href":"https:\/\/dev.klimapaktfirbetriber.lu\/de\/wp-json\/wp\/v2\/pages\/1437","targetHints":{"allow":["GET"]}}],"collection":[{"href":"https:\/\/dev.klimapaktfirbetriber.lu\/de\/wp-json\/wp\/v2\/pages"}],"about":[{"href":"https:\/\/dev.klimapaktfirbetriber.lu\/de\/wp-json\/wp\/v2\/types\/page"}],"author":[{"embeddable":true,"href":"https:\/\/dev.klimapaktfirbetriber.lu\/de\/wp-json\/wp\/v2\/users\/3"}],"replies":[{"embeddable":true,"href":"https:\/\/dev.klimapaktfirbetriber.lu\/de\/wp-json\/wp\/v2\/comments?post=1437"}],"version-history":[{"count":1,"href":"https:\/\/dev.klimapaktfirbetriber.lu\/de\/wp-json\/wp\/v2\/pages\/1437\/revisions"}],"predecessor-version":[{"id":1442,"href":"https:\/\/dev.klimapaktfirbetriber.lu\/de\/wp-json\/wp\/v2\/pages\/1437\/revisions\/1442"}],"wp:attachment":[{"href":"https:\/\/dev.klimapaktfirbetriber.lu\/de\/wp-json\/wp\/v2\/media?parent=1437"}],"curies":[{"name":"wp","href":"https:\/\/api.w.org\/{rel}","templated":true}]}}