{"id":1179,"date":"2023-08-01T13:47:40","date_gmt":"2023-08-01T11:47:40","guid":{"rendered":"https:\/\/dev.klimapaktfirbetriber.lu\/seances-dinformation-klimapakt-fir-betriber\/"},"modified":"2023-09-27T08:52:58","modified_gmt":"2023-09-27T06:52:58","slug":"neue-infoveranstaltungen-fuer-unternehmen","status":"publish","type":"page","link":"https:\/\/dev.klimapaktfirbetriber.lu\/de\/neue-infoveranstaltungen-fuer-unternehmen\/","title":{"rendered":"Neue Infoveranstaltungen f\u00fcr Unternehmen"},"content":{"rendered":"\n<p><strong><a href=\"https:\/\/www.klima-agence.lu\/fr\" target=\"_blank\" rel=\"noreferrer noopener\">Klima-Agence<\/a> und <a href=\"https:\/\/www.luxinnovation.lu\/\" target=\"_blank\" rel=\"noreferrer noopener\">Luxinnovation<\/a> laden Sie in Zusammenarbeit mit dem Ministerium f\u00fcr Energie und Raumentwicklung, dem Ministerium f\u00fcr Umwelt, Klima und nachhaltige Entwicklung sowie dem Ministerium f\u00fcr Wirtschaft zur n\u00e4chsten Infoveranstaltung ein, um Ihnen das Programm <a href=\"https:\/\/dev.klimapaktfirbetriber.lu\/de\/\" target=\"_blank\" rel=\"noreferrer noopener\">Klimapakt fir Betriber<\/a> vorzustellen, einem staatlichen F\u00f6rderprogramm zur Unterst\u00fctzung der luxemburgischen Unternehmen bei der Dekarbonisierung und der Energiewende.<\/strong><\/p>\n\n\n\n<p>Der n\u00e4chste Termin findet am <strong>31. August von 16.00 bis 18.00 Uhr<\/strong> in der Firma Peintures Robin in Useldingen statt und <strong>wird vorwiegend in franz\u00f6sischer Sprache abgehalten<\/strong>. W\u00e4hrend dieser Veranstaltungen werden alle praktischen Hilfsmittel vorgestellt, die den Unternehmen zur Verf\u00fcgung stehen. Gleichzeitig bietet die Veranstaltung den Unternehmen und Beteiligten die Gelegenheit, sich mit den Experten der verschiedenen F\u00f6rderprogramme auszutauschen.<\/p>\n\n\n\n<div class=\"wp-block-group is-vertical is-layout-flex wp-container-core-group-is-layout-8cf370e7 wp-block-group-is-layout-flex\">\n<h2 class=\"wp-block-heading\">Anstehende Veranstaltungen<\/h2>\n\n\n<div class=\"lightweight-accordion\"><details><summary class=\"lightweight-accordion-title\"><span>31. August von 16.00 bis 18.00 Uhr &#8211; Peintures Robin SA, Useldange<\/span><\/summary><div class=\"lightweight-accordion-body\">\n\n<div class=\"wp-block-group has-light-green-background-color has-background is-vertical is-layout-flex wp-container-core-group-is-layout-8cf370e7 wp-block-group-is-layout-flex\">\n<h3 class=\"wp-block-heading\">Programm<\/h3>\n\n\n\n<ol class=\"wp-block-list\">\n<li><strong><strong>Einleitung<\/strong><\/strong>\n<ul class=\"wp-block-list\">\n<li>Einleitung von Klima-Agence&nbsp;&nbsp;&nbsp;&nbsp;&nbsp;&nbsp;&nbsp;&nbsp;&nbsp;&nbsp;&nbsp;&nbsp;&nbsp;&nbsp;&nbsp;&nbsp;&nbsp;&nbsp;&nbsp;&nbsp;&nbsp;&nbsp;&nbsp;&nbsp;&nbsp;&nbsp;&nbsp;&nbsp;&nbsp;&nbsp;&nbsp;&nbsp;&nbsp;&nbsp;&nbsp;&nbsp;&nbsp;&nbsp;&nbsp;&nbsp;&nbsp;<\/li>\n\n\n\n<li>Einleitung durch einen Vertreter der Gemeinde Useldingen&nbsp;&nbsp;&nbsp;&nbsp;<br>&nbsp;&nbsp;&nbsp;&nbsp;&nbsp;&nbsp;&nbsp;&nbsp;&nbsp;&nbsp;&nbsp;&nbsp;&nbsp;&nbsp;&nbsp;&nbsp;&nbsp;&nbsp;&nbsp;<br><\/li>\n<\/ul>\n<\/li>\n\n\n\n<li><strong><strong>Die Tools von Klimapakt fir Betriber<\/strong><\/strong>\n<ul class=\"wp-block-list\">\n<li>Vorgestellt von Luxinnovation, House of Sustainability und Klima-Agence<br><br><\/li>\n<\/ul>\n<\/li>\n\n\n\n<li><strong><strong>Praktische Erfahrungsberichte von Unternehmen&nbsp;<\/strong><\/strong>\n<ul class=\"wp-block-list\">\n<li>Peintures Robin<\/li>\n\n\n\n<li>Naturbaustoff R\u00e9iden<\/li>\n\n\n\n<li>EnergiePark R\u00e9iden<br><br><\/li>\n<\/ul>\n<\/li>\n\n\n\n<li><strong><strong>Gespr\u00e4chsrunde \u00ab Meet the experts \u00bb mit Erfrischungen<\/strong><\/strong>\n<ul class=\"wp-block-list\">\n<li>Fit4 Sustainability<\/li>\n\n\n\n<li>SME-Packages<\/li>\n<\/ul>\n<\/li>\n<\/ol>\n<\/div>\n\n<\/div><\/details><\/div>\n\n<div class=\"lightweight-accordion\"><details><summary class=\"lightweight-accordion-title\"><span>05. September von 16.00 bis 18.00 Uhr &#8211; Burelbach Garten- und Landschaftsdesign S\u00e0rl, Echternach<\/span><\/summary><div class=\"lightweight-accordion-body\">\n\n<div class=\"wp-block-group has-light-green-background-color has-background is-vertical is-layout-flex wp-container-core-group-is-layout-8cf370e7 wp-block-group-is-layout-flex\">\n<h3 class=\"wp-block-heading\">Programm<\/h3>\n\n\n\n<ol class=\"wp-block-list\">\n<li><strong><strong><strong>Einleitung<\/strong><\/strong><\/strong>\n<ul class=\"wp-block-list\">\n<li>Einleitung von Klima-Agence<\/li>\n\n\n\n<li>Einleitung durch einen Vertreter der Gemeinde Echternach<\/li>\n\n\n\n<li>Vorstellung Natur- &amp; G\u00e9opark M\u00ebllerdall<br><br><\/li>\n<\/ul>\n<\/li>\n\n\n\n<li><strong><strong>Die Tools von Klimapakt fir Betriber<\/strong><\/strong>\n<ul class=\"wp-block-list\">\n<li>Vorgestellt von Luxinnovation, House of Sustainability und Klima-Agence<br><br><\/li>\n<\/ul>\n<\/li>\n\n\n\n<li><strong><strong>Praktische Erfahrungsberichte von Unternehmen&nbsp;<\/strong><\/strong>\n<ul class=\"wp-block-list\">\n<li>Burelbach Garten- und Landschaftsdesign S\u00e0rl, Echternach<\/li>\n\n\n\n<li>Camping Europa Nommerlayen, Nommern<\/li>\n\n\n\n<li>Mondo Del Caffe S\u00e0rl, Echternach<br><br><\/li>\n<\/ul>\n<\/li>\n\n\n\n<li><strong><strong>Gespr\u00e4chsrunde \u00ab Meet the experts \u00bb mit Erfrischungen<\/strong><\/strong>\n<ul class=\"wp-block-list\">\n<li>Fit4 Sustainability<\/li>\n\n\n\n<li>SME-Packages<\/li>\n<\/ul>\n<\/li>\n<\/ol>\n<\/div>\n\n<\/div><\/details><\/div>\n\n<div class=\"lightweight-accordion\"><details><summary class=\"lightweight-accordion-title\"><span>19. September von 16.00 bis 18.00 Uhr &#8211; Majerus Geimer Constructions Sarl, Hosingen<\/span><\/summary><div class=\"lightweight-accordion-body\">\n\n<div class=\"wp-block-group has-light-green-background-color has-background is-vertical is-layout-flex wp-container-core-group-is-layout-8cf370e7 wp-block-group-is-layout-flex\">\n<h3 class=\"wp-block-heading\">Programm<\/h3>\n\n\n\n<ol class=\"wp-block-list\">\n<li><strong><strong><strong>Einleitung<\/strong><\/strong><\/strong>\n<ul class=\"wp-block-list\">\n<li>Einleitung von Klima-Agence<\/li>\n\n\n\n<li>Einleitung durch einen Vertreter der Gemeinde Echternach<\/li>\n\n\n\n<li>Vorstellung der Gemeinde Hosingen<br><br><\/li>\n<\/ul>\n<\/li>\n\n\n\n<li><strong><strong>Die Tools von Klimapakt fir Betriber<\/strong><\/strong>\n<ul class=\"wp-block-list\">\n<li>Vorgestellt von Luxinnovation, House of Sustainability und Klima-Agence<br><br><\/li>\n<\/ul>\n<\/li>\n\n\n\n<li><strong><strong>Praktische Erfahrungsberichte von Unternehmen&nbsp;<\/strong><\/strong>\n<ul class=\"wp-block-list\">\n<li>Robbescheier, Clerveaux<\/li>\n\n\n\n<li>Nexxtlab, Sanem<\/li>\n\n\n\n<li>\u2026<br><br><\/li>\n<\/ul>\n<\/li>\n\n\n\n<li><strong><strong>Gespr\u00e4chsrunde \u00ab Meet the experts \u00bb mit Erfrischungen<\/strong><\/strong>\n<ul class=\"wp-block-list\">\n<li>Fit4 Sustainability<\/li>\n\n\n\n<li>SME-Packages<\/li>\n\n\n\n<li>Befristete Beihilfe Umweltauswirkungen<\/li>\n<\/ul>\n<\/li>\n<\/ol>\n<\/div>\n\n<\/div><\/details><\/div>\n\n<div class=\"lightweight-accordion\"><details><summary class=\"lightweight-accordion-title\"><span>27. September von 16.00 bis 18.00 Uhr &#8211; Natur- und Waldzentrum Ellergronn, Esch s\/Alzette<\/span><\/summary><div class=\"lightweight-accordion-body\">\n\n<div class=\"wp-block-group has-light-green-background-color has-background is-vertical is-layout-flex wp-container-core-group-is-layout-8cf370e7 wp-block-group-is-layout-flex\">\n<h3 class=\"wp-block-heading\">Programm<\/h3>\n\n\n\n<ol class=\"wp-block-list\">\n<li><strong><strong><strong>Einleitung<\/strong><\/strong><\/strong>\n<ul class=\"wp-block-list\">\n<li>Einleitung von Klima-Agence<\/li>\n\n\n\n<li>Einleitung G\u00e9rard Thein, Escher Betriber<\/li>\n\n\n\n<li>Einleitung Gemeinde Esch<br><br><\/li>\n<\/ul>\n<\/li>\n\n\n\n<li><strong><strong>Die Tools von Klimapakt fir Betriber<\/strong><\/strong>\n<ul class=\"wp-block-list\">\n<li>Vorgestellt von Luxinnovation, House of Sustainability und Klima-Agence<br><br><\/li>\n<\/ul>\n<\/li>\n\n\n\n<li><strong><strong>Praktische Erfahrungsberichte von Unternehmen&nbsp;<\/strong><\/strong>\n<ul class=\"wp-block-list\">\n<li>Menuiserie Guy Morheng<\/li>\n\n\n\n<li>Entreprise Poeckes S\u00e0rl<\/li>\n\n\n\n<li>Decker-Ries Baucenter<\/li>\n\n\n\n<li>Entreprise Servalux<\/li>\n\n\n\n<li>Reckinger Peinture &amp; D\u00e9cors<br><br><\/li>\n<\/ul>\n<\/li>\n\n\n\n<li><strong><strong>Gespr\u00e4chsrunde <strong><strong>\u00ab Meet the experts \u00bb mit Erfrischungen<\/strong><\/strong><\/strong><\/strong>\n<ul class=\"wp-block-list\">\n<li>Fit4 Sustainability<\/li>\n\n\n\n<li>SME-Packages<\/li>\n\n\n\n<li>Befristete Beihilfe Umweltauswirkungen<\/li>\n<\/ul>\n<\/li>\n<\/ol>\n<\/div>\n\n<\/div><\/details><\/div><\/div>\n\n\n\n<p>To register, please contact <a href=\"mailto:entreprises@klima-agence.lu\">entreprises@klima-agence.lu<\/a>.<\/p>\n","protected":false},"excerpt":{"rendered":"<p>Klima-Agence und Luxinnovation laden Sie in Zusammenarbeit mit dem Ministerium f\u00fcr Energie und Raumentwicklung, dem Ministerium f\u00fcr Umwelt, Klima und nachhaltige Entwicklung sowie dem Ministerium f\u00fcr Wirtschaft zur n\u00e4chsten Infoveranstaltung ein, um Ihnen das Programm Klimapakt fir Betriber vorzustellen, einem staatlichen F\u00f6rderprogramm zur Unterst\u00fctzung der luxemburgischen Unternehmen bei der Dekarbonisierung und der Energiewende. Der n\u00e4chste [&hellip;]<\/p>\n","protected":false},"author":3,"featured_media":503,"parent":0,"menu_order":0,"comment_status":"closed","ping_status":"closed","template":"","meta":{"_acf_changed":false,"footnotes":""},"class_list":["post-1179","page","type-page","status-publish","has-post-thumbnail","hentry"],"acf":[],"_links":{"self":[{"href":"https:\/\/dev.klimapaktfirbetriber.lu\/de\/wp-json\/wp\/v2\/pages\/1179","targetHints":{"allow":["GET"]}}],"collection":[{"href":"https:\/\/dev.klimapaktfirbetriber.lu\/de\/wp-json\/wp\/v2\/pages"}],"about":[{"href":"https:\/\/dev.klimapaktfirbetriber.lu\/de\/wp-json\/wp\/v2\/types\/page"}],"author":[{"embeddable":true,"href":"https:\/\/dev.klimapaktfirbetriber.lu\/de\/wp-json\/wp\/v2\/users\/3"}],"replies":[{"embeddable":true,"href":"https:\/\/dev.klimapaktfirbetriber.lu\/de\/wp-json\/wp\/v2\/comments?post=1179"}],"version-history":[{"count":26,"href":"https:\/\/dev.klimapaktfirbetriber.lu\/de\/wp-json\/wp\/v2\/pages\/1179\/revisions"}],"predecessor-version":[{"id":2019,"href":"https:\/\/dev.klimapaktfirbetriber.lu\/de\/wp-json\/wp\/v2\/pages\/1179\/revisions\/2019"}],"wp:featuredmedia":[{"embeddable":true,"href":"https:\/\/dev.klimapaktfirbetriber.lu\/de\/wp-json\/wp\/v2\/media\/503"}],"wp:attachment":[{"href":"https:\/\/dev.klimapaktfirbetriber.lu\/de\/wp-json\/wp\/v2\/media?parent=1179"}],"curies":[{"name":"wp","href":"https:\/\/api.w.org\/{rel}","templated":true}]}}