{"id":4381,"date":"2024-09-13T11:58:52","date_gmt":"2024-09-13T09:58:52","guid":{"rendered":"https:\/\/dev.klimapaktfirbetriber.lu\/mesures\/restaurant-centralisation-des-unites-de-froid-avec-un-compresseur-a-vitesse-variable-dans-un-restaurant\/"},"modified":"2025-06-30T15:41:45","modified_gmt":"2025-06-30T13:41:45","slug":"restaurant-centralisation-des-unites-de-froid-avec-un-compresseur-a-vitesse-variable-dans-un-restaurant","status":"publish","type":"mesures","link":"https:\/\/dev.klimapaktfirbetriber.lu\/de\/massnahmen\/restaurant-centralisation-des-unites-de-froid-avec-un-compresseur-a-vitesse-variable-dans-un-restaurant\/","title":{"rendered":"Restaurant : Zentralisierung der K\u00fchleinheiten mit einem drehzahlgeregelten Kompressor in einem Restaurant"},"content":{"rendered":"\n<h2 class=\"wp-block-heading\">Austausch und Zentralisierung der K\u00fchleinheiten mit einem drehzahlgeregelten Kompressor<\/h2>\n\n\n\n<p>In einem Restaurant ist der K\u00fchlkreislauf, der f\u00fcr die K\u00fchlung eines K\u00fchlraums sorgt, h\u00e4ufig Betriebsschwankungen unterworfen.<\/p>\n\n\n\n<p>Der Luftverdampfer unterliegt dem Einfluss des Klimas in dem Raum, den er k\u00fchlt (\u00d6ffnen und Schlie\u00dfen von T\u00fcren, Laden von Lebensmitteln usw.), w\u00e4hrend der Verfl\u00fcssiger durch die Au\u00dfentemperatur ebenfalls vom Klima abh\u00e4ngig ist.<\/p>\n\n\n\n<p>Das Projekt besteht darin, kleine Produktionseinheiten, die K\u00fchlr\u00e4ume mit K\u00e4lte versorgen, durch eine zentrale Hauptproduktionseinheit zu ersetzen, die mit einer Frequenzregelung f\u00fcr den Motor des K\u00fchlkompressors geregelt wird. <\/p>\n\n\n\n<p>Durch die Installation dieser Technologie, die seit mehr als f\u00fcnf Jahren auf dem Markt erh\u00e4ltlich ist, kann das Unternehmen bis zu 15 % Stromkosten einsparen und gleichzeitig den CO<sub>2<\/sub>-Aussto\u00df reduzieren.Die Umsetzung dieser Ma\u00dfnahme kann jedoch komplex sein und erfordert die vor\u00fcbergehende Einstellung der Produktion w\u00e4hrend der technischen Installationsphase. Allerdings wird sich die Investition durch die Einsparungen in kurzer Zeit amortisieren.<\/p>\n\n\n\n<!--more-->\n\n\n\n<h3 class=\"type-numerotation\"><span class=\"type-numerotation-span visually-hidden\"><\/span>Energie- und Umweltauswirkungen<\/h3>\n\n\n\n<p>Das neue zentrale K\u00fchlaggregat wird Energieeinsparungen auf zwei Ebenen erm\u00f6glichen:<\/p>\n\n\n\n<ul class=\"wp-block-list\">\n<li>bei der Effizienz der K\u00e4lteerzeugung<\/li>\n\n\n\n<li>bei der Drehzahlregelung<\/li>\n<\/ul>\n\n\n\n<p><\/p>\n\n\n\n<h3 class=\"type-numerotation\"><span class=\"type-numerotation-span visually-hidden\"><\/span>Beantragung von Beihilfen<\/h3>\n\n\n\n<div class=\"wp-block-group has-light-green-background-color has-background\"><div class=\"wp-block-group__inner-container is-layout-constrained wp-block-group-is-layout-constrained\">\n<h4 class=\"wp-block-heading\">Staatliche Beihilfen<\/h4>\n\n\n\n<p><strong>Achtung: Anreizwirkung, die bei der Beantragung von (staatlicher oder nichtstaatlicher) Beihilfe und unter der Voraussetzung, dass die F\u00f6rderkriterien erf\u00fcllt sind, eingehalten werden muss.<\/strong><br>Um die \u201eAnreizwirkung\u201c zu wahren, d\u00fcrfen keine verbindlichen Verpflichtungen (Unterzeichnung eines Kostenvoranschlags; Anzahlung) eingegangen werden, BEVOR die Antragsunterlagen eingereicht wurden oder der Staat oder der Strom- und Gasversorger aufgrund eines Antrags auf Zusch\u00fcsse eine grunds\u00e4tzliche Zustimmung erteilt hat.<\/p>\n\n\n\n<ul class=\"wp-block-list\"><\/ul>\n\n\n\n<p><a href=\"https:\/\/guichet.public.lu\/fr\/entreprises\/financement-aides\/regime-sme-packages\/soutien-pme\/sme-packages-sustainability.html\" target=\"_blank\" rel=\"noreferrer noopener\"><strong>SME <\/strong><\/a><strong><a href=\"https:\/\/guichet.public.lu\/de\/entreprises\/financement-aides\/regime-sme-packages\/soutien-pme\/sme-packages-sustainability.html\" target=\"_blank\" rel=\"noreferrer noopener\">Packages <\/a><\/strong><a href=\"https:\/\/guichet.public.lu\/de\/entreprises\/financement-aides\/regime-sme-packages\/soutien-pme\/sme-packages-sustainability.html\" target=\"_blank\" rel=\"noreferrer noopener\"><strong>&#8211; Sustainability<\/strong><\/a><\/p>\n\n\n\n<ul class=\"wp-block-list\">\n<li>Finanzielle F\u00f6rderung f\u00fcr kleine und mittlere Unternehmen, welche bis zu 70 % der f\u00f6rderf\u00e4higen Kosten f\u00fcr die Umsetzung eines Projekts zur Reduzierung der Umweltbelastung deckt. Das zul\u00e4ssige Projektbudget muss zwischen 3.000 \u20ac und 25.000 \u20ac zzgl. MwSt. liegen.<\/li>\n\n\n\n<li>Bei Fragen:\n<ul class=\"wp-block-list\">\n<li><a href=\"mailto:ehandwierk@cdm.lu\" target=\"_blank\" rel=\"noreferrer noopener\">Chambre des M\u00e9tiers<\/a> f\u00fcr Handwerker<\/li>\n\n\n\n<li><a href=\"mailto:sustainability@cc.lu\" target=\"_blank\" rel=\"noreferrer noopener\">Chamber of Commerce<\/a> f\u00fcr Unternehmen im nicht-handwerklichen Bereich<\/li>\n<\/ul>\n<\/li>\n<\/ul>\n\n\n\n<p><a href=\"https:\/\/guichet.public.lu\/de\/entreprises\/financement-aides\/aides-environnement\/industrie-services\/aide-protec-environnement.html\" target=\"_blank\" rel=\"noreferrer noopener\"><strong>Umweltschutzregelung \u2013 Beihilfen f\u00fcr Investitionsvorhaben zugunsten des Umweltschutzes<\/strong><\/a><\/p>\n\n\n\n<ul class=\"wp-block-list\">\n<li>\u00dcberpr\u00fcfung der F\u00f6rderf\u00e4higkeit des Unternehmens und der Kosten: <a href=\"https:\/\/guichet.public.lu\/de\/citoyens\/organismes\/organismes_entreprises\/ministere-economie\/direction-recherche-innov.html\" target=\"_blank\" rel=\"noopener\">Generaldirektion Industrie, neue Technologien und Forschung<\/a><ul><li>Unterst\u00fctzung bei der Erstellung der Antragsunterlagen vor der Einreichung beim Wirtschaftsministerium<ul><li>F\u00fcr alle Fragen: <a href=\"mailto:aides@luxinnovation.lu\">Luxinnovation<\/a><\/li><\/ul><\/li><\/ul>\n<ul class=\"wp-block-list\">\n<li>Weitere Informationen und Empfehlungen f\u00fcr Unternehmen in Bezug auf Umweltinvestitionen befinden sich im <a href=\"https:\/\/luxinnovation.lu\/getmedia\/ef53005c-714b-47fe-9e93-4ded9ec74387\/guide-env-simplifie-meco-lxi-20221020-(2).pdf\" target=\"_blank\" rel=\"noreferrer noopener\">Guide simplifi\u00e9 pour les entreprises<\/a> (vereinfachter Leitfaden f\u00fcr Unternehmen)<\/li>\n<\/ul>\n<\/li>\n<\/ul>\n\n\n\n<p>Hinweis: Staatliche Beihilfen k\u00f6nnen f\u00fcr ein Projekt nicht miteinander kumuliert werden.<\/p>\n<\/div><\/div>\n\n\n\n<h4 class=\"wp-block-heading\">Beihilfen von Strom- und Gasversorgern<\/h4>\n\n\n\n<p>Seit 2015 sind Strom- und Gasversorger im Rahmen des Verpflichtungssystems aufgefordert, Energieeinsparungen bei den Verbrauchern zu erzielen. Seitdem bieten die Energieversorger Unterst\u00fctzung und Beratung sowie F\u00f6rderprogramme f\u00fcr Verbraucher bei der Umsetzung von Energieeffizienzma\u00dfnahmen an.<\/p>\n\n\n\n<p>Die Versorger, die diesen Service f\u00fcr Unternehmen anbieten, sind folgende:<\/p>\n\n\n\n<ul class=\"wp-block-list\">\n<li><a href=\"https:\/\/www.enoprimes.lu\/de\/unternehmen\/\" target=\"_blank\" rel=\"noreferrer noopener\">Enovos + SUDenergie<\/a><\/li>\n\n\n\n<li><a href=\"https:\/\/sudenergie.lu\/service\/energiesparen\" target=\"_blank\" rel=\"noreferrer noopener\">SUDenergie<\/a><\/li>\n\n\n\n<li><a href=\"https:\/\/www.sudstroum.lu\/de\/hauptseite-kundenservice\/energieberatung-finanzielle-unterstutzung\/\" target=\"_blank\" rel=\"noreferrer noopener\">Sudstroum<\/a><\/li>\n<\/ul>\n\n\n\n<p>Hinweis: Die Beihilfen der Versorger k\u00f6nnen mit jeder staatlichen Beihilfe f\u00fcr dasselbe Projekt kumuliert werden.<\/p>\n\n\n\n<p><\/p>\n","protected":false},"featured_media":4377,"parent":0,"template":"","secteur":[79,82,80],"thematique":[91],"application":[111],"class_list":["post-4381","mesures","type-mesures","status-publish","has-post-thumbnail","hentry","secteur-horeca-de","secteur-handel","secteur-handwerk","thematique-energie-de","application-kuehlung"],"acf":[],"_links":{"self":[{"href":"https:\/\/dev.klimapaktfirbetriber.lu\/de\/wp-json\/wp\/v2\/mesures\/4381","targetHints":{"allow":["GET"]}}],"collection":[{"href":"https:\/\/dev.klimapaktfirbetriber.lu\/de\/wp-json\/wp\/v2\/mesures"}],"about":[{"href":"https:\/\/dev.klimapaktfirbetriber.lu\/de\/wp-json\/wp\/v2\/types\/mesures"}],"version-history":[{"count":5,"href":"https:\/\/dev.klimapaktfirbetriber.lu\/de\/wp-json\/wp\/v2\/mesures\/4381\/revisions"}],"predecessor-version":[{"id":1393856,"href":"https:\/\/dev.klimapaktfirbetriber.lu\/de\/wp-json\/wp\/v2\/mesures\/4381\/revisions\/1393856"}],"wp:featuredmedia":[{"embeddable":true,"href":"https:\/\/dev.klimapaktfirbetriber.lu\/de\/wp-json\/wp\/v2\/media\/4377"}],"wp:attachment":[{"href":"https:\/\/dev.klimapaktfirbetriber.lu\/de\/wp-json\/wp\/v2\/media?parent=4381"}],"wp:term":[{"taxonomy":"secteur","embeddable":true,"href":"https:\/\/dev.klimapaktfirbetriber.lu\/de\/wp-json\/wp\/v2\/secteur?post=4381"},{"taxonomy":"thematique","embeddable":true,"href":"https:\/\/dev.klimapaktfirbetriber.lu\/de\/wp-json\/wp\/v2\/thematique?post=4381"},{"taxonomy":"application","embeddable":true,"href":"https:\/\/dev.klimapaktfirbetriber.lu\/de\/wp-json\/wp\/v2\/application?post=4381"}],"curies":[{"name":"wp","href":"https:\/\/api.w.org\/{rel}","templated":true}]}}