{"id":2875,"date":"2024-02-02T09:16:43","date_gmt":"2024-02-02T08:16:43","guid":{"rendered":"https:\/\/dev.klimapaktfirbetriber.lu\/?post_type=mesures&#038;p=2875"},"modified":"2025-06-30T10:11:38","modified_gmt":"2025-06-30T08:11:38","slug":"beheizung-von-hallen-und-werkstaetten","status":"publish","type":"mesures","link":"https:\/\/dev.klimapaktfirbetriber.lu\/de\/massnahmen\/beheizung-von-hallen-und-werkstaetten\/","title":{"rendered":"Beheizung von Hallen und Werkst\u00e4tten"},"content":{"rendered":"\n<h2 class=\"wp-block-heading\">Durchf\u00fchrung von Anpassungen an die Beheizung von Hallen und Werkst\u00e4tten<\/h2>\n\n\n\n<p>Firmenhallen und Werkst\u00e4tten, die oft durch gro\u00dfe, offene R\u00e4ume und hohe Decken gekennzeichnet sind, stellen eine besondere Herausforderung dar, wenn es darum geht, ein energetisch zielgerichtetes und effizientes Heizsystem einzurichten. Die ideale Hallenheizung muss daher die einzelnen Arbeitsbereiche punktuell beheizen und die W\u00e4rme in der richtigen H\u00f6he erzeugen.<\/p>\n\n\n\n<p>Hallen und Werkst\u00e4tten haben aufgrund ihrer Gr\u00f6\u00dfe und Nutzung besondere Anforderungen an die Heizung. Daher ist es unerl\u00e4sslich, eine gr\u00fcndliche Bedarfsanalyse durchzuf\u00fchren, bevor ein neues Heizsystem installiert wird.<\/p>\n\n\n\n<!--more-->\n\n\n\n<h2 class=\"type-numerotation\"><span class=\"type-numerotation-span visually-hidden\"><\/span>Definition des Bedarfs f\u00fcr die Beheizung von Hallen und Werkst\u00e4tten<\/h2>\n\n\n\n<h3 class=\"wp-block-heading\">Analyse der aktuellen Situation<\/h3>\n\n\n\n<p>Bestimmung der Parameter der vorhandenen Anlage, z. B. Alter, allgemeiner Zustand, zentrales oder dezentrales System, Luftaustausch, Energieverbrauch und damit verbundene Kosten usw.:<\/p>\n\n\n\n<ul class=\"wp-block-list\">\n<li>Geplante Renovierungsarbeiten auflisten (Isolierung, Erweiterung, Austausch von Toren und\/oder Fenstern usw.)<\/li>\n\n\n\n<li>Detaillierte Angaben zur Nutzung des Geb\u00e4udes, z. B. Lagerhalle oder Werkstatt usw.<\/li>\n\n\n\n<li>Bewertung des Heizbedarfs der Halle\/Werkstatt und Feststellung, ob der Bedarf global oder nur zonenweise zu betrachten ist<\/li>\n\n\n\n<li>Bestimmung von physischen Arbeitsbereichen und b\u00fcro\u00e4hnlichen Arbeitspl\u00e4tzen<\/li>\n\n\n\n<li>Ist die Heizungsanlage zentral oder dezentral installiert?<\/li>\n<\/ul>\n\n\n\n<h3 class=\"wp-block-heading\">R\u00fcckgewinnung von Abw\u00e4rme<\/h3>\n\n\n\n<p>Identifizierung potenzieller W\u00e4rmequellen, die zur Beheizung von R\u00e4umen beitragen k\u00f6nnten, z. B. Industriew\u00e4rme (\u00d6fen, Dampf usw.), Be- oder Entl\u00fcftungssysteme, Kompressoren (Druckluftsystem)<\/p>\n\n\n\n<h3 class=\"wp-block-heading\">Nachhaltigkeit des Heizungssystems<\/h3>\n\n\n\n<p>Planung der W\u00e4rmeerzeugung durch erneuerbare Energien, z. B. W\u00e4rmepumpen, Solarthermie usw.<\/p>\n\n\n\n<div class=\"wp-block-group has-light-green-background-color has-background\"><div class=\"wp-block-group__inner-container is-layout-constrained wp-block-group-is-layout-constrained\">\n<h3 class=\"wp-block-heading\">Optimierung der bestehenden Heizungssysteme in Hallen und Werkst\u00e4tten<\/h3>\n\n\n\n<p><strong><strong>Einfache Ma\u00dfnahmen k\u00f6nnen helfen, bei bestehenden Heizungssystemen Energie zu sparen:<\/strong><\/strong><\/p>\n\n\n\n<ul class=\"wp-block-list\">\n<li>Betriebszeiten an die Betriebszeiten der R\u00e4umlichkeiten anpassen<\/li>\n<\/ul>\n\n\n\n<ul class=\"wp-block-list\">\n<li>\u00dcberpr\u00fcfung, ob die Temperaturen entsprechend den aktuellen Bed\u00fcrfnissen auf das richtige Niveau eingestellt sind<\/li>\n<\/ul>\n\n\n\n<ul class=\"wp-block-list\">\n<li>Installation eines Systems zur W\u00e4rmer\u00fcckgewinnung in der L\u00fcftung<\/li>\n<\/ul>\n\n\n\n<ul class=\"wp-block-list\">\n<li>Minimierung von W\u00e4rmeverlusten, z. B. durch k\u00fcrzere \u00d6ffnungszeiten von Fenstern und Toren in der Heiz- bzw. K\u00fchlsaison<\/li>\n<\/ul>\n\n\n\n<ul class=\"wp-block-list\">\n<li>Installation von intelligenten Thermostaten, um die Temperaturen einfach zu regeln<\/li>\n<\/ul>\n\n\n\n<ul class=\"wp-block-list\">\n<li>Isolierung von Heizungsrohren au\u00dferhalb der Heizzonen und von Rohren, die zur Decke f\u00fchren<\/li>\n<\/ul>\n\n\n\n<ul class=\"wp-block-list\">\n<li>\u00dcberpr\u00fcfung, ob die Thermostate richtig funktionieren<\/li>\n<\/ul>\n\n\n\n<ul class=\"wp-block-list\">\n<li>Schlie\u00dfen und isolieren von ungenutzten und funktionalen Geb\u00e4ude\u00f6ffnungen<\/li>\n<\/ul>\n\n\n\n<ul class=\"wp-block-list\">\n<li>Dichtungen \u00fcberpr\u00fcfen und ersetzen (T\u00fcren, Tore)<\/li>\n<\/ul>\n\n\n\n<ul class=\"wp-block-list\">\n<li>Trennung der Lagerbereiche von den Arbeitsbereichen und Senkung der Temperatur in den Lagerbereichen<\/li>\n<\/ul>\n<\/div><\/div>\n\n\n\n<h2 class=\"type-numerotation\"><span class=\"type-numerotation-span visually-hidden\"><\/span> Identifizierung der L\u00f6sung und \u00dcberpr\u00fcfung der Durchf\u00fchrbarkeit der \u00c4nderung des Heizungssystems<\/h2>\n\n\n\n<h3 class=\"wp-block-heading\">Definition der L\u00f6sung<\/h3>\n\n\n\n<ul class=\"wp-block-list\">\n<li>Auf der Grundlage der Bedarfsanalyse die L\u00f6sung in Zusammenarbeit mit einem kompetenten <a href=\"https:\/\/www.oai.lu\/fr\/9\/topmenu\/annuaire-membres\/\" target=\"_blank\" rel=\"noreferrer noopener\"><u>Ingenieurb\u00fcro<\/u><\/a> festlegen.<\/li>\n\n\n\n<li>Neben der Hauptw\u00e4rmeerzeugungsanlage sollte auch die Nutzung von Abw\u00e4rme und die Kombination der Anlage mit einer anderen Technologie, wie z. B. Solarthermie, in Betracht gezogen werden.<\/li>\n\n\n\n<li>W\u00e4rmeerzeugung:<\/li>\n\n\n\n<li>Zentrale oder dezentrale Heizung, Gas-, \u00d6l-, Holz- oder Elektroheizung (Infrarot, W\u00e4rmepumpe)<\/li>\n\n\n\n<li>W\u00e4rmeverteilung mithilfe von Heizwasser oder direkte Lufterw\u00e4rmung<\/li>\n\n\n\n<li>W\u00e4rmeverteilung:<\/li>\n\n\n\n<li>Warmluftheizung: kann an eine Zentralheizung oder Heizung mit dezentralen Einheiten angeschlossen werden, die in der Regel an der Decke befestigt werden. Neue Systeme erm\u00f6glichen die Installation von dezentralen W\u00e4rmepumpen f\u00fcr Luftheizungen.<\/li>\n\n\n\n<li>Infrarotheizung (h\u00e4ngende Strahlungspaneele): die Heizpaneele k\u00f6nnen dort angebracht werden, wo der W\u00e4rmebedarf am gr\u00f6\u00dften ist (z. B. Arbeitsplatz in einer Lagerhalle), und erm\u00f6glichen so eine zonenweise Beheizung. Niedertemperatursysteme, die mit Heizwasser oder elektrischen Systemen arbeiten, sind vorzuziehen, da sie effizienter sind als Luftheizungen.<\/li>\n\n\n\n<li>Fu\u00dfbodenheizung, die mit einer Niedertemperatur-Zentralheizung betrieben wird, ideal mit einer W\u00e4rmepumpe. Eine Sektorheizung ist je nach den verschiedenen im Boden verlegten Heizkreisen m\u00f6glich, die Installationskosten sind jedoch hoch.<\/li>\n<\/ul>\n\n\n\n<h3 class=\"wp-block-heading\">\u00dcberpr\u00fcfung der Installation oder \u00c4nderung des Heizungssystems einer Halle oder Werkstatt in Bezug auf Betriebsgenehmigungen<\/h3>\n\n\n\n<p>Bei der Anpassung bestehender Anlagen und insbesondere bei der Einrichtung neuer Anlagen die <a href=\"https:\/\/environnement.public.lu\/fr\/emweltprozeduren\/Autorisations\/Etablissements_classes\/nomenclature-commodo.html\" target=\"_blank\" rel=\"noreferrer noopener\"><u>Einstufung als klassifizierte Einrichtung<\/u><\/a> \u00fcberpr\u00fcfen.<\/p>\n\n\n\n<h3 class=\"wp-block-heading\">Erstellung von Lastenheft und Angebotsanfrage f\u00fcr die Heizungsanlage<\/h3>\n\n\n\n<h2 class=\"type-numerotation\"><span class=\"type-numerotation-span visually-hidden\"><\/span>Beantragung von Beihilfen<\/h2>\n\n\n\n<h3 class=\"wp-block-heading\">Staatliche Beihilfen<\/h3>\n\n\n\n<div class=\"wp-block-group has-light-green-background-color has-background\"><div class=\"wp-block-group__inner-container is-layout-constrained wp-block-group-is-layout-constrained\">\n<p class=\"has-green-color has-text-color has-link-color wp-elements-946e91235123e46ed3c5265c8227627c\"><strong>Achtung: Anreizwirkung, die bei der Beantragung von (staatlicher oder nichtstaatlicher) Beihilfe und unter der Voraussetzung, dass die F\u00f6rderkriterien erf\u00fcllt sind, eingehalten werden muss.<\/strong><\/p>\n\n\n\n<p>Um die \u201eAnreizwirkung\u201c zu wahren, d\u00fcrfen keine verbindlichen Verpflichtungen (Unterzeichnung eines Kostenvoranschlags; Anzahlung) eingegangen werden, BEVOR die Antragsunterlagen eingereicht wurden oder der Staat oder der Strom- und Gasversorger aufgrund eines Antrags auf Zusch\u00fcsse eine grunds\u00e4tzliche Zustimmung erteilt hat.<\/p>\n<\/div><\/div>\n\n\n\n<p><a href=\"https:\/\/guichet.public.lu\/de\/entreprises\/financement-aides\/regime-fit-4.html\" target=\"_blank\" rel=\"noreferrer noopener\"><u><strong>Programm \u201eFit 4 Sustainability\u201c:<\/strong><\/u><\/a><\/p>\n\n\n\n<ul class=\"wp-block-list\">\n<li>Das Programm \u201eFit 4 Sustainability\u201c erm\u00f6glicht die Kofinanzierung der Durchf\u00fchrung eines Umweltaudits und eines Aktionsplans, zu einem oder mehreren vom Unternehmen ausgew\u00e4hlten Themen (Energie, THG &#8211; Treibhausgas, Abfall, Wasser usw.)<\/li>\n\n\n\n<li>Beihilfen bis zu 50&nbsp;%, 60&nbsp;% und 70&nbsp;% auf die Honorare f\u00fcr die Durchf\u00fchrung einer Umweltstudie (Energieaudit und\/oder Kohlenstoffbilanz) + detaillierter und quantifizierter Aktionsplan zur Senkung des Verbrauchs bzw. der Treibhausgasemissionen (mittel- und langfristige Investitionen, Rentabilit\u00e4t usw.) &#8211; offen f\u00fcr KMU und Gro\u00dfunternehmen (au\u00dfer f\u00fcr Unternehmen, die ein gesetzlich vorgeschriebenes Audit durchf\u00fchren m\u00fcssen)<\/li>\n\n\n\n<li>Noch weitere Fragen? <a href=\"mailto:fit4sustainability@luxinnovation.lu\" target=\"_blank\" rel=\"noreferrer noopener\"><u>Luxinnovation<\/u><\/a><\/li>\n<\/ul>\n\n\n\n<p><a href=\"https:\/\/guichet.public.lu\/de\/entreprises\/financement-aides\/regime-sme-packages\/soutien-pme\/sme-packages-sustainability.html\" target=\"_blank\" rel=\"noreferrer noopener\"><u><strong>SME Packages \u2013 Sustainability<\/strong><\/u><\/a><strong>:<\/strong><\/p>\n\n\n\n<ul class=\"wp-block-list\">\n<li>Finanzielle F\u00f6rderung f\u00fcr kleine und mittlere Unternehmen, welche bis zu 70 % der f\u00f6rderf\u00e4higen Kosten f\u00fcr die Umsetzung eines Projekts zur Reduzierung der Umweltbelastung deckt. Das zul\u00e4ssige Projektbudget muss zwischen 3.000 \u20ac und 25.000 \u20ac zzgl. MwSt. liegen.<\/li>\n\n\n\n<li>Bei Fragen:\n<ul class=\"wp-block-list\">\n<li><a href=\"mailto:ehandwierk@cdm.lu\" target=\"_blank\" rel=\"noreferrer noopener\"><u>Chambre des M\u00e9tiers<\/u><\/a> f\u00fcr Handwerker<\/li>\n\n\n\n<li><a href=\"mailto:sustainability@cc.lu\" target=\"_blank\" rel=\"noreferrer noopener\"><u>Chamber of Commerce<\/u><\/a> f\u00fcr Unternehmen im nicht-handwerklichen Bereich<\/li>\n<\/ul>\n<\/li>\n<\/ul>\n\n\n\n<p><a href=\"https:\/\/guichet.public.lu\/de\/entreprises\/financement-aides\/aides-environnement\/industrie-services\/aide-protec-environnement.html\" target=\"_blank\" rel=\"noreferrer noopener\"><u><strong>Umweltschutzregelung \u2013 Investitionsbeihilfen f\u00fcr den Umweltschutz<\/strong><\/u><\/a><\/p>\n\n\n\n<ul class=\"wp-block-list\">\n<li>\u00dcberpr\u00fcfung der F\u00f6rderf\u00e4higkeit des Unternehmens und der Kosten: <a href=\"https:\/\/guichet.public.lu\/de\/citoyens\/organismes\/organismes_entreprises\/ministere-economie\/direction-recherche-innov.html\" target=\"_blank\" rel=\"noopener\">Generaldirektion \u2013 Industrie, neue Technologien und Forschung<\/a><\/li>\n\n\n\n<li>Unterst\u00fctzung bei der Erstellung des Beihilfeantrags vor der Einreichung beim Ministerium f\u00fcr Wirtschaft<\/li>\n\n\n\n<li>Noch weitere Fragen? <a href=\"mailto:aides@luxinnovation.lu\" target=\"_blank\" rel=\"noreferrer noopener\"><u>Luxinnovation<\/u><\/a><\/li>\n\n\n\n<li>Weitere Informationen und Empfehlungen f\u00fcr Unternehmen in Bezug auf Umweltinvestitionen befinden sich im <a href=\"https:\/\/luxinnovation.lu\/getmedia\/ef53005c-714b-47fe-9e93-4ded9ec74387\/guide-env-simplifie-meco-lxi-20221020-(2).pdf\" target=\"_blank\" rel=\"noreferrer noopener\"><u>Guide simplifi\u00e9 pour les entreprises<\/u><\/a> (vereinfachter Leitfaden f\u00fcr Unternehmen)<\/li>\n<\/ul>\n\n\n\n<p><strong>Regelung &#8211; KMU \u2013 <\/strong><a href=\"https:\/\/guichet.public.lu\/de\/entreprises\/financement-aides\/regime-pme\/aides-generales-pme\/aide-investissements-divers.html\" target=\"_blank\" rel=\"noreferrer noopener\"><u><strong>Beihilfe f\u00fcr sonstige Investitionen<\/strong><\/u><\/a><\/p>\n\n\n\n<p>Beihilfen f\u00fcr kleine und mittlere Unternehmen, bis zu 10&nbsp;% oder 20&nbsp;% des Betrags f\u00fcr sonstige Investitionen, die die Modernisierung und Wettbewerbsf\u00e4higkeit der luxemburgischen Wirtschaft f\u00f6rdern sollen.<\/p>\n\n\n\n<ul class=\"wp-block-list\">\n<li>\u00dcberpr\u00fcfung der F\u00f6rderf\u00e4higkeit des Unternehmens und der Kosten: <a href=\"mailto:info.aide.pme@eco.etat.lu\">Ministerium f\u00fcr Wirtschaft<\/a>&nbsp;(Abteilung Beihilfen f\u00fcr KMU)<\/li>\n\n\n\n<li>Noch weitere Fragen?\n<ul class=\"wp-block-list\">\n<li><a href=\"mailto:subsides@houseofentrepreneurship.lu\" target=\"_blank\" rel=\"noreferrer noopener\"><u>House of Entrepreneurship<\/u><\/a> der Handelskammer<\/li>\n\n\n\n<li><a href=\"mailto:contact@cdm.lu\" target=\"_blank\" rel=\"noreferrer noopener\"><u>Chambre des M\u00e9tiers<\/u><\/a> (Handwerkskammer)<\/li>\n<\/ul>\n<\/li>\n<\/ul>\n\n\n\n<p class=\"has-light-green-background-color has-background\">N.B.&nbsp;Les aides \u00e9tatiques ne sont pas cumulables entre elles pour un m\u00eame projet.<\/p>\n\n\n\n<h3 class=\"wp-block-heading\">Beantragung von Beihilfen bei Strom- und Gasversorgern<\/h3>\n\n\n\n<p>Seit 2015 sind Strom- und Gasversorger im Rahmen des Verpflichtungssystems aufgefordert, Energieeinsparungen bei den Verbrauchern zu erzielen. Seitdem bieten die Energieversorger Unterst\u00fctzung und Beratung sowie F\u00f6rderprogramme f\u00fcr Verbraucher bei der Umsetzung von Energieeffizienzma\u00dfnahmen an.<\/p>\n\n\n\n<p>Die Versorger, die diesen Service f\u00fcr Unternehmen anbieten, sind folgende:<\/p>\n\n\n\n<ul class=\"wp-block-list\">\n<li><a href=\"https:\/\/www.enoprimes.lu\/de\/unternehmen\/\" target=\"_blank\" data-type=\"link\" data-id=\"https:\/\/www.enoprimes.lu\/de\/unternehmen\/\" rel=\"noreferrer noopener\">Enoprimes Enovos + SUDenergie<\/a><\/li>\n\n\n\n<li><a href=\"mailto:ps@sudenergie.lu\" target=\"_blank\" rel=\"noreferrer noopener\"><u>SUDenergie<\/u><\/a><\/li>\n\n\n\n<li><a href=\"mailto:subvention@sudstroum.lu\" target=\"_blank\" rel=\"noreferrer noopener\"><u>Sudstroum<\/u><\/a><\/li>\n<\/ul>\n\n\n\n<p class=\"has-light-green-background-color has-background\">Hinweis: Die Beihilfen der Versorger k\u00f6nnen mit jeder staatlichen Beihilfe f\u00fcr dasselbe Projekt kumuliert werden.<\/p>\n\n\n\n<h2 class=\"type-numerotation\"><span class=\"type-numerotation-span visually-hidden\"><\/span>Nach der Durchf\u00fchrung der Arbeiten<\/h2>\n\n\n\n<h3 class=\"wp-block-heading\"><strong><strong>Jedes Heizungssystem muss gewartet werden<\/strong><\/strong><\/h3>\n\n\n\n<ul class=\"wp-block-list\">\n<li>Die Anweisungen des Systeminstallateurs befolgen<\/li>\n<\/ul>\n\n\n\n<ul class=\"wp-block-list\">\n<li>Eine Person benennen, die f\u00fcr die \u00dcberwachung der ordnungsgem\u00e4\u00dfen Funktion des Systems verantwortlich ist<\/li>\n<\/ul>\n\n\n\n<ul class=\"wp-block-list\">\n<li>\u00dcberpr\u00fcfung der korrekten Funktion und der erforderlichen Temperaturen einmal im Jahr<\/li>\n<\/ul>\n","protected":false},"featured_media":2869,"parent":0,"template":"","secteur":[141,90,130,81,80,133,84,85,89,86],"thematique":[91],"application":[110,92,112],"class_list":["post-2875","mesures","type-mesures","status-publish","has-post-thumbnail","hentry","secteur-lebensmittelhandel","secteur-gesundheits-und-pflegesektor","secteur-boulanger-de","secteur-baubranche","secteur-handwerk","secteur-schreinerei","secteur-industrie","secteur-werkstatt","secteur-landwirtschaft-weinbau","secteur-transport","thematique-energie-de","application-gebaeude","application-heizung","application-lueftung"],"acf":[],"_links":{"self":[{"href":"https:\/\/dev.klimapaktfirbetriber.lu\/de\/wp-json\/wp\/v2\/mesures\/2875","targetHints":{"allow":["GET"]}}],"collection":[{"href":"https:\/\/dev.klimapaktfirbetriber.lu\/de\/wp-json\/wp\/v2\/mesures"}],"about":[{"href":"https:\/\/dev.klimapaktfirbetriber.lu\/de\/wp-json\/wp\/v2\/types\/mesures"}],"version-history":[{"count":15,"href":"https:\/\/dev.klimapaktfirbetriber.lu\/de\/wp-json\/wp\/v2\/mesures\/2875\/revisions"}],"predecessor-version":[{"id":1388414,"href":"https:\/\/dev.klimapaktfirbetriber.lu\/de\/wp-json\/wp\/v2\/mesures\/2875\/revisions\/1388414"}],"wp:featuredmedia":[{"embeddable":true,"href":"https:\/\/dev.klimapaktfirbetriber.lu\/de\/wp-json\/wp\/v2\/media\/2869"}],"wp:attachment":[{"href":"https:\/\/dev.klimapaktfirbetriber.lu\/de\/wp-json\/wp\/v2\/media?parent=2875"}],"wp:term":[{"taxonomy":"secteur","embeddable":true,"href":"https:\/\/dev.klimapaktfirbetriber.lu\/de\/wp-json\/wp\/v2\/secteur?post=2875"},{"taxonomy":"thematique","embeddable":true,"href":"https:\/\/dev.klimapaktfirbetriber.lu\/de\/wp-json\/wp\/v2\/thematique?post=2875"},{"taxonomy":"application","embeddable":true,"href":"https:\/\/dev.klimapaktfirbetriber.lu\/de\/wp-json\/wp\/v2\/application?post=2875"}],"curies":[{"name":"wp","href":"https:\/\/api.w.org\/{rel}","templated":true}]}}