{"id":2840,"date":"2024-02-01T15:14:23","date_gmt":"2024-02-01T14:14:23","guid":{"rendered":"https:\/\/dev.klimapaktfirbetriber.lu\/?post_type=mesures&#038;p=2840"},"modified":"2025-06-30T14:34:52","modified_gmt":"2025-06-30T12:34:52","slug":"optimierung-der-kaelteanlage","status":"publish","type":"mesures","link":"https:\/\/dev.klimapaktfirbetriber.lu\/de\/massnahmen\/optimierung-der-kaelteanlage\/","title":{"rendered":"Optimierung der K\u00e4lteanlage"},"content":{"rendered":"\n<h2 class=\"wp-block-heading\"><strong><strong>Optimierung des ordnungsgem\u00e4\u00dfen Betriebs und der Betriebskosten der K\u00e4lteanlage in Ihrem Unternehmen<\/strong><\/strong><\/h2>\n\n\n\n<p>Die K\u00e4lteerzeugung erm\u00f6glicht die K\u00fchlung eines Raums oder Elements, die Konservierung von Lebensmitteln, die Steuerung der Temperatur eines Prozesses oder auch die Aktivierung der Klimaanlage.<\/p>\n\n\n\n<p>Die Optimierung der Leistung der Elemente und ihrer Nutzung f\u00fchrt zu erheblichen Verringerungen des Stromverbrauchs. Dazu geh\u00f6ren neben der K\u00e4lteanlage auch das Verteilsystem und das K\u00fchlsystem.<\/p>\n\n\n\n<!--more-->\n\n\n\n<h2 class=\"type-numerotation\"><span class=\"type-numerotation-span visually-hidden\"><\/span>Bedarfsermittlung zur Optimierung der K\u00e4lteerzeugung<\/h2>\n\n\n\n<h3 class=\"wp-block-heading\"><strong><strong>Analyse des aktuellen Energieverbrauchs<\/strong><\/strong><\/h3>\n\n\n\n<ul class=\"wp-block-list\">\n<li>Beurteilung des Energieverbrauchs der Produktionseinheit(en) sowie der Nebensysteme der Anlage.<\/li>\n\n\n\n<li>\u00dcberwachung der Leistungsindikatoren und Identifizierung einer m\u00f6glichen Fehlfunktion.<\/li>\n<\/ul>\n\n\n\n<h3 class=\"wp-block-heading\"><strong>Ermittlung des K\u00e4ltebedarfs des Geb\u00e4udes<\/strong><\/h3>\n\n\n\n<ul class=\"wp-block-list\">\n<li>Inspektion der K\u00e4lteanlage(n)<\/li>\n<\/ul>\n\n\n\n<p>Bestimmung der verschiedenen aktuellen Parameter der Anlage, z. B. Alter, allgemeiner Zustand, Temperaturniveau, Verbrauch und damit verbundene Kosten usw.<\/p>\n\n\n\n<ul class=\"wp-block-list\">\n<li>Analyse des W\u00e4rmeverbrauchs<\/li>\n<\/ul>\n\n\n\n<ul class=\"wp-block-list\">\n<li>\u00dcberpr\u00fcfung der technischen Grenzen der Produktionseinheit(en)<\/li>\n<\/ul>\n\n\n\n<p>Identifizierung des idealen Temperaturniveaus und der maximalen Leistung der Produktionseinheit(en) auf der Grundlage der Spezifikationen des Anbieters<\/p>\n\n\n\n<ul class=\"wp-block-list\">\n<li>\u00dcberpr\u00fcfung der Sollwerte und Durchflussmengen der verschiedenen Abg\u00e4nge<\/li>\n\n\n\n<li>Abgleich der Verbrauchsdaten mit den Anzeigen der K\u00e4lteerzeugung<\/li>\n\n\n\n<li>Visuelle Analyse der Anlage<\/li>\n\n\n\n<li>Sichtpr\u00fcfung der gesamten Anlage, z. B. Rohrleitungen, Isolierung, Innen- und Au\u00dfeneinheit, Technikraum, Lecks<\/li>\n\n\n\n<li>H\u00e4ufige Anomalien \u00fcberpr\u00fcfen: zu h\u00e4ufige Startintervalle, permanente \u00dcberlastung, \u00dcberhitzung des K\u00fchlkreislaufs<\/li>\n<\/ul>\n\n\n\n<div class=\"wp-block-group has-light-green-background-color has-background\"><div class=\"wp-block-group__inner-container is-layout-constrained wp-block-group-is-layout-constrained\">\n<h3 class=\"wp-block-heading has-green-color has-text-color has-link-color wp-elements-b666a272ada2221e8f60b53c1aa9204d\"><strong><strong>Weiterf\u00fchrende Schritte<\/strong><\/strong><\/h3>\n\n\n\n<p><strong>Die Hauptaufgaben eines <a href=\"https:\/\/www.fgt.lu\/de\/unsere-mitglieder\/?selectCat=Installateur%2BSanit%25C3%25A4r%2BHeizung-K%25C3%25A4ltetechnik-L%25C3%25BCftung&amp;searchKeywords=\" data-type=\"link\" data-id=\"https:\/\/www.fgt.lu\/de\/unsere-mitglieder\/?selectCat=Installateur%2BSanit%25C3%25A4r%2BHeizung-K%25C3%25A4ltetechnik-L%25C3%25BCftung&amp;searchKeywords=\" target=\"_blank\" rel=\"noopener\">Ingenieurb\u00fcros (beratender Ingenieur f\u00fcr Haustechnik) oder eines qualifizierten Handwerkers (K\u00e4lteanlagenbauer)<\/a> im Rahmen der Optimierung einer K\u00e4lteanlage sind folgende:<\/strong><\/p>\n\n\n\n<ul class=\"wp-block-list\">\n<li>Eine Bestandsaufnahme der gesamten Infrastruktur durchf\u00fchren<\/li>\n\n\n\n<li>Den Energieverbrauch bei der K\u00e4lteerzeugung analysieren<\/li>\n<\/ul>\n<\/div><\/div>\n\n\n\n<h2 class=\"type-numerotation\"><span class=\"type-numerotation-span visually-hidden\"><\/span>Umsetzung von Ma\u00dfnahmen zur Anpassung der K\u00e4lteanlage<\/h2>\n\n\n\n<h4 class=\"wp-block-heading\"><strong>K\u00e4lteerzeugung<\/strong><\/h4>\n\n\n\n<ul class=\"wp-block-list\">\n<li>Wartung und regelm\u00e4\u00dfige Kontrolle der Anlage durch einen <strong><a href=\"https:\/\/www.fgt.lu\/de\/unsere-mitglieder\/?selectCat=Installateur%2BSanit%25C3%25A4r%2BHeizung-K%25C3%25A4ltetechnik-L%25C3%25BCftung&amp;searchKeywords=\" data-type=\"link\" data-id=\"https:\/\/www.fgt.lu\/de\/unsere-mitglieder\/?selectCat=Installateur%2BSanit%25C3%25A4r%2BHeizung-K%25C3%25A4ltetechnik-L%25C3%25BCftung&amp;searchKeywords=\" target=\"_blank\" rel=\"noopener\">qualifizierten Handwerker (K\u00e4lteanlagenbauer)<\/a><\/strong><\/li>\n<\/ul>\n\n\n\n<ul class=\"wp-block-list\">\n<li>Einstellung der Sollwerte auf den tats\u00e4chlichen Bedarf gem\u00e4\u00df den Spezifikationen des Anbieters<\/li>\n<\/ul>\n\n\n\n<ul class=\"wp-block-list\">\n<li>In der kalten Jahreszeit und wenn es das Temperaturniveau der Produktion zul\u00e4sst, den Bypass-Modus (\u201efree-cooling\u201c) nutzen, bei dem direkt \u00fcber den externen K\u00fchlkreislauf gek\u00fchlt wird<\/li>\n<\/ul>\n\n\n\n<ul class=\"wp-block-list\">\n<li>\u00dcberpr\u00fcfung und ggf. Anpassung der Isolierung aller k\u00e4lteleitenden Komponenten, einschlie\u00dflich des Technikraums<\/li>\n<\/ul>\n\n\n\n<ul class=\"wp-block-list\">\n<li>In der Winterperiode ist je nach tats\u00e4chlichem Bedarf eine professionelle Abschaltung der gesamten Produktion (bzw. einzelner Kreisl\u00e4ufe) denkbar<\/li>\n<\/ul>\n\n\n\n<h4 class=\"wp-block-heading\"><strong><strong>Nebensysteme der Anlage<\/strong><\/strong><\/h4>\n\n\n\n<ul class=\"wp-block-list\">\n<li>Regelm\u00e4\u00dfige Reinigung der \u00e4u\u00dferen Kondensatoren (K\u00fchlt\u00fcrme)<\/li>\n<\/ul>\n\n\n\n<ul class=\"wp-block-list\">\n<li>Kontrolle und ggf. Anpassung der F\u00f6rdermenge der einzelnen Pumpen<\/li>\n<\/ul>\n\n\n\n<ul class=\"wp-block-list\">\n<li>Austausch alter Pumpenmodelle gegen Pumpen der neuesten Generation, die eine Regelung der F\u00f6rdermenge erm\u00f6glichen<\/li>\n<\/ul>\n\n\n\n<div class=\"wp-block-group has-light-green-background-color has-background\"><div class=\"wp-block-group__inner-container is-layout-constrained wp-block-group-is-layout-constrained\">\n<h3 class=\"wp-block-heading has-green-color has-text-color has-link-color wp-elements-b666a272ada2221e8f60b53c1aa9204d\"><strong><strong>Weiterf\u00fchrende Schritte<\/strong><\/strong><\/h3>\n\n\n\n<p><strong><strong>Nutzung von Abw\u00e4rme<\/strong><\/strong><\/p>\n\n\n\n<p>Grunds\u00e4tzlich wird die K\u00e4lteerzeugung durch elektrische Kompressoren bereitgestellt. Bei diesem Prozess wird ein hoher Prozentsatz der Energie in Form von Abw\u00e4rme freigesetzt. Diese W\u00e4rme kann f\u00fcr andere Energiezwecke genutzt werden, z. B. zur Warmwasseraufbereitung, zum Heizen von Produktionshallen, zum Trocknen von Materialien usw.<\/p>\n<\/div><\/div>\n\n\n\n<h2 class=\"type-numerotation\"><span class=\"type-numerotation-span visually-hidden\"><\/span>Beantragung von Beihilfen<\/h2>\n\n\n\n<h3 class=\"wp-block-heading\"><strong><strong>Staatliche Beihilfen<\/strong><\/strong><\/h3>\n\n\n\n<div class=\"wp-block-group has-light-green-background-color has-background\"><div class=\"wp-block-group__inner-container is-layout-constrained wp-block-group-is-layout-constrained\">\n<p class=\"has-green-color has-text-color has-link-color wp-elements-946e91235123e46ed3c5265c8227627c\"><strong>Achtung: Anreizwirkung, die bei der Beantragung von (staatlicher oder nichtstaatlicher) Beihilfe und unter der Voraussetzung, dass die F\u00f6rderkriterien erf\u00fcllt sind, eingehalten werden muss.<\/strong><\/p>\n\n\n\n<p>Um die \u201eAnreizwirkung\u201c zu wahren, d\u00fcrfen keine verbindlichen Verpflichtungen (Unterzeichnung eines Kostenvoranschlags; Anzahlung) eingegangen werden, BEVOR die Antragsunterlagen eingereicht wurden oder der Staat oder der Strom- und Gasversorger aufgrund eines Antrags auf Zusch\u00fcsse eine grunds\u00e4tzliche Zustimmung (\u201eaccord de principe\u201c) erteilt hat.<\/p>\n<\/div><\/div>\n\n\n\n<p><a href=\"https:\/\/guichet.public.lu\/de\/entreprises\/financement-aides\/regime-fit-4\/fit-4-sustainability.html\" target=\"_blank\" rel=\"noreferrer noopener\"><u><strong>Programm \u201eFit 4 Sustainability\u201c:<\/strong><\/u><\/a><\/p>\n\n\n\n<ul class=\"wp-block-list\">\n<li>Das Programm \u201eFit 4 Sustainability\u201c erm\u00f6glicht die Kofinanzierung der Durchf\u00fchrung eines Umweltaudits und eines Aktionsplans, zu einem oder mehreren vom Unternehmen ausgew\u00e4hlten Themen (Energie, THG &#8211; Treibhausgas, Abfall, Wasser usw.)<\/li>\n\n\n\n<li>Beihilfen bis zu 50&nbsp;%, 60&nbsp;% und 70&nbsp;% auf die Honorare f\u00fcr die Durchf\u00fchrung einer Umweltstudie (Energieaudit und\/oder Kohlenstoffbilanz) + detaillierter und quantifizierter Aktionsplan zur Senkung des Verbrauchs bzw. der Treibhausgasemissionen (mittel- und langfristige Investitionen, Rentabilit\u00e4t usw.) &#8211; offen f\u00fcr KMU und Gro\u00dfunternehmen (au\u00dfer f\u00fcr Unternehmen, die ein gesetzlich vorgeschriebenes Audit durchf\u00fchren m\u00fcssen)<\/li>\n\n\n\n<li>Noch weitere Fragen? Luxinnovation<\/li>\n<\/ul>\n\n\n\n<p><a href=\"https:\/\/guichet.public.lu\/de\/entreprises\/financement-aides\/regime-sme-packages\/soutien-pme\/sme-packages-sustainability.html\" target=\"_blank\" rel=\"noreferrer noopener\"><u><strong>SME Packages \u2013 Sustainability<\/strong><\/u><\/a><\/p>\n\n\n\n<ul class=\"wp-block-list\">\n<li>Finanzielle F\u00f6rderung f\u00fcr kleine und mittlere Unternehmen, welche bis zu 70 % der f\u00f6rderf\u00e4higen Kosten f\u00fcr die Umsetzung eines Projekts zur Reduzierung der Umweltbelastung deckt. Das zul\u00e4ssige Projektbudget muss zwischen 3.000 \u20ac und 25.000 \u20ac zzgl. MwSt. liegen.<\/li>\n\n\n\n<li>Bei Fragen:\n<ul class=\"wp-block-list\">\n<li><a href=\"mailto:ehandwierk@cdm.lu\" target=\"_blank\" rel=\"noreferrer noopener\"><u>Chambre des M\u00e9tiers<\/u><\/a> f\u00fcr Handwerker<\/li>\n\n\n\n<li><a href=\"mailto:sustainability@cc.lu\" target=\"_blank\" rel=\"noreferrer noopener\"><u>Chamber of Commerce<\/u><\/a> f\u00fcr Unternehmen im nicht-handwerklichen Bereich<\/li>\n<\/ul>\n<\/li>\n<\/ul>\n\n\n\n<p class=\"has-light-green-background-color has-background\">Hinweis: Staatliche Beihilfen k\u00f6nnen f\u00fcr ein Projekt nicht miteinander kumuliert werden.<\/p>\n\n\n\n<h3 class=\"wp-block-heading\"><strong><strong>Beantragung von Beihilfen bei Strom- und Gasversorgern<\/strong><\/strong><\/h3>\n\n\n\n<p>Seit 2015 sind Strom- und Gasversorger im Rahmen des Verpflichtungssystems aufgefordert, Energieeinsparungen bei den Verbrauchern zu erzielen. Seitdem bieten die Energieversorger Unterst\u00fctzung und Beratung sowie F\u00f6rderprogramme f\u00fcr Verbraucher bei der Umsetzung von Energieeffizienzma\u00dfnahmen an.<\/p>\n\n\n\n<p>Die Versorger, die diesen Service f\u00fcr Unternehmen anbieten, sind folgende:<\/p>\n\n\n\n<ul class=\"wp-block-list\">\n<li><a href=\"https:\/\/www.enoprimes.lu\/de\/unternehmen\/\" target=\"_blank\" data-type=\"link\" data-id=\"https:\/\/www.enoprimes.lu\/de\/unternehmen\/\" rel=\"noreferrer noopener\">Enoprimes&nbsp;Enovos + SUDenergie<\/a><\/li>\n\n\n\n<li><a href=\"mailto:ps@sudenergie.lu\"><u>SUDenergie<\/u><\/a><\/li>\n\n\n\n<li><a href=\"mailto:subvention@sudstroum.lu\"><u>Sudstroum<\/u><\/a><\/li>\n<\/ul>\n\n\n\n<p class=\"has-light-green-background-color has-background\">Hinweis: Die Beihilfen der Versorger k\u00f6nnen mit jeder staatlichen Beihilfe f\u00fcr dasselbe Projekt kumuliert werden.<\/p>\n","protected":false},"featured_media":2817,"parent":0,"template":"","secteur":[90,130,141,139,82,122,80,89,86,87],"thematique":[91],"application":[111],"class_list":["post-2840","mesures","type-mesures","status-publish","has-post-thumbnail","hentry","secteur-gesundheits-und-pflegesektor","secteur-boulanger-de","secteur-lebensmittelhandel","secteur-lebensmittelgeschaft","secteur-handel","secteur-metzgerei","secteur-handwerk","secteur-landwirtschaft-weinbau","secteur-transport","secteur-verwaltung","thematique-energie-de","application-kuehlung"],"acf":[],"_links":{"self":[{"href":"https:\/\/dev.klimapaktfirbetriber.lu\/de\/wp-json\/wp\/v2\/mesures\/2840","targetHints":{"allow":["GET"]}}],"collection":[{"href":"https:\/\/dev.klimapaktfirbetriber.lu\/de\/wp-json\/wp\/v2\/mesures"}],"about":[{"href":"https:\/\/dev.klimapaktfirbetriber.lu\/de\/wp-json\/wp\/v2\/types\/mesures"}],"version-history":[{"count":11,"href":"https:\/\/dev.klimapaktfirbetriber.lu\/de\/wp-json\/wp\/v2\/mesures\/2840\/revisions"}],"predecessor-version":[{"id":1390215,"href":"https:\/\/dev.klimapaktfirbetriber.lu\/de\/wp-json\/wp\/v2\/mesures\/2840\/revisions\/1390215"}],"wp:featuredmedia":[{"embeddable":true,"href":"https:\/\/dev.klimapaktfirbetriber.lu\/de\/wp-json\/wp\/v2\/media\/2817"}],"wp:attachment":[{"href":"https:\/\/dev.klimapaktfirbetriber.lu\/de\/wp-json\/wp\/v2\/media?parent=2840"}],"wp:term":[{"taxonomy":"secteur","embeddable":true,"href":"https:\/\/dev.klimapaktfirbetriber.lu\/de\/wp-json\/wp\/v2\/secteur?post=2840"},{"taxonomy":"thematique","embeddable":true,"href":"https:\/\/dev.klimapaktfirbetriber.lu\/de\/wp-json\/wp\/v2\/thematique?post=2840"},{"taxonomy":"application","embeddable":true,"href":"https:\/\/dev.klimapaktfirbetriber.lu\/de\/wp-json\/wp\/v2\/application?post=2840"}],"curies":[{"name":"wp","href":"https:\/\/api.w.org\/{rel}","templated":true}]}}