{"id":2730,"date":"2024-01-15T17:35:42","date_gmt":"2024-01-15T16:35:42","guid":{"rendered":"https:\/\/dev.klimapaktfirbetriber.lu\/?post_type=mesures&#038;p=2730"},"modified":"2025-06-30T14:52:29","modified_gmt":"2025-06-30T12:52:29","slug":"optimierung-der-mechanischen-belueftung","status":"publish","type":"mesures","link":"https:\/\/dev.klimapaktfirbetriber.lu\/de\/massnahmen\/optimierung-der-mechanischen-belueftung\/","title":{"rendered":"Optimierung der mechanischen Bel\u00fcftung"},"content":{"rendered":"\n<h2 class=\"wp-block-heading\"><strong>Optimierung der effizienten Bel\u00fcftung und Kosteneffizienz im Zusammenhang mit dem zentralen Bel\u00fcftungssystem Ihres Unternehmens<\/strong><\/h2>\n\n\n\n<p>Die Hauptfunktion eines Bel\u00fcftungssystems besteht darin, f\u00fcr ein angenehmes Klima und eine hohe Luftqualit\u00e4t in den R\u00e4umlichkeiten zu sorgen. Dieser Bedarf ist mit einem Energieverbrauch verbunden (in der Regel im Dauerbetrieb) und muss bestm\u00f6glich genutzt werden.<\/p>\n\n\n\n<!--more-->\n\n\n\n<h2 class=\"type-numerotation\"><span class=\"type-numerotation-span visually-hidden\"><\/span>Bedarfsermittlung zur Optimierung der mechanischen Bel\u00fcftung<\/h2>\n\n\n\n<h3 class=\"wp-block-heading\"><strong><strong>Bed\u00fcrfnisse der verschiedenen Geb\u00e4udefunktionen identifizieren<\/strong><\/strong><\/h3>\n\n\n\n<ul class=\"wp-block-list\">\n<li>Um den aktuellen Bedarf zu ermitteln, ist es wichtig, die folgenden Parameter zu ber\u00fccksichtigen:\n<ul class=\"wp-block-list\">\n<li>Luftaustausch in (m<sup>3<\/sup>\/h)\/p<\/li>\n\n\n\n<li>Temperatur (Au\u00dfen- und Raumtemperatur)<\/li>\n\n\n\n<li>Feuchtigkeitsgehalt (Trocknen oder Befeuchten erforderlich?)<\/li>\n\n\n\n<li>Erforderliche Luftqualit\u00e4t (CO<sub>2<\/sub>-Gehalt, Feinstaub, usw.)<\/li>\n\n\n\n<li>Nutzung und Intensit\u00e4t der Nutzung von Geb\u00e4udebereichen<\/li>\n<\/ul>\n<\/li>\n<\/ul>\n\n\n\n<ul class=\"wp-block-list\">\n<li>Die Sicherheitsvorschriften der ITM \u201eL\u00fcftungs- und Klimaanlagen\u201c m\u00fcssen eingehalten werden.<\/li>\n<\/ul>\n\n\n\n<ul class=\"wp-block-list\">\n<li>Potenzielle Fehlfunktionen identifizieren, z. B. Ger\u00e4usche des Luftstroms, Temperatur- oder Druckschwankungen, falsche Handhabung, Dauerbetrieb der Anlagen.<\/li>\n<\/ul>\n\n\n\n<div class=\"wp-block-group\"><div class=\"wp-block-group__inner-container is-layout-constrained wp-block-group-is-layout-constrained\">\n<div class=\"wp-block-group has-light-green-background-color has-background\"><div class=\"wp-block-group__inner-container is-layout-constrained wp-block-group-is-layout-constrained\">\n<h3 class=\"wp-block-heading has-green-color has-text-color has-link-color wp-elements-b666a272ada2221e8f60b53c1aa9204d\"><strong><strong>Weiterf\u00fchrende Schritte<\/strong><\/strong><\/h3>\n\n\n\n<ul class=\"wp-block-list\">\n<li><strong>Die Hauptaufgaben eines <a href=\"https:\/\/www.fgt.lu\/fr\/nos-membres\/?selectCat=Installateur%2BChauffage%2BSanitaire-Frigoriste-Ventilation&amp;searchKeywords=&amp;search=\" target=\"_blank\" data-type=\"link\" data-id=\"https:\/\/www.fgt.lu\/fr\/nos-membres\/?selectCat=Installateur%2BChauffage%2BSanitaire-Frigoriste-Ventilation&amp;searchKeywords=&amp;search=\" rel=\"noreferrer noopener\">Ingenieurb\u00fcros (beratender Ingenieur f\u00fcr Haustechnik) oder eines qualifizierten Handwerkers (L\u00fcftungsinstallateur)<\/a> im Rahmen der Optimierung der L\u00fcftung sind folgende:<\/strong>\n<ul class=\"wp-block-list\">\n<li>Eine gr\u00fcndliche Bestandsaufnahme der Infrastruktur durchf\u00fchren (Kofinanzierung m\u00f6glich)<\/li>\n\n\n\n<li>Den Energieverbrauch in Bezug auf den L\u00fcftungsbedarf analysieren<\/li>\n\n\n\n<li>Das gesamte Bel\u00fcftungssystem auf seine Funktionst\u00fcchtigkeit \u00fcberpr\u00fcfen<\/li>\n\n\n\n<li>Die Systemregelung optimieren, z. B. in Abh\u00e4ngigkeit vom CO<sub>2<\/sub>-Gehalt<\/li>\n\n\n\n<li>\u00dcberpr\u00fcfen, ob die W\u00e4rmer\u00fcckgewinnung richtig funktioniert<\/li>\n<\/ul>\n<\/li>\n<\/ul>\n<\/div><\/div>\n<\/div><\/div>\n\n\n\n<h2 class=\"type-numerotation\"><span class=\"type-numerotation-span visually-hidden\"><\/span>Umsetzung von Optimierungsma\u00dfnahmen im Bereich der mechanischen Bel\u00fcftung<\/h2>\n\n\n\n<div class=\"wp-block-group\"><div class=\"wp-block-group__inner-container is-layout-constrained wp-block-group-is-layout-constrained\">\n<h3 class=\"wp-block-heading\"><strong><strong>Regulierung entsprechend der tats\u00e4chlichen Nutzung<\/strong><\/strong><\/h3>\n\n\n\n<ul class=\"wp-block-list\">\n<li>Anpassen an den tats\u00e4chlichen Bedarf<\/li>\n\n\n\n<li>Betriebszeit kontrollieren<\/li>\n\n\n\n<li>Abschalten oder Minimieren der Bel\u00fcftung au\u00dferhalb der Betriebszeiten (nachts, am Wochenende usw.)<\/li>\n\n\n\n<li>Wenn m\u00f6glich, Einstellung der Ventilatorgeschwindigkeit auf die erforderliche Stufe mit einem Frequenzumrichter<\/li>\n<\/ul>\n<\/div><\/div>\n\n\n\n<div class=\"wp-block-group\"><div class=\"wp-block-group__inner-container is-layout-constrained wp-block-group-is-layout-constrained\">\n<h3 class=\"wp-block-heading\"><strong>Temperaturabh\u00e4ngige Regelung<\/strong><\/h3>\n\n\n\n<ul class=\"wp-block-list\">\n<li>Einstellen des Temperaturniveaus entsprechend der spezifischen Erfordernisse der verschiedenen R\u00e4ume<\/li>\n\n\n\n<li>Es wird empfohlen, Regelvorrichtungen wie Steuereinheit, Thermostat oder zentrale Regelung usw. zu verwenden<\/li>\n\n\n\n<li>Minimierung der manuellen L\u00fcftung von beheizten R\u00e4umen (Luftaustausch abh\u00e4ngig von der Aktivit\u00e4t, der Anzahl der Personen sowie der Raumgr\u00f6\u00dfe)<\/li>\n\n\n\n<li>Vorw\u00e4rmung\/K\u00fchlung der Luft im Bel\u00fcftungssystem einstellen<\/li>\n<\/ul>\n\n\n\n<h3 class=\"wp-block-heading\"><strong>Messung der Luftqualit\u00e4t<\/strong><\/h3>\n<\/div><\/div>\n\n\n\n<div class=\"wp-block-group\"><div class=\"wp-block-group__inner-container is-layout-constrained wp-block-group-is-layout-constrained\">\n<figure class=\"wp-block-image size-full\"><img decoding=\"async\" width=\"531\" height=\"493\" src=\"https:\/\/dev.klimapaktfirbetriber.lu\/wp-content\/uploads\/2024\/01\/Picture.png\" alt=\"\" class=\"wp-image-2323\" srcset=\"https:\/\/dev.klimapaktfirbetriber.lu\/wp-content\/uploads\/2024\/01\/Picture.png 531w, https:\/\/dev.klimapaktfirbetriber.lu\/wp-content\/uploads\/2024\/01\/Picture-300x279.png 300w\" sizes=\"(max-width: 531px) 100vw, 531px\" \/><\/figure>\n\n\n\n<ul class=\"wp-block-list\">\n<li>Messinstrumente aufstellen, z. B. Thermometer, Messung von CO<sub>2<\/sub>, Feuchtigkeit (Hygrometer), Feinstaub usw.&nbsp;Eine Empfehlung der Temperaturvorgaben f\u00fcr die verschiedenen Arbeitsst\u00e4tten befindet sich in der Sicherheitsvorschrift <a href=\"https:\/\/itm.public.lu\/dam-assets\/fr\/securite-sante\/conditions-types\/itm-cl-1100-2000\/ITM-SST-1814-1.pdf\" target=\"_blank\" data-type=\"link\" data-id=\"https:\/\/itm.public.lu\/dam-assets\/fr\/securite-sante\/conditions-types\/itm-cl-1100-2000\/ITM-SST-1814-1.pdf\" rel=\"noreferrer noopener\">ITM-SST 1814.1.<\/a><\/li>\n\n\n\n<li>Einstellen des Luftstroms entsprechend den Qualit\u00e4tsparametern (z. B. CO<sub>2<\/sub>-Gehalt).<\/li>\n<\/ul>\n<\/div><\/div>\n\n\n\n<div class=\"wp-block-group\"><div class=\"wp-block-group__inner-container is-layout-constrained wp-block-group-is-layout-constrained\">\n<h3 class=\"wp-block-heading\"><strong>Befeuchtung<\/strong><\/h3>\n\n\n\n<p>Wenn die L\u00fcftung mit einem Befeuchtungssystem ausgestattet ist, m\u00fcssen das System und die entsprechende Wasseraufbereitungsanlage regelm\u00e4\u00dfig \u00fcberpr\u00fcft werden, um einen reibungslosen Betrieb zu gew\u00e4hrleisten.<\/p>\n<\/div><\/div>\n\n\n\n<div class=\"wp-block-group\"><div class=\"wp-block-group__inner-container is-layout-constrained wp-block-group-is-layout-constrained\">\n<h3 class=\"wp-block-heading\"><strong>Wartung des L\u00fcftungssystems<\/strong><\/h3>\n\n\n\n<p>Die Wartungsintervalle und -anweisungen, die vom Lieferanten festgelegt wurden, sind einzuhalten. Dazu geh\u00f6ren unter anderem die Reinigung der Anlage, der Austausch der Filter, die Kontrolle der Durchflussmengen und die korrekte Einstellung der L\u00fcftungsanlage.<\/p>\n\n\n\n<h3 class=\"wp-block-heading\"><strong>W\u00e4rmer\u00fcckgewinnung<\/strong><\/h3>\n\n\n\n<figure class=\"wp-block-image size-full\"><img decoding=\"async\" width=\"500\" height=\"249\" src=\"https:\/\/dev.klimapaktfirbetriber.lu\/wp-content\/uploads\/2024\/01\/Picture-1.png\" alt=\"\" class=\"wp-image-2350\" srcset=\"https:\/\/dev.klimapaktfirbetriber.lu\/wp-content\/uploads\/2024\/01\/Picture-1.png 500w, https:\/\/dev.klimapaktfirbetriber.lu\/wp-content\/uploads\/2024\/01\/Picture-1-300x149.png 300w\" sizes=\"(max-width: 500px) 100vw, 500px\" \/><\/figure>\n\n\n\n<div class=\"wp-block-group\"><div class=\"wp-block-group__inner-container is-layout-constrained wp-block-group-is-layout-constrained\">\n<ul class=\"wp-block-list\">\n<li>Es wird empfohlen, die Funktionst\u00fcchtigkeit der W\u00e4rmer\u00fcckgewinnung regelm\u00e4\u00dfig zu \u00fcberpr\u00fcfen.<\/li>\n\n\n\n<li>Die ein- und ausstr\u00f6menden Luftmengen m\u00fcssen aufeinander abgestimmt sein.<\/li>\n\n\n\n<li>Kontrolle, ob die Messinstrumente richtig funktionieren. Kleine Fehler k\u00f6nnen einen gro\u00dfen Einfluss auf die Reglerparameter haben.<\/li>\n\n\n\n<li>\u00dcberpr\u00fcfung des W\u00e4rmetauschers auf Verschmutzung und ggf. Reinigung unter Beachtung der Herstellerangaben.<\/li>\n<\/ul>\n\n\n\n<h2 class=\"type-numerotation\"><span class=\"type-numerotation-span visually-hidden\"><\/span>Beantragung von Beihilfen<\/h2>\n<\/div><\/div>\n<\/div><\/div>\n\n\n\n<h3 class=\"wp-block-heading\"><strong>Staatliche Beihilfen<\/strong><\/h3>\n\n\n\n<div class=\"wp-block-group has-light-green-background-color has-background\"><div class=\"wp-block-group__inner-container is-layout-constrained wp-block-group-is-layout-constrained\">\n<p class=\"has-green-color has-text-color has-link-color wp-elements-1b0ad8fb42d952df7bc2ef1ad9b38b32\"><strong>Anreizwirkung, die bei der Beantragung von (staatlicher oder nichtstaatlicher) Beihilfe und unter der Voraussetzung, dass die F\u00f6rderkriterien erf\u00fcllt sind, eingehalten werden muss.<\/strong><\/p>\n\n\n\n<p>Um die \u201eAnreizwirkung\u201c zu wahren, d\u00fcrfen keine verbindlichen Verpflichtungen (Unterzeichnung eines Kostenvoranschlags; Anzahlung) eingegangen werden, BEVOR die Antragsunterlagen eingereicht wurden oder der Staat oder der Strom- und Gasversorger aufgrund eines Antrags auf Zusch\u00fcsse eine grunds\u00e4tzliche Zustimmung (\u201eaccord de principe\u201c) erteilt hat.<\/p>\n<\/div><\/div>\n\n\n\n<ul class=\"wp-block-list\"><\/ul>\n\n\n\n<p><a href=\"https:\/\/guichet.public.lu\/fr\/entreprises\/financement-aides\/regime-sme-packages\/soutien-pme\/sme-packages-sustainability.html\" target=\"_blank\" rel=\"noreferrer noopener\"><u><strong><\/strong><\/u><\/a><u><strong><a href=\"https:\/\/guichet.public.lu\/de\/entreprises\/financement-aides\/regime-sme-packages\/soutien-pme\/sme-packages-sustainability.html\" target=\"_blank\" rel=\"noopener\"><u><strong>SME Packages \u2013 Sustainability<\/strong><\/u><\/a><\/strong><\/u><\/p>\n\n\n\n<ul class=\"wp-block-list\">\n<li>Finanzielle F\u00f6rderung f\u00fcr kleine und mittlere Unternehmen, welche bis zu 70 % der f\u00f6rderf\u00e4higen Kosten f\u00fcr die Umsetzung eines Projekts zur Reduzierung der Umweltbelastung deckt. Das zul\u00e4ssige Projektbudget muss zwischen 3.000 \u20ac und 25.000 \u20ac zzgl. MwSt. liegen.<\/li>\n\n\n\n<li>Bei Fragen:\n<ul class=\"wp-block-list\">\n<li><a href=\"mailto:ehandwierk@cdm.lu\" target=\"_blank\" rel=\"noreferrer noopener\"><u>Chambre des M\u00e9tiers<\/u><\/a> f\u00fcr Handwerker<\/li>\n\n\n\n<li><a href=\"mailto:sustainability@cc.lu\" target=\"_blank\" rel=\"noreferrer noopener\"><u>Chamber of Commerce<\/u><\/a> f\u00fcr Unternehmen im nicht-handwerklichen Bereich<\/li>\n<\/ul>\n<\/li>\n<\/ul>\n\n\n\n<p><strong>Regelung &#8211; KMU \u2013 <a href=\"https:\/\/guichet.public.lu\/de\/entreprises\/financement-aides\/regime-pme\/aides-generales-pme\/aide-investissements-divers.html\" target=\"_blank\" data-type=\"link\" data-id=\"https:\/\/guichet.public.lu\/de\/entreprises\/financement-aides\/regime-pme\/aides-generales-pme\/aide-investissements-divers.html\" rel=\"noreferrer noopener\">Beihilfe f\u00fcr sonstige Investitionen<\/a><\/strong><\/p>\n\n\n\n<p>Beihilfen f\u00fcr kleine und mittlere Unternehmen, bis zu 10&nbsp;% oder 20&nbsp;% des Betrags f\u00fcr sonstige Investitionen, die die Modernisierung und Wettbewerbsf\u00e4higkeit der luxemburgischen Wirtschaft f\u00f6rdern sollen.<\/p>\n\n\n\n<p>\u00dcberpr\u00fcfung der F\u00f6rderf\u00e4higkeit des Unternehmens und der Kosten: <a href=\"mailto:info.aide.pme@eco.etat.lu\">Ministerium f\u00fcr Wirtschaft&nbsp;<\/a>(Abteilung Beihilfen f\u00fcr KMU)<\/p>\n\n\n\n<p>Bei weiteren Fragen:<\/p>\n\n\n\n<ul class=\"wp-block-list\">\n<li><a href=\"mailto:subsides@houseofentrepreneurship.lu\" target=\"_blank\" rel=\"noreferrer noopener\"><u>House of Entrepreneurship<\/u><\/a> der Chambre de Commerce (Handelskammer)<\/li>\n\n\n\n<li><a href=\"mailto:contact@cdm.lu\" target=\"_blank\" rel=\"noreferrer noopener\"><u>Chambre des M\u00e9tiers<\/u><\/a> (Handwerkskammer)<\/li>\n<\/ul>\n\n\n\n<p class=\"has-light-green-background-color has-background\">Hinweis: Staatliche Beihilfen k\u00f6nnen f\u00fcr ein Projekt nicht miteinander kumuliert werden.<\/p>\n\n\n\n<h3 class=\"wp-block-heading\"><strong><strong>Beantragung von Beihilfen bei Strom- und Gasversorgern<\/strong><\/strong><\/h3>\n\n\n\n<p>Seit 2015 sind Strom- und Gasversorger im Rahmen des Verpflichtungssystems aufgefordert, Energieeinsparungen bei den Verbrauchern zu erzielen. Seitdem bieten die Energieversorger Unterst\u00fctzung und Beratung sowie F\u00f6rderprogramme f\u00fcr Verbraucher bei der Umsetzung von Energieeffizienzma\u00dfnahmen an.<\/p>\n\n\n\n<p>Die Versorger, die diesen Service f\u00fcr Unternehmen anbieten, sind folgende:<\/p>\n\n\n\n<ul class=\"wp-block-list\">\n<li><a href=\"https:\/\/www.enoprimes.lu\/de\/unternehmen\/\" target=\"_blank\" data-type=\"link\" data-id=\"https:\/\/www.enoprimes.lu\/fr\/entreprises\/\" rel=\"noreferrer noopener\">Enoprimes&nbsp;Enovos + SUDenergie<\/a><\/li>\n\n\n\n<li><a href=\"mailto:ps@sudenergie.lu\" target=\"_blank\" rel=\"noreferrer noopener\"><u>SUDenergie<\/u><\/a><\/li>\n\n\n\n<li><a href=\"mailto:subvention@sudstroum.lu\" target=\"_blank\" rel=\"noreferrer noopener\"><u>Sudstroum<\/u><\/a><\/li>\n<\/ul>\n\n\n\n<p class=\"has-light-green-background-color has-background\">Hinweis: Die Beihilfen der Versorger k\u00f6nnen mit jeder staatlichen Beihilfe f\u00fcr dasselbe Projekt kumuliert werden.<\/p>\n","protected":false},"featured_media":2731,"parent":0,"template":"","secteur":[90,130,141,79,82,122,80,133,84,89,85,86,87],"thematique":[91],"application":[112],"class_list":["post-2730","mesures","type-mesures","status-publish","has-post-thumbnail","hentry","secteur-gesundheits-und-pflegesektor","secteur-boulanger-de","secteur-lebensmittelhandel","secteur-horeca-de","secteur-handel","secteur-metzgerei","secteur-handwerk","secteur-schreinerei","secteur-industrie","secteur-landwirtschaft-weinbau","secteur-werkstatt","secteur-transport","secteur-verwaltung","thematique-energie-de","application-lueftung"],"acf":[],"_links":{"self":[{"href":"https:\/\/dev.klimapaktfirbetriber.lu\/de\/wp-json\/wp\/v2\/mesures\/2730","targetHints":{"allow":["GET"]}}],"collection":[{"href":"https:\/\/dev.klimapaktfirbetriber.lu\/de\/wp-json\/wp\/v2\/mesures"}],"about":[{"href":"https:\/\/dev.klimapaktfirbetriber.lu\/de\/wp-json\/wp\/v2\/types\/mesures"}],"version-history":[{"count":15,"href":"https:\/\/dev.klimapaktfirbetriber.lu\/de\/wp-json\/wp\/v2\/mesures\/2730\/revisions"}],"predecessor-version":[{"id":1391293,"href":"https:\/\/dev.klimapaktfirbetriber.lu\/de\/wp-json\/wp\/v2\/mesures\/2730\/revisions\/1391293"}],"wp:featuredmedia":[{"embeddable":true,"href":"https:\/\/dev.klimapaktfirbetriber.lu\/de\/wp-json\/wp\/v2\/media\/2731"}],"wp:attachment":[{"href":"https:\/\/dev.klimapaktfirbetriber.lu\/de\/wp-json\/wp\/v2\/media?parent=2730"}],"wp:term":[{"taxonomy":"secteur","embeddable":true,"href":"https:\/\/dev.klimapaktfirbetriber.lu\/de\/wp-json\/wp\/v2\/secteur?post=2730"},{"taxonomy":"thematique","embeddable":true,"href":"https:\/\/dev.klimapaktfirbetriber.lu\/de\/wp-json\/wp\/v2\/thematique?post=2730"},{"taxonomy":"application","embeddable":true,"href":"https:\/\/dev.klimapaktfirbetriber.lu\/de\/wp-json\/wp\/v2\/application?post=2730"}],"curies":[{"name":"wp","href":"https:\/\/api.w.org\/{rel}","templated":true}]}}