{"id":2076417,"date":"2025-10-28T11:30:24","date_gmt":"2025-10-28T10:30:24","guid":{"rendered":"https:\/\/dev.klimapaktfirbetriber.lu\/?post_type=mesures&#038;p=2076417"},"modified":"2025-10-28T11:31:34","modified_gmt":"2025-10-28T10:31:34","slug":"berechnung-des-co2-fussabdrucks-eines-unternehmens","status":"publish","type":"mesures","link":"https:\/\/dev.klimapaktfirbetriber.lu\/de\/massnahmen\/berechnung-des-co2-fussabdrucks-eines-unternehmens\/","title":{"rendered":"Berechnung des CO2-Fu\u00dfabdrucks eines Unternehmens"},"content":{"rendered":"\n<p>Die Berechnung des CO<sub>2<\/sub>-Fu\u00dfabdrucks erm\u00f6glicht eine vollst\u00e4ndige Bestandsaufnahme der direkten und indirekten Treibhausgasemissionen, die durch die Aktivit\u00e4ten eines Unternehmens verursacht werden. Diese Emissionsbewertung erleichtert Entscheidungen zur Emissionsreduzierung, indem sie die wichtigsten Quellen und vorrangigen Handlungsbereiche identifiziert. Dar\u00fcber hinaus erm\u00f6glicht sie eine transparente Kommunikation dieser Informationen, sei es zur Erf\u00fcllung gesetzlicher Verpflichtungen oder auf freiwilliger Basis, um die Ma\u00dfnahmen und Verpflichtungen des Unternehmens zu demonstrieren.<\/p>\n\n\n\n<!--more-->\n\n\n\n<h2 class=\"type-numerotation\"><span class=\"type-numerotation-span visually-hidden\"><\/span>Festlegung des Untersuchungsumfangs<\/h2>\n\n\n\n<p>Zun\u00e4chst wird der Umfang der Studie definiert, einschlie\u00dflich des betreffenden Unternehmens und der ber\u00fccksichtigten Aktivit\u00e4ten, der in die Berechnung einbezogenen Treibhausgase (CO<sub>2<\/sub>, CH<sub>4<\/sub>, N<sub>2<\/sub> O usw.) sowie des Referenzjahres.<\/p>\n\n\n\n<p>Um die Berechnung zu vereinfachen, werden die Emissionen in drei Bereiche unterteilt:<\/p>\n\n\n\n<ul class=\"wp-block-list\">\n<li>Scope 1: Direkte Emissionen. Hierbei handelt es sich um Emissionen, f\u00fcr die das Unternehmen direkt verantwortlich ist. Dazu geh\u00f6ren beispielsweise die Verbrennung von Kraftstoffen in seinen Fabriken oder Fahrzeugen, chemische Reaktionen in seinen industriellen Prozessen oder Gaslecks in Klimaanlagen.<\/li>\n\n\n\n<li>Scope 2: Indirekte energiebezogene Emissionen. Dieser Bereich betrifft Emissionen im Zusammenhang mit dem Energieverbrauch des Unternehmens, wie Strom oder W\u00e4rme. Auch wenn das Unternehmen diese Emissionen nicht selbst verursacht, ist es dennoch daf\u00fcr verantwortlich, da es f\u00fcr den Betrieb seiner Aktivit\u00e4ten darauf angewiesen ist.<\/li>\n\n\n\n<li>Scope 3: Sonstige indirekte Emissionen. Scope 3 umfasst Emissionen, auf die das Unternehmen Einfluss hat, die es jedoch nicht direkt kontrolliert. Diese Emissionen entstehen entlang der Wertsch\u00f6pfungskette des Unternehmens. Einige Beispiele hierf\u00fcr sind:<ul><li>Die Fahrten der Mitarbeiter zwischen Wohnort und Arbeitsplatz: Sie starten von zu Hause aus, stehen aber im Zusammenhang mit der T\u00e4tigkeit des Unternehmens.<\/li><\/ul>\n<ul class=\"wp-block-list\">\n<li>Die Nutzung der verkauften Produkte: Dies geschieht beim Kunden, ist aber eine direkte Folge dessen, was das Unternehmen auf den Markt gebracht hat.<\/li>\n\n\n\n<li>Die vom Unternehmen erzeugten Abf\u00e4lle, die jedoch von einem externen Dienstleister behandelt werden<\/li>\n<\/ul>\n<\/li>\n<\/ul>\n\n\n\n<p>Die folgende Grafik zeigt die verschiedenen Emissionsquellen, wie sie im Greenhouse Gas Protocol definiert sind, mit besonderem Schwerpunkt auf Scope 3, der oft am schwierigsten zu verfolgen ist. Dieser Bereich umfasst mehrere Unterkategorien, die die gesamte Wertsch\u00f6pfungskette eines Unternehmens abdecken, von der Gewinnung der Rohstoffe bis zur Nutzung und zum Ende der Lebensdauer der Produkte.<\/p>\n\n\n\n<figure class=\"wp-block-image size-large\"><img decoding=\"async\" width=\"1024\" height=\"708\" src=\"https:\/\/dev.klimapaktfirbetriber.lu\/wp-content\/uploads\/2025\/10\/Infographie_Scope_KlimaPakt_DE-1024x708.jpg\" alt=\"\" class=\"wp-image-2076443\" srcset=\"https:\/\/dev.klimapaktfirbetriber.lu\/wp-content\/uploads\/2025\/10\/Infographie_Scope_KlimaPakt_DE-1024x708.jpg 1024w, https:\/\/dev.klimapaktfirbetriber.lu\/wp-content\/uploads\/2025\/10\/Infographie_Scope_KlimaPakt_DE-300x207.jpg 300w, https:\/\/dev.klimapaktfirbetriber.lu\/wp-content\/uploads\/2025\/10\/Infographie_Scope_KlimaPakt_DE-768x531.jpg 768w, https:\/\/dev.klimapaktfirbetriber.lu\/wp-content\/uploads\/2025\/10\/Infographie_Scope_KlimaPakt_DE-1536x1062.jpg 1536w, https:\/\/dev.klimapaktfirbetriber.lu\/wp-content\/uploads\/2025\/10\/Infographie_Scope_KlimaPakt_DE-2048x1416.jpg 2048w\" sizes=\"(max-width: 1024px) 100vw, 1024px\" \/><\/figure>\n\n\n\n<p>Auf der Grundlage dieses Rahmens muss f\u00fcr jede Emissionsquelle ermittelt werden, ob und in welcher Form die Aktivit\u00e4tsdaten vorliegen und wer deren Inhaber ist. Diese Daten k\u00f6nnen real (physisch, z. B. die Menge der gekauften Rohstoffe, oder finanziell, z. B. die Ausgaben f\u00fcr eine Dienstleistung) oder extrapoliert (aus anderen Daten, Statistiken oder Sch\u00e4tzungen, z. B. durch einen Fragebogen an die Mitarbeiter) sein. Anschlie\u00dfend werden die Treibhausgasemissionen berechnet, indem die Aktivit\u00e4tsdaten mit einem Emissionsfaktor multipliziert werden.<\/p>\n\n\n\n<figure class=\"wp-block-image size-full\"><img decoding=\"async\" width=\"1580\" height=\"600\" src=\"https:\/\/dev.klimapaktfirbetriber.lu\/wp-content\/uploads\/2025\/10\/Version-DE.png\" alt=\"\" class=\"wp-image-2082524\" srcset=\"https:\/\/dev.klimapaktfirbetriber.lu\/wp-content\/uploads\/2025\/10\/Version-DE.png 1580w, https:\/\/dev.klimapaktfirbetriber.lu\/wp-content\/uploads\/2025\/10\/Version-DE-300x114.png 300w, https:\/\/dev.klimapaktfirbetriber.lu\/wp-content\/uploads\/2025\/10\/Version-DE-1024x389.png 1024w, https:\/\/dev.klimapaktfirbetriber.lu\/wp-content\/uploads\/2025\/10\/Version-DE-768x292.png 768w, https:\/\/dev.klimapaktfirbetriber.lu\/wp-content\/uploads\/2025\/10\/Version-DE-1536x583.png 1536w\" sizes=\"(max-width: 1580px) 100vw, 1580px\" \/><\/figure>\n\n\n\n<p>Um den vollen Nutzen daraus zu ziehen, muss die Berechnung der Treibhausgasemissionen zu einem \u00dcbergangsplan f\u00fchren. Dieser Plan umfasst Reduktionsziele und einen Fahrplan sowie eine detaillierte Roadmap mit Ma\u00dfnahmen zur Emissionsreduzierung (spezifische und quantifizierte Ma\u00dfnahmen mit den vorgesehenen Mitteln, Fristen und Zust\u00e4ndigkeiten). Schlie\u00dflich werden Indikatoren verwendet, um den Fortschritt dieser Ma\u00dfnahmen und die Entwicklung der Emissionen zu verfolgen.<\/p>\n\n\n\n<h2 class=\"type-numerotation\"><span class=\"type-numerotation-span visually-hidden\"><\/span>Umsetzung von Ma\u00dfnahmen<\/h2>\n\n\n\n<p>Es gibt mehrere Methoden, um diesen Prozess zu steuern:<\/p>\n\n\n\n<ul class=\"wp-block-list\">\n<li>Das Greenhouse Gas Protocol: Dieses Protokoll wurde 2001 vom World Business Council for Sustainable Development (WBCSD) und dem World Resources Institute (WRI) ins Leben gerufen und ist ein internationaler Standard zur Berechnung und Meldung der Treibhausgasemissionen einer Organisation. Es handelt sich um die international am h\u00e4ufigsten verwendete Methode.<\/li>\n\n\n\n<li>Der Bilan Carbone\u00ae: Diese Methode zur Quantifizierung von Treibhausgasemissionen wurde 2004 in Frankreich von der ADEME (Agence de l&#8217;Environnement et de la Ma\u00eetrise de l&#8217;\u00c9nergie) entwickelt und wird heute von der Association Bilan Carbone (Frankreich) verwaltet.<\/li>\n\n\n\n<li>Die Norm ISO 14064-1:2018: Diese vom Technischen Komitee ISO\/TC 207\/SC 7 entwickelte Norm legt die Grunds\u00e4tze und Anforderungen fest, die f\u00fcr Organisationen bei der Quantifizierung und Berichterstattung von Treibhausgasemissionen und -entfernungen gelten.<\/li>\n<\/ul>\n\n\n\n<p>Der Bilan Carbone\u00ae und das GHG Protocol sind in ihrer praktischen Anwendung sehr \u00e4hnlich. Auch die ISO-Norm \u00e4hnelt ihnen, da sie sich auf das GHG Protocol st\u00fctzt.<\/p>\n\n\n\n<p>Um Sie durch die verschiedenen Schritte zu f\u00fchren, empfiehlt es sich, ein auf die Berechnung des CO2-Fu\u00dfabdrucks spezialisiertes Ingenieurb\u00fcro zu konsultieren. Dieses hilft Ihnen dabei, das Projekt zu strukturieren und die relevanten Aktivit\u00e4tsdaten zu sammeln. Es garantiert die Qualit\u00e4t der Emissionsberechnung und die Erstellung des \u00dcbergangsplans dank geeigneter Tools (mit Referenzdatenbanken verbundene Plattformen, einfache und kollaborative Dateneingabe, automatische Zuordnung zu den Bereichen 1-3, vereinfachte Aktualisierung der Daten \u00fcber mehrere Jahre hinweg usw.).<\/p>\n\n\n\n<h2 class=\"type-numerotation\"><span class=\"type-numerotation-span visually-hidden\"><\/span>Antrag auf Beihilfen <\/h2>\n\n\n\n<h3 class=\"wp-block-heading\"><strong>Staatliche Beihilfen<\/strong><\/h3>\n\n\n\n<p><strong>Anreizwirkung, die bei der Beantragung von (staatlichen oder nicht-staatlichen) F\u00f6rdermitteln beachtet werden muss, vorbehaltlich der Einhaltung der F\u00f6rderungsbedingungen.<\/strong><\/p>\n\n\n\n<p>Um den Anreizeffekt zu wahren, d\u00fcrfen keine verbindlichen Verpflichtungen (Unterzeichnung eines Kostenvoranschlags; Anzahlung) eingegangen werden, BEVOR der Staat oder der Strom- und Erdgasversorger aufgrund eines F\u00f6rderantrags ein \u201eAccord de principe\u201c (Grundsatzvereinbarung) erteilt hat.<\/p>\n\n\n\n<div class=\"wp-block-group has-light-green-background-color has-background\"><div class=\"wp-block-group__inner-container is-layout-constrained wp-block-group-is-layout-constrained\">\n<p><a href=\"https:\/\/guichet.public.lu\/de\/entreprises\/financement-aides\/regime-fit-4\/fit-4-sustainability.html\" target=\"_blank\" rel=\"noreferrer noopener\">Programm \u201eFit 4 Sustainability\u201c<\/a><\/p>\n\n\n\n<ul class=\"wp-block-list\">\n<li>Das Programm Fit 4 Sustainability erm\u00f6glicht die Kofinanzierung der Durchf\u00fchrung eines Umweltaudits + Aktionsplans zu einem oder mehreren vom Unternehmen gew\u00e4hlten Themen (Energie, Treibhausgase, Abfall, Wasser \u2026).<\/li>\n\n\n\n<li>Beihilfen bis zu 50 %, 60 % und 70 % auf die Honorare f\u00fcr die Durchf\u00fchrung einer Umweltstudie (Energieaudit und\/oder CO2-Bilanz) + detaillierter und quantifizierter Aktionsplan zur Senkung des Verbrauchs\/der Treibhausgase (mittel- und langfristige Investitionen, Rentabilit\u00e4t usw.) \u2013 offen f\u00fcr KMU und gro\u00dfe Unternehmen (au\u00dfer f\u00fcr Unternehmen, die ein gesetzlich vorgeschriebenes Audit durchf\u00fchren m\u00fcssen).<\/li>\n\n\n\n<li>Noch Fragen?&nbsp;<a href=\"mailto:fit4sustainability@luxinnovation.lu\" target=\"_blank\" rel=\"noreferrer noopener\">Luxinnovation<\/a><\/li>\n<\/ul>\n\n\n\n<p><a href=\"https:\/\/guichet.public.lu\/de\/entreprises\/financement-aides\/regime-fit-4\/fit-4-sustainability.html\" target=\"_blank\" rel=\"noreferrer noopener\">SME Packages \u2013 Sustainability<\/a><\/p>\n\n\n\n<ul class=\"wp-block-list\">\n<li>Finanzielle F\u00f6rderung f\u00fcr kleine und mittlere Unternehmen, welche bis zu 70 % der f\u00f6rderf\u00e4higen Kosten f\u00fcr die Umsetzung eines Projekts zur Reduzierung der Umweltbelastung deckt. Das zul\u00e4ssige Projektbudget muss zwischen 3.000 \u20ac und 25.000 \u20ac zzgl. MwSt. liegen.<\/li>\n\n\n\n<li>Bei Fragen:\n<ul class=\"wp-block-list\">\n<li><a href=\"mailto:ehandwierk@cdm.lu\" target=\"_blank\" rel=\"noreferrer noopener\">Chambre des M\u00e9tiers<\/a>&nbsp;f\u00fcr Handwerker<\/li>\n\n\n\n<li><a href=\"mailto:sustainability@cc.lu\" target=\"_blank\" rel=\"noreferrer noopener\">Chambre de Commerce<\/a>&nbsp;f\u00fcr Unternehmen in nicht handwerklichen Bereichen<\/li>\n<\/ul>\n<\/li>\n<\/ul>\n<\/div><\/div>\n\n\n\n<p><\/p>\n","protected":false},"featured_media":2082894,"parent":0,"template":"","secteur":[90,82,80,84,89,86,87],"thematique":[97],"application":[109],"class_list":["post-2076417","mesures","type-mesures","status-publish","has-post-thumbnail","hentry","secteur-gesundheits-und-pflegesektor","secteur-handel","secteur-handwerk","secteur-industrie","secteur-landwirtschaft-weinbau","secteur-transport","secteur-verwaltung","thematique-ressourcen","application-analyse-de"],"acf":[],"_links":{"self":[{"href":"https:\/\/dev.klimapaktfirbetriber.lu\/de\/wp-json\/wp\/v2\/mesures\/2076417","targetHints":{"allow":["GET"]}}],"collection":[{"href":"https:\/\/dev.klimapaktfirbetriber.lu\/de\/wp-json\/wp\/v2\/mesures"}],"about":[{"href":"https:\/\/dev.klimapaktfirbetriber.lu\/de\/wp-json\/wp\/v2\/types\/mesures"}],"version-history":[{"count":6,"href":"https:\/\/dev.klimapaktfirbetriber.lu\/de\/wp-json\/wp\/v2\/mesures\/2076417\/revisions"}],"predecessor-version":[{"id":2082527,"href":"https:\/\/dev.klimapaktfirbetriber.lu\/de\/wp-json\/wp\/v2\/mesures\/2076417\/revisions\/2082527"}],"wp:featuredmedia":[{"embeddable":true,"href":"https:\/\/dev.klimapaktfirbetriber.lu\/de\/wp-json\/wp\/v2\/media\/2082894"}],"wp:attachment":[{"href":"https:\/\/dev.klimapaktfirbetriber.lu\/de\/wp-json\/wp\/v2\/media?parent=2076417"}],"wp:term":[{"taxonomy":"secteur","embeddable":true,"href":"https:\/\/dev.klimapaktfirbetriber.lu\/de\/wp-json\/wp\/v2\/secteur?post=2076417"},{"taxonomy":"thematique","embeddable":true,"href":"https:\/\/dev.klimapaktfirbetriber.lu\/de\/wp-json\/wp\/v2\/thematique?post=2076417"},{"taxonomy":"application","embeddable":true,"href":"https:\/\/dev.klimapaktfirbetriber.lu\/de\/wp-json\/wp\/v2\/application?post=2076417"}],"curies":[{"name":"wp","href":"https:\/\/api.w.org\/{rel}","templated":true}]}}