{"id":1700,"date":"2023-06-07T11:04:10","date_gmt":"2023-06-07T09:04:10","guid":{"rendered":"https:\/\/dev.klimapaktfirbetriber.lu\/mesures\/optimiser-le-systeme-declairage-en-entreprise-pour-economiser-la-consommation-delectricite\/"},"modified":"2025-06-30T10:00:48","modified_gmt":"2025-06-30T08:00:48","slug":"optimierung-des-beleuchtungssystems","status":"publish","type":"mesures","link":"https:\/\/dev.klimapaktfirbetriber.lu\/de\/massnahmen\/optimierung-des-beleuchtungssystems\/","title":{"rendered":"Optimierung des Beleuchtungssystems in Unternehmen, um den Stromverbrauch zu senken"},"content":{"rendered":"\n<h2 class=\"wp-block-heading\">Energiesparen: Die Beleuchtung als Schl\u00fcsselfaktor f\u00fcr den Energieverbrauch in Unternehmen.<\/h2>\n\n\n\n<p>Die Beleuchtung macht etwa 10 % des Stromverbrauchs in Geb\u00e4uden aus. Das Einsparpotenzial ist sehr vielf\u00e4ltig und h\u00e4ngt stark vom Zustand und der Verwaltung des Beleuchtungssystems ab. Um dieses Potenzial auszusch\u00f6pfen, bietet diese Ma\u00dfnahme eine Reihe von Optimierungsm\u00f6glichkeiten, die von einfachen Verhaltensschritten bis hin zu einer vollst\u00e4ndigen \u00dcberpr\u00fcfung des Beleuchtungssystems reichen.<\/p>\n\n\n\n<!--more-->\n\n\n\n<h3 class=\"type-numerotation\"><span class=\"type-numerotation-span visually-hidden\"><\/span>Festlegung des Beleuchtungsbedarfs<\/h3>\n\n\n\n<div class=\"wp-block-group\"><div class=\"wp-block-group__inner-container is-layout-constrained wp-block-group-is-layout-constrained\">\n<h4 class=\"wp-block-heading\">Analyse der bestehenden Beleuchtungssituation, einschlie\u00dflich der Au\u00dfenbeleuchtung<\/h4>\n\n\n\n<ul class=\"wp-block-list\">\n<li>Analyse und Messkampagne mit einem Luxmeter, um das Helligkeitsniveau zu kontrollieren.<\/li>\n\n\n\n<li>Bestandsaufnahme der gesamten derzeit installierten Beleuchtung.<\/li>\n<\/ul>\n<\/div><\/div>\n\n\n\n<div class=\"wp-block-group has-light-green-background-color has-background\"><div class=\"wp-block-group__inner-container is-layout-constrained wp-block-group-is-layout-constrained\">\n<h4 class=\"wp-block-heading\">Weiterf\u00fchrende Fragen:<\/h4>\n\n\n\n<ul class=\"wp-block-list\">\n<li>Bestandsaufnahme der aktuellen Beleuchtungssituation durch einen <a href=\"https:\/\/www.fgt.lu\/de\/unsere-mitglieder\/\" target=\"_blank\" rel=\"noopener\">qualifizierten Handwerker (zugelassene Elektriker)<\/a>.<\/li>\n<\/ul>\n<\/div><\/div>\n\n\n\n<h3 class=\"type-numerotation\"><span class=\"type-numerotation-span visually-hidden\"><\/span>Umsetzung von Optimierungsma\u00dfnahmen f\u00fcr die Beleuchtung im Betrieb<\/h3>\n\n\n\n<ul class=\"wp-block-list\">\n<li><strong>Modernisierung der Beleuchtungsanlagen<\/strong><br>\n<ul class=\"wp-block-list\">\n<li>Festlegung der Mindestbeleuchtungsst\u00e4rke je nach T\u00e4tigkeit. Die Muster-Sicherheits- und Gesundheitsvorschrift \u201eBeleuchtung und Arbeitsst\u00e4tten\u201c <a href=\"https:\/\/itm.public.lu\/dam-assets\/fr\/securite-sante\/conditions-types\/itm-cl-1-100\/ITM-CL-55-2.pdf\" target=\"_blank\" rel=\"noopener\">(ITM-CL 55.2<\/a>) legt die minimale Nennlichtst\u00e4rke fest, die je nach T\u00e4tigkeit eingehalten werden muss.<br>Zum Beispiel: Es ist notwendig, eine nominale Lichtst\u00e4rke von 300 Lux in einem Besprechungsraum zu haben.<\/li>\n\n\n\n<li>Ersatz der aktuellen Beleuchtungsanlage durch eine geeignete Anlage, die den tats\u00e4chlichen Bedarf und die folgenden Parameter ber\u00fccksichtigt: Lichtstromf\u00fchrung, Blendeffekte, Nutzungsdauer, Wartungs- und Reinigungsfreundlichkeit.<\/li>\n\n\n\n<li>F\u00fcr den Austausch der gesamten Anlage wird empfohlen, sich von einem Fachmann des Sektors begleiten zu lassen (<a href=\"https:\/\/www.fgt.lu\/de\/unsere-mitglieder\/?selectCat=Elektriker&amp;searchKeywords=\" target=\"_blank\" data-type=\"link\" data-id=\"https:\/\/www.fgt.lu\/de\/unsere-mitglieder\/?selectCat=Elektriker&amp;searchKeywords=\" rel=\"noreferrer noopener\">zugelassene Elektriker<\/a>, <a href=\"https:\/\/www.oai.lu\/fr\/9\/topmenu\/annuaire-membres\/\" target=\"_blank\" rel=\"noopener\">Planungsb\u00fcros<\/a>, Hersteller).<\/li>\n<\/ul>\n<\/li>\n<\/ul>\n\n\n\n<ul class=\"wp-block-list\">\n<li><strong><strong>Austausch von Lichtquellen<\/strong><\/strong>\n<ul class=\"wp-block-list\">\n<li>Auswahl der neuen Lichtquelle unter Ber\u00fccksichtigung der Lichttemperatur und der Lichtleistung.<\/li>\n\n\n\n<li>Angabe der Effizienz von Leuchtmitteln <a href=\"https:\/\/ec.europa.eu\/commission\/presscorner\/detail\/en\/ip_21_4484\" target=\"_blank\" rel=\"noreferrer noopener\">durch die EU-Energiekennzeichnung.<\/a><br><\/li>\n<\/ul>\n<\/li>\n\n\n\n<li><strong><strong>Effiziente Regelung der Lichtanlage<\/strong><\/strong>\n<ul class=\"wp-block-list\">\n<li>Zeitgesteuerte Regelung<\/li>\n\n\n\n<li>Installation von Bewegungsmeldern<\/li>\n\n\n\n<li>Zeitschaltuhr<\/li>\n\n\n\n<li>Dimmung<\/li>\n\n\n\n<li>D\u00e4mmerungsschalter<\/li>\n<\/ul>\n<\/li>\n<\/ul>\n\n\n\n<p class=\"has-light-green-background-color has-background\"><strong><strong>Intelligentes Lichtmanagementsystem<\/strong><\/strong><br>Je nachdem, wie komplex die Beleuchtungssituation in einem Unternehmen ist, sollte die Einf\u00fchrung eines intelligenten Lichtmanagementsystems in Betracht gezogen werden.<br>Die Begleitung durch einen <a href=\"https:\/\/www.fgt.lu\/de\/unsere-mitglieder\/\" target=\"_blank\" rel=\"noreferrer noopener\">qualifizierten Handwerker<\/a> oder ein <a href=\"https:\/\/www.oai.lu\/fr\/9\/topmenu\/annuaire-membres\/\" target=\"_blank\" rel=\"noreferrer noopener\">Planungsb\u00fcro<\/a> ist empfehlenswert.<\/p>\n\n\n\n<ul class=\"wp-block-list\">\n<li><strong><strong>Sensibilisierung der Mitarbeiter<\/strong><\/strong><br><br>Einsparungen bei der Beleuchtung k\u00f6nnen schnell durch einfache Ma\u00dfnahmen erzielt werden, die den Komfort der Bewohner in keiner Weise beeintr\u00e4chtigen. Im Folgenden finden Sie einige Beispiele f\u00fcr einfache Ma\u00dfnahmen, die den Verbrauch senken k\u00f6nnen:\n<ul class=\"wp-block-list\">\n<li>Schalten Sie das Licht aus, wenn Sie den Raum verlassen.<\/li>\n\n\n\n<li>Installieren Sie eine Zeitschaltuhr, um das gesamte Licht in den N\u00e4chten auszuschalten.<\/li>\n\n\n\n<li>LEDs verwenden<\/li>\n\n\n\n<li>Bewegungsmelder in Durchgangsbereichen installieren (Flur, Parkplatz, Treppe, Sanit\u00e4ranlagen, etc. \u2026)<\/li>\n\n\n\n<li>Nat\u00fcrliches Tageslicht nutzen (Schreibtische im 90\u00b0-Winkel zu den Fenstern aufstellen, etc. \u2026)<\/li>\n\n\n\n<li>Verwenden Sie bei Bedarf zus\u00e4tzlich eine Zusatzbeleuchtung, um den Arbeitsbereich gleichm\u00e4\u00dfig auszuleuchten.<\/li>\n\n\n\n<li>Dimmbare Beleuchtungen installieren und diese je nach Intensit\u00e4t des nat\u00fcrlichen Lichts einsetzen<br><\/li>\n<\/ul>\n<\/li>\n\n\n\n<li><strong><strong>Bei der Planung des Geb\u00e4udes, Optimierung der R\u00e4ume, um eine bessere Lichtleistung zu gew\u00e4hrleisten.<\/strong><\/strong>\n<ul class=\"wp-block-list\">\n<li>Maximierung der Nutzung des Tageslichts (z. B.: Lichtsch\u00e4chte, Glasfl\u00e4chen).<\/li>\n\n\n\n<li>Materialwahl: helle Farben und Lichtdurchl\u00e4ssigkeit der W\u00e4nde.<\/li>\n\n\n\n<li>Installieren Sie eine Zeitschaltuhr, um alle Lampen f\u00fcr die Nacht auszuschalten.<\/li>\n\n\n\n<li>Unabh\u00e4ngige Beleuchtungszonen einrichten.<\/li>\n\n\n\n<li>Dimmbare Beleuchtungen installieren und sie entsprechend der Intensit\u00e4t des nat\u00fcrlichen Lichts nutzen<\/li>\n\n\n\n<li>Installieren Sie Bewegungsmelder in Durchgangsbereichen (Flur, Parkplatz, Treppe, Sanit\u00e4rbereich, \u2026)<\/li>\n\n\n\n<li>Richtlinien f\u00fcr verschiedene Anwendungen in Industrie und Handel: <a href=\"https:\/\/www.licht.de\/de\/lichtanwendungen\/gebaeude\/7-industrie-und-gewerbe\" target=\"_blank\" rel=\"noreferrer noopener\">Licht.de<\/a><\/li>\n\n\n\n<li>Verwenden Sie einen Lichtsimulator, wie z. B. <a href=\"https:\/\/www.dialux.com\/de-DE\/\" target=\"_blank\" data-type=\"link\" data-id=\"https:\/\/www.dialux.com\/de-DE\/\" rel=\"noreferrer noopener\">Dialux<\/a>.<\/li>\n<\/ul>\n<\/li>\n<\/ul>\n\n\n\n<h3 class=\"type-numerotation\"><span class=\"type-numerotation-span visually-hidden\"><\/span>Beantragung der Beihilfen<\/h3>\n\n\n\n<p class=\"has-light-green-background-color has-background\"><strong>Achtung: Anreizwirkung, die bei der Beantragung von (staatlichen oder nicht-staatlichen) Beihilfen beachtet werden muss, vorbehaltlich der Einhaltung der F\u00f6rderungsbedingungen<\/strong><br>Um den \u201eAnreizeffekt\u201c zu respektieren, d\u00fcrfen keine verbindlichen Verpflichtungen (Unterzeichnung eines Kostenvoranschlags; Anzahlung) eingegangen werden, BEVOR die grunds\u00e4tzliche Zustimmung des Staates oder des Strom- und Erdgasversorgers aufgrund eines F\u00f6rderantrags vorliegt.<\/p>\n\n\n\n<h4 class=\"wp-block-heading\">Staatliche Beihilfen<\/h4>\n\n\n\n<ul class=\"wp-block-list\">\n<li><strong><a href=\"https:\/\/guichet.public.lu\/de\/entreprises\/financement-aides\/regime-sme-packages\/soutien-pme\/sme-packages-sustainability.html\" data-type=\"URL\" data-id=\"https:\/\/guichet.public.lu\/fr\/entreprises\/financement-aides\/regime-sme-packages\/sme-packages-sustainability.html\" target=\"_blank\" rel=\"noreferrer noopener\">SME Packages &#8211; Sustainability<\/a><\/strong>\n<ul class=\"wp-block-list\">\n<li>Finanzielle F\u00f6rderung f\u00fcr kleine und mittlere Unternehmen, welche bis zu 70 % der f\u00f6rderf\u00e4higen Kosten f\u00fcr die Umsetzung eines Projekts zur Reduzierung der Umweltbelastung deckt. Das zul\u00e4ssige Projektbudget muss zwischen 3.000 \u20ac und 25.000 \u20ac zzgl. MwSt. liegen.<\/li>\n\n\n\n<li>Bei Fragen:\n<ul class=\"wp-block-list\">\n<li><a href=\"mailto:ehandwierk@cdm.lu\" data-type=\"URL\" data-id=\"https:\/\/services.cdm.lu\/gestion-entreprise\/digitalisation\/sme-packages\" target=\"_blank\" rel=\"noreferrer noopener\">Chambre des M\u00e9tiers<\/a> f\u00fcr Handwerker<\/li>\n\n\n\n<li><a href=\"mailto:sustainability@cc.lu\" data-type=\"URL\" data-id=\"https:\/\/www.houseofsustainability.lu\/services-aux-entreprises\/accompagnements\/sme-packages-sustainability\" target=\"_blank\" rel=\"noreferrer noopener\">Chambre de Commerce<\/a> f\u00fcr Unternehmen aus dem nicht-handwerklichen Sektor.&nbsp;<\/li>\n<\/ul>\n<\/li>\n<\/ul>\n<\/li>\n<\/ul>\n\n\n\n<ul class=\"wp-block-list\">\n<li><strong><a href=\"https:\/\/guichet.public.lu\/de\/entreprises\/financement-aides\/aides-environnement\/industrie-services\/aide-protec-environnement.html\" target=\"_blank\" data-type=\"link\" data-id=\"https:\/\/guichet.public.lu\/de\/entreprises\/financement-aides\/aides-environnement\/industrie-services.html\" rel=\"noreferrer noopener\">Umweltschutzregelung \u2013 Beihilfen f\u00fcr Investitionsvorhaben zugunsten des Umweltschutzes<\/a><\/strong>\n<ul class=\"wp-block-list\">\n<li>\u00dcberpr\u00fcfung der F\u00f6rderf\u00e4higkeit des Unternehmens und der Kosten: <a href=\"https:\/\/guichet.public.lu\/de\/citoyens\/organismes\/organismes_entreprises\/ministere-economie\/direction-recherche-innov.html\" target=\"_blank\" rel=\"noopener\">Generaldirektion &#8211; Industrie, neue Technologien und Forschung<\/a>.<\/li>\n\n\n\n<li>Unterst\u00fctzung bei der Erstellung der Antragsunterlagen vor der Einreichung beim Wirtschaftsministerium.<\/li>\n\n\n\n<li>Bei Fragen: <a href=\"mailto:aides@luxinnovation.lu\" target=\"_blank\" data-type=\"mailto\" data-id=\"mailto:aides@luxinnovation.lu\" rel=\"noreferrer noopener\">Luxinnovation<\/a><\/li>\n\n\n\n<li>Weitere Informationen und Orientierungshilfen f\u00fcr Unternehmen zu Umweltinvestitionen sind im <a href=\"https:\/\/luxinnovation.lu\/getmedia\/ef53005c-714b-47fe-9e93-4ded9ec74387\/guide-env-simplifie-meco-lxi-20221020-(2).pdf\" data-type=\"link\" data-id=\"https:\/\/www.luxinnovation.lu\/wp-content\/uploads\/sites\/3\/2022\/11\/guide-env-simplifie-meco-lxi-20221020.pdf\" target=\"_blank\" rel=\"noreferrer noopener\">vereinfachten Leitfaden f\u00fcr Unternehmen (FR)<\/a> zu finden.<\/li>\n<\/ul>\n<\/li>\n<\/ul>\n\n\n\n<p class=\"has-light-green-background-color has-background\"><strong>N.B.: Staatliche F\u00f6rdermittel k\u00f6nnen f\u00fcr ein Projekt nicht miteinander kumuliert werden.<\/strong><\/p>\n\n\n\n<h4 class=\"wp-block-heading\">Beihilfen von Strom- und Erdgasanbietern<\/h4>\n\n\n\n<p>Seit 2015 sind Erdgas- und Stromversorger im Rahmen des Verpflichtungsmechanismus verpflichtet, Energieeinsparungen bei den Verbrauchern zu erzielen. Seitdem bieten die Energieversorger Begleit- und Beratungsdienste sowie F\u00f6rderprogramme f\u00fcr Verbraucher zur Umsetzung von Energieeffizienzma\u00dfnahmen an.<br><br><strong>Die Anbieter, die diese Dienstleistung f\u00fcr Unternehmen anbieten, sind folgende:<\/strong><\/p>\n\n\n\n<ul class=\"wp-block-list\">\n<li><a href=\"https:\/\/www.enoprimes.lu\/de\/unternehmen\/\" target=\"_blank\" data-type=\"URL\" data-id=\"https:\/\/www.enoprimes.lu\/fr\/\" rel=\"noreferrer noopener\">Enoprimes Enovos<\/a> + SUDenergie<\/li>\n\n\n\n<li><a href=\"https:\/\/sudenergie.lu\/service\/energiesparen\" target=\"_blank\" data-type=\"mailto\" data-id=\"mailto:ps@sudenergie.lu\" rel=\"noreferrer noopener\">SUDenergie<\/a><\/li>\n\n\n\n<li><a href=\"https:\/\/www.sudstroum.lu\/de\/hauptseite-kundenservice\/energieberatung-finanzielle-unterstutzung\/\" target=\"_blank\" data-type=\"mailto\" data-id=\"mailto:subvention@sudstroum.lu\" rel=\"noreferrer noopener\">Sudstroum<\/a><\/li>\n<\/ul>\n\n\n\n<p class=\"has-light-green-background-color has-background\"><strong>Es ist zu beachten, dass die Beihilfen der Anbieter mit jeder staatlichen Beihilfe f\u00fcr dasselbe Projekt kumulierbar sind.<\/strong><\/p>\n","protected":false},"featured_media":770,"parent":0,"template":"","secteur":[79,90,130,81,82,139,80,122,84,133,85,89,86,87],"thematique":[91],"application":[113,110,127],"class_list":["post-1700","mesures","type-mesures","status-publish","has-post-thumbnail","hentry","secteur-horeca-de","secteur-gesundheits-und-pflegesektor","secteur-boulanger-de","secteur-baubranche","secteur-handel","secteur-lebensmittelgeschaft","secteur-handwerk","secteur-metzgerei","secteur-industrie","secteur-schreinerei","secteur-werkstatt","secteur-landwirtschaft-weinbau","secteur-transport","secteur-verwaltung","thematique-energie-de","application-beleuchtung","application-gebaeude","application-strom"],"acf":[],"_links":{"self":[{"href":"https:\/\/dev.klimapaktfirbetriber.lu\/de\/wp-json\/wp\/v2\/mesures\/1700","targetHints":{"allow":["GET"]}}],"collection":[{"href":"https:\/\/dev.klimapaktfirbetriber.lu\/de\/wp-json\/wp\/v2\/mesures"}],"about":[{"href":"https:\/\/dev.klimapaktfirbetriber.lu\/de\/wp-json\/wp\/v2\/types\/mesures"}],"version-history":[{"count":24,"href":"https:\/\/dev.klimapaktfirbetriber.lu\/de\/wp-json\/wp\/v2\/mesures\/1700\/revisions"}],"predecessor-version":[{"id":1387769,"href":"https:\/\/dev.klimapaktfirbetriber.lu\/de\/wp-json\/wp\/v2\/mesures\/1700\/revisions\/1387769"}],"wp:featuredmedia":[{"embeddable":true,"href":"https:\/\/dev.klimapaktfirbetriber.lu\/de\/wp-json\/wp\/v2\/media\/770"}],"wp:attachment":[{"href":"https:\/\/dev.klimapaktfirbetriber.lu\/de\/wp-json\/wp\/v2\/media?parent=1700"}],"wp:term":[{"taxonomy":"secteur","embeddable":true,"href":"https:\/\/dev.klimapaktfirbetriber.lu\/de\/wp-json\/wp\/v2\/secteur?post=1700"},{"taxonomy":"thematique","embeddable":true,"href":"https:\/\/dev.klimapaktfirbetriber.lu\/de\/wp-json\/wp\/v2\/thematique?post=1700"},{"taxonomy":"application","embeddable":true,"href":"https:\/\/dev.klimapaktfirbetriber.lu\/de\/wp-json\/wp\/v2\/application?post=1700"}],"curies":[{"name":"wp","href":"https:\/\/api.w.org\/{rel}","templated":true}]}}