{"id":1661,"date":"2023-04-27T11:56:27","date_gmt":"2023-04-27T09:56:27","guid":{"rendered":"https:\/\/dev.klimapaktfirbetriber.lu\/mesures\/optimisation-air-comprime\/"},"modified":"2025-04-30T13:57:06","modified_gmt":"2025-04-30T11:57:06","slug":"optimierung-der-verwaltung-des-druckluftsystems-in-unternehmen","status":"publish","type":"mesures","link":"https:\/\/dev.klimapaktfirbetriber.lu\/de\/massnahmen\/optimierung-der-verwaltung-des-druckluftsystems-in-unternehmen\/","title":{"rendered":"Optimierung der Verwaltung des Druckluftsystems in Unternehmen"},"content":{"rendered":"\n<h2 class=\"wp-block-heading\">Beherrschen der Betriebskosten im Zusammenhang mit dem betrieblichen Druckluftsystem<\/h2>\n\n\n\n<p>Druckluft ist ein Energietr\u00e4ger, der in vielen Branchen h\u00e4ufig eingesetzt wird, insbesondere bei der Verwendung von Produktionsmaschinen und speziellen Druckluftwerkzeugen. Trotz ihrer umfangreichen Nutzung ist sie ein schwer zu kontrollierender Energietr\u00e4ger, der hohe Betriebskosten verursacht. In einer unbeaufsichtigten Anlage k\u00f6nnen die Verluste bei der Erzeugung von W\u00e4rme und bei der Verteilung durch Lecks bis zu 90 % betragen. Durch regelm\u00e4\u00dfige Bedarfsanalysen und Technologie\u00fcberwachung lassen sich die Kosten f\u00fcr Druckluft unter Kontrolle halten. Diese Ma\u00dfnahme ist f\u00fcr jede neue Druckluftanlage erforderlich.<\/p>\n\n\n\n<!--more-->\n\n\n\n<h3 class=\"type-numerotation\"><span class=\"type-numerotation-span visually-hidden\"><\/span>Definition des Druckluftbedarfs<\/h3>\n\n\n\n<h4 class=\"wp-block-heading\">Inspektion der Druckluftanlage<\/h4>\n\n\n\n<ul class=\"wp-block-list\">\n<li>Bewertung des bestehenden Druckluftsystems auf der Grundlage des Leitfadens <a href=\"https:\/\/pubdb.bfe.admin.ch\/fr\/publication\/download\/8662\" data-type=\"URL\" data-id=\"https:\/\/pubdb.bfe.admin.ch\/fr\/publication\/download\/8662\" target=\"_blank\" rel=\"noreferrer noopener\">&#8222;Check in 4 Schritten zur Optimierung der Druckluftanlage&#8220;<\/a><\/li>\n<\/ul>\n\n\n\n<h4 class=\"wp-block-heading\">Neubewertung von Druckluftanwendungen<\/h4>\n\n\n\n<ul class=\"wp-block-list\">\n<li>Angesichts der sehr hohen Kosten f\u00fcr die Nutzung von Druckluft ist es ratsam, vor jeder Optimierung zu pr\u00fcfen, ob Druckluft das beste Mittel f\u00fcr diese Aufgabe ist.<\/li>\n\n\n\n<li>Reduzierung des Netzdrucks so weit wie m\u00f6glich entsprechend dem Druckluftbedarf (vor\u00fcbergehende Senkung m\u00f6glich, abh\u00e4ngig vom Bedarf).<\/li>\n\n\n\n<li>M\u00f6gliche Lecks im bestehenden System erfassen und beseitigen.<\/li>\n<\/ul>\n\n\n\n<div class=\"wp-block-group has-light-green-background-color has-background\"><div class=\"wp-block-group__inner-container is-layout-constrained wp-block-group-is-layout-constrained\">\n<h4 class=\"wp-block-heading\">Um in Ihrem Projekt zur Optimierung des Druckluftsystems einen Schritt weiter zu gehen<\/h4>\n\n\n\n<p>Die Hauptaufgaben eines Ingenieurb\u00fcros (beratender Ingenieur f\u00fcr technische Verfahrenstechnik) im Rahmen der Optimierung des Druckluftsystems sind die folgenden:<\/p>\n\n\n\n<ul class=\"wp-block-list has-light-green-background-color has-background\">\n<li>eine Bestandsaufnahme der Druckluftinfrastruktur durchf\u00fchren<\/li>\n\n\n\n<li>den Energieverbrauch im Zusammenhang mit der Drucklufterzeugung analysieren<\/li>\n\n\n\n<li>das Netz auf Lecks \u00fcberpr\u00fcfen, insbesondere an den Verbindungen zu den Verbrauchern.<\/li>\n<\/ul>\n<\/div><\/div>\n\n\n\n<h3 class=\"type-numerotation\"><span class=\"type-numerotation-span visually-hidden\"><\/span>Umsetzung von Optimierungsma\u00dfnahmen im Bereich Druckluft<\/h3>\n\n\n\n<div class=\"wp-block-group has-light-green-background-color has-background\"><div class=\"wp-block-group__inner-container is-layout-constrained wp-block-group-is-layout-constrained\">\n<h4 class=\"wp-block-heading\">Ernennung eines Druckluftbeauftragten innerhalb des Unternehmens<\/h4>\n\n\n\n<p>Die \u00dcbertragung der Verantwortung f\u00fcr die Druckluft an einen Mitarbeiter erm\u00f6glicht eine st\u00e4ndige Kontrolle, ein offenes Ohr und ein wachsames Auge innerhalb des Unternehmens und in der N\u00e4he der Druckluftger\u00e4te.<\/p>\n<\/div><\/div>\n\n\n\n<h4 class=\"wp-block-heading\">Kontrolle der Druckluftanlage<\/h4>\n\n\n\n<ul class=\"wp-block-list\">\n<li>Minimieren Sie Luftlecks, planen Sie regelm\u00e4\u00dfige Kontrollen, z. B. 1 Mal pro Woche, und verwenden Sie dabei den Leitfaden \u201e<a href=\"https:\/\/pubdb.bfe.admin.ch\/fr\/publication\/download\/9969\" target=\"_blank\" data-type=\"link\" data-id=\"https:\/\/pubdb.bfe.admin.ch\/fr\/publication\/download\/9969\" rel=\"noreferrer noopener\">Les fuites d\u2019air comprim\u00e9 vous co\u00fbtent cher<\/a>&#8222;(Zu teure Luftlecks).<\/li>\n\n\n\n<li>Den Einsatz eines Lecksuchers erw\u00e4gen<\/li>\n\n\n\n<li>Regelm\u00e4\u00dfige Gespr\u00e4che f\u00fchren<\/li>\n\n\n\n<li>Organisieren Sie die regelm\u00e4\u00dfigen Kontrollen (die von einer zugelassenen Stelle durchgef\u00fchrt werden m\u00fcssen).<\/li>\n\n\n\n<li>Optimieren Sie die Installation mit den Schlussfolgerungen aus den Kontrollberichten.<\/li>\n<\/ul>\n\n\n\n<h4 class=\"wp-block-heading\">Einstellen des richtigen Luftdruckniveaus<\/h4>\n\n\n\n<p>Jeder Druckluftverbraucher und jeder Kompressor ist darauf ausgelegt, bei einem bestimmten Druck zu arbeiten. Es geht darum, das Gleichgewicht zwischen der Erzeugung, dem Netz (mit seinen Druckverlusten) und den einzelnen Verbrauchern zu finden.<\/p>\n\n\n\n<h4 class=\"wp-block-heading\">Einf\u00fchrung von Best Practices f\u00fcr die Nutzung der Druckluftanlage<\/h4>\n\n\n\n<ul class=\"wp-block-list\">\n<li>Sensibilisierung der Mitarbeiter, die Druckluft verwenden<\/li>\n\n\n\n<li>Betriebszeiten an die Arbeitszeiten anpassen, z. B. Abschaltung in der Nacht, am Wochenende, vor\u00fcbergehende Abschaltung usw.<\/li>\n<\/ul>\n\n\n\n<h4 class=\"wp-block-heading\">R\u00fcckgewinnung von Abw\u00e4rme:<\/h4>\n\n\n\n<p>Pr\u00fcfen, ob die Nutzung der Abw\u00e4rme m\u00f6glich ist. Die zur\u00fcckgewonnene W\u00e4rme kann zum Beispiel zur Erw\u00e4rmung des Brauchwassers oder der R\u00e4ume verwendet werden. Die Nutzung von Abw\u00e4rme mithilfe eines W\u00e4rmetauschers ist in der Regel wirtschaftlich, wenn die Gr\u00f6\u00dfe des Kompressors 15 kW oder mehr betr\u00e4gt. Bei idealen Bedingungen kann die Installation einer W\u00e4rmer\u00fcckgewinnung auch bei kleineren Kompressoren sinnvoll sein.<\/p>\n\n\n\n<p><strong>Folgende Punkte sollten gekl\u00e4rt werden:<\/strong><\/p>\n\n\n\n<ul class=\"wp-block-list\">\n<li>Kann man die Abw\u00e4rme bei der Druckluftanlage im Winter f\u00fcr eine Warmluftheizung nutzen?<\/li>\n\n\n\n<li>Ist es m\u00f6glich, die Anlage mit einem W\u00e4rmetauscher zu koppeln (Verwendung zur Unterst\u00fctzung der Heizung, der Warmwasserbereitung oder f\u00fcr Prozessw\u00e4rme)?<\/li>\n\n\n\n<li>Ist eine Nutzung der Abw\u00e4rme wirtschaftlich sinnvoll?<\/li>\n\n\n\n<li>Kann die Abw\u00e4rme des Kompressors abgef\u00fchrt werden, wenn keine Nutzung stattfindet (im Sommer)?<\/li>\n\n\n\n<li>Ist das System noch anwendungsgerecht und effizient genug? (Installation eines neuen Druckluftsystems)<\/li>\n<\/ul>\n\n\n\n<div class=\"wp-block-group\"><div class=\"wp-block-group__inner-container is-layout-constrained wp-block-group-is-layout-constrained\">\n<div class=\"wp-block-group has-light-green-background-color has-background\"><div class=\"wp-block-group__inner-container is-layout-constrained wp-block-group-is-layout-constrained\">\n<p><strong>Gut zu wissen<\/strong><\/p>\n\n\n\n<p>Mit kleinen Investitionen l\u00e4sst sich noch mehr Energie sparen:<\/p>\n\n\n\n<ul class=\"wp-block-list\">\n<li>Automatische Ausl\u00f6sung hinzuf\u00fcgen<\/li>\n\n\n\n<li>Druckreduzierende Ventile einbauen<\/li>\n\n\n\n<li>Ersetzen Sie die zeitgesteuerten Kondensatableiter<\/li>\n\n\n\n<li>Dauerverbraucher mit Magnetventilen ausstatten<\/li>\n\n\n\n<li>Alte Fittings durch verlustarmes Material ersetzen<\/li>\n<\/ul>\n<\/div><\/div>\n<\/div><\/div>\n\n\n\n<h3 class=\"type-numerotation\"><span class=\"type-numerotation-span visually-hidden\"><\/span>Beantragung der Beihilfen<\/h3>\n\n\n\n<h4 class=\"wp-block-heading\">Staatliche Beihilfen<\/h4>\n\n\n\n<p class=\"has-light-green-background-color has-background\"><strong>Achtung: Achtung: Anreizwirkung, die bei der Beantragung von (staatlichen oder nicht-staatlichen) F\u00f6rdermitte<\/strong>l<strong>n beachtet werden muss, vorbehaltlich der Einhaltung der F\u00f6rderungsbedingungen<\/strong><\/p>\n\n\n\n<div class=\"wp-block-group has-white-background-color has-background is-vertical is-layout-flex wp-container-core-group-is-layout-8cf370e7 wp-block-group-is-layout-flex\">\n<ul class=\"wp-block-list has-white-background-color has-background\">\n<li><strong><a href=\"https:\/\/guichet.public.lu\/de\/entreprises\/financement-aides\/regime-sme-packages\/soutien-pme\/sme-packages-sustainability.html\" data-type=\"link\" data-id=\"https:\/\/guichet.public.lu\/de\/entreprises\/financement-aides\/regime-sme-packages\/soutien-pme\/sme-packages-sustainability.html\" target=\"_blank\" rel=\"noopener\">SME Packages &#8211; Nachhaltigkeit<\/a><\/strong>\n<ul class=\"wp-block-list\">\n<li>Finanzielle F\u00f6rderung f\u00fcr kleine und mittlere Unternehmen, welche bis zu 70 % der f\u00f6rderf\u00e4higen Kosten f\u00fcr die Umsetzung eines Projekts zur Reduzierung der Umweltbelastung deckt. Das zul\u00e4ssige Projektbudget muss zwischen 3.000 \u20ac und 25.000 \u20ac zzgl. MwSt. liegen.<\/li>\n\n\n\n<li>Bei Fragen:\n<ul class=\"wp-block-list\">\n<li><a href=\"https:\/\/services.cdm.lu\/gestion-entreprise\/digitalisation\/sme-packages\" target=\"_blank\" rel=\"noreferrer noopener\">Chambre des M\u00e9tiers<\/a> f\u00fcr Handwerker<\/li>\n\n\n\n<li><a href=\"mailto:sustainability@cc.lu\" target=\"_blank\" rel=\"noreferrer noopener nofollow\">Chambre de Commerce<\/a> f\u00fcr Unternehmen im nicht-handwerklichen Bereich<br><\/li>\n<\/ul>\n<\/li>\n<\/ul>\n<\/li>\n\n\n\n<li><strong>KMU-Regelung &#8211; <a href=\"https:\/\/guichet.public.lu\/de\/entreprises\/financement-aides\/regime-pme\/aides-generales-pme\/aide-service-conseil.html\" target=\"_blank\" data-type=\"link\" data-id=\"https:\/\/guichet.public.lu\/de\/entreprises\/financement-aides\/regime-pme\/aides-generales-pme\/aide-service-conseil.html\" rel=\"noreferrer noopener\">Beihilfe f\u00fcr Beratungsdienste<\/a><\/strong>\n<ul class=\"wp-block-list\">\n<li>Beihilfe f\u00fcr kleine oder mittlere Unternehmen, bis zu 50 % der Honorare f\u00fcr externe Berater f\u00fcr Beratungsdienste<\/li>\n\n\n\n<li>Pr\u00fcfung der F\u00f6rderf\u00e4higkeit des Projekts und Bewilligungsstelle: <a href=\"mailto:info.aide.pme@eco.etat.lu\" data-type=\"link\" data-id=\"info.aide.pme@eco.etat.lu\" target=\"_blank\" rel=\"noreferrer noopener\">Ministerium f\u00fcr Wirtschaft (Abteilung Beihilfen f\u00fcr KMU)<\/a><\/li>\n\n\n\n<li>F\u00fcr Fragen:\n<ul class=\"wp-block-list\">\n<li><a href=\"mailto:c%6f%6et%61c%74@cd%6d%2el%75\">Chambre des M\u00e9tiers<\/a> f\u00fcr Handwerker<\/li>\n\n\n\n<li><a href=\"mailto:sustainability@cc.lu\" target=\"_blank\" data-type=\"mailto\" data-id=\"mailto:sustainability@cc.lu\" rel=\"noreferrer noopener\">Chambre de Commerce <\/a>f\u00fcr Unternehmen aus dem nicht-handwerklichen Sektor<\/li>\n<\/ul>\n<\/li>\n<\/ul>\n<\/li>\n<\/ul>\n\n\n\n<p class=\"has-light-green-background-color has-background\"><strong>N.B. Staatliche Beihilfen k\u00f6nnen f\u00fcr ein Projekt nicht kumuliert werden.<\/strong><\/p>\n\n\n\n<h4 class=\"wp-block-heading\">Antrag auf Unterst\u00fctzung von Strom- und Erdgasanbietern f\u00fcr Druckluftanlagen<\/h4>\n\n\n\n<p>Seit 2015 sind die Erdgas- und Stromversorger im Rahmen des Verpflichtungsmechanismus verpflichtet, Energieeinsparungen bei den Verbrauchern zu erzielen. Seitdem bieten die Energieversorger Begleit- und Beratungsleistungen sowie F\u00f6rderprogramme f\u00fcr Verbraucher zur Umsetzung von Energieeffizienzma\u00dfnahmen an.<br><br><strong>Die Anbieter, die diesen Service f\u00fcr Unternehmen anbieten, sind folgende:<\/strong><\/p>\n\n\n\n<ul class=\"wp-block-list\">\n<li><a href=\"https:\/\/www.enoprimes.lu\/de\/unternehmen\/\" target=\"_blank\" data-type=\"URL\" data-id=\"https:\/\/www.enoprimes.lu\/fr\/\" rel=\"noreferrer noopener\">Enoprimes Enovos<\/a> + SUDenergie<\/li>\n\n\n\n<li><a href=\"https:\/\/sudenergie.lu\/service\/energiesparen\" target=\"_blank\" data-type=\"mailto\" data-id=\"mailto:ps@sudenergie.lu\" rel=\"noreferrer noopener\">SUDenergie<\/a><\/li>\n\n\n\n<li><a href=\"https:\/\/www.sudstroum.lu\/de\/hauptseite-kundenservice\/energieberatung-finanzielle-unterstutzung\/\" target=\"_blank\" data-type=\"mailto\" data-id=\"mailto:subvention@sudstroum.lu\" rel=\"noreferrer noopener\">Sudstroum<\/a><\/li>\n<\/ul>\n<\/div>\n\n\n\n<p class=\"has-light-green-background-color has-background\"><strong>N.B.: Die Beihilfen der Lieferanten sind mit jeder staatlichen Beihilfe f\u00fcr ein und dasselbe Projekt kumulierbar.<\/strong><\/p>\n","protected":false},"featured_media":652,"parent":0,"template":"","secteur":[90,82,80,84,133,85,89,86,87],"thematique":[91,96],"application":[108],"class_list":["post-1661","mesures","type-mesures","status-publish","has-post-thumbnail","hentry","secteur-gesundheits-und-pflegesektor","secteur-handel","secteur-handwerk","secteur-industrie","secteur-schreinerei","secteur-werkstatt","secteur-landwirtschaft-weinbau","secteur-transport","secteur-verwaltung","thematique-energie-de","thematique-mobilitaet-und-transport","application-druckluft"],"acf":[],"_links":{"self":[{"href":"https:\/\/dev.klimapaktfirbetriber.lu\/de\/wp-json\/wp\/v2\/mesures\/1661","targetHints":{"allow":["GET"]}}],"collection":[{"href":"https:\/\/dev.klimapaktfirbetriber.lu\/de\/wp-json\/wp\/v2\/mesures"}],"about":[{"href":"https:\/\/dev.klimapaktfirbetriber.lu\/de\/wp-json\/wp\/v2\/types\/mesures"}],"version-history":[{"count":19,"href":"https:\/\/dev.klimapaktfirbetriber.lu\/de\/wp-json\/wp\/v2\/mesures\/1661\/revisions"}],"predecessor-version":[{"id":929266,"href":"https:\/\/dev.klimapaktfirbetriber.lu\/de\/wp-json\/wp\/v2\/mesures\/1661\/revisions\/929266"}],"wp:featuredmedia":[{"embeddable":true,"href":"https:\/\/dev.klimapaktfirbetriber.lu\/de\/wp-json\/wp\/v2\/media\/652"}],"wp:attachment":[{"href":"https:\/\/dev.klimapaktfirbetriber.lu\/de\/wp-json\/wp\/v2\/media?parent=1661"}],"wp:term":[{"taxonomy":"secteur","embeddable":true,"href":"https:\/\/dev.klimapaktfirbetriber.lu\/de\/wp-json\/wp\/v2\/secteur?post=1661"},{"taxonomy":"thematique","embeddable":true,"href":"https:\/\/dev.klimapaktfirbetriber.lu\/de\/wp-json\/wp\/v2\/thematique?post=1661"},{"taxonomy":"application","embeddable":true,"href":"https:\/\/dev.klimapaktfirbetriber.lu\/de\/wp-json\/wp\/v2\/application?post=1661"}],"curies":[{"name":"wp","href":"https:\/\/api.w.org\/{rel}","templated":true}]}}