{"id":1468,"date":"2023-06-06T15:04:32","date_gmt":"2023-06-06T13:04:32","guid":{"rendered":"https:\/\/dev.klimapaktfirbetriber.lu\/mesures\/optimisation-unite-chaleur-entreprise\/"},"modified":"2025-06-30T09:58:55","modified_gmt":"2025-06-30T07:58:55","slug":"optimierung-der-bestehenden-waermeerzeugungseinheit-in-unternehmen","status":"publish","type":"mesures","link":"https:\/\/dev.klimapaktfirbetriber.lu\/de\/massnahmen\/optimierung-der-bestehenden-waermeerzeugungseinheit-in-unternehmen\/","title":{"rendered":"Optimierung der bestehenden W\u00e4rmeerzeugungseinheit in Unternehmen"},"content":{"rendered":"\n<h2 class=\"wp-block-heading\">Sicherstellung einer effizienten Leistung des Heizsystems in Unternehmen<\/h2>\n\n\n\n<p>Die Erzeugung von W\u00e4rme f\u00fcr die R\u00e4umlichkeiten und Produktionsprozesse stellt einen erheblichen Kostenfaktor dar. Um die Heizkosten zu reduzieren, ist es daher von entscheidender Bedeutung, einen ordnungsgem\u00e4\u00dfen Betrieb zu gew\u00e4hrleisten sowie die Wirtschaftlichkeit des Heizsystems zu optimieren. Dazu geh\u00f6ren auch alle peripheren Einrichtungen, die W\u00e4rmeerzeugung und -verteilung.<\/p>\n\n\n\n<!--more-->\n\n\n\n<h3 class=\"type-numerotation\"><span class=\"type-numerotation-span visually-hidden\"><\/span>Festlegung des Heizbedarfs des Unternehmens<\/h3>\n\n\n\n<h4 class=\"wp-block-heading\">Inspektion der Heizungsanlage<\/h4>\n\n\n\n<ul class=\"wp-block-list\">\n<li>Bestimmung der unterschiedlichen Parameter der aktuellen Anlage, z. B.: Alter, allgemeiner Zustand, Temperaturniveau, Verbrauch und damit verbundene Kosten usw.<\/li>\n\n\n\n<li>Energetische Bewertung des Heizsystems durch den Inspektionsprozess \u201e<a href=\"http:\/\/www.heizungscheck.lu\" target=\"_blank\" rel=\"noopener\">Heizungscheck<\/a>\u201c durch einen <a href=\"https:\/\/www.fgt.lu\/de\/unsere-mitglieder\/\" target=\"_blank\" rel=\"noopener\">qualifizierten Handwerker (Heizungsinstallateur).<\/a><\/li>\n<\/ul>\n\n\n\n<div class=\"wp-block-group\"><div class=\"wp-block-group__inner-container is-layout-constrained wp-block-group-is-layout-constrained\">\n<div class=\"wp-block-group has-light-green-background-color has-background\"><div class=\"wp-block-group__inner-container is-layout-constrained wp-block-group-is-layout-constrained\">\n<p><strong>Weiterf\u00fchrende Fragen zu Ihrem Heizungsinstallationsprojekt<\/strong><\/p>\n\n\n\n<ul class=\"wp-block-list\">\n<li>Analyse des W\u00e4rmeverbrauchs: <br>Ermittlung der Entwicklung des W\u00e4rmeverbrauchs auf der Grundlage der letzten Energierechnungen, ggf. auf der Grundlage von Z\u00e4hlerdaten.<\/li>\n\n\n\n<li>Abgleich der Verbrauchsdaten mit den Produktionsindikatoren der Heizung.<\/li>\n\n\n\n<li>\u00dcberpr\u00fcfung des Netzwerks auf Lecks.<\/li>\n<\/ul>\n<\/div><\/div>\n<\/div><\/div>\n\n\n\n<h3 class=\"type-numerotation\"><span class=\"type-numerotation-span visually-hidden\"><\/span>Umsetzung der Ma\u00dfnahmen zur Optimierung der Heizungsanlage<\/h3>\n\n\n\n<h4 class=\"wp-block-heading\">F\u00fcr die W\u00e4rmeerzeugung<\/h4>\n\n\n\n<ul class=\"wp-block-list\">\n<li>Regelm\u00e4\u00dfige Wartung und Kontrolle der W\u00e4rmeerzeugungseinheiten.<\/li>\n\n\n\n<li>Bedarfsgerechte Optimierung der Betriebszeiten der Anlage, z. B. Nachtabsenkung, Sommerbetrieb usw. =&gt; Von EnergieSchweiz entwickelte Zusatzinformationen \u201eAusserhalb der Nutzungszeit die Vorlauftemperatur reduzieren\u201c und \u201e<a href=\"https:\/\/pubdb.bfe.admin.ch\/de\/publication\/download\/9976\" target=\"_blank\" data-type=\"link\" data-id=\"https:\/\/pubdb.bfe.admin.ch\/de\/publication\/download\/9976\" rel=\"noreferrer noopener\">Verabschieden Sie die Heizung in die Sommerpause<\/a>\u201c<\/li>\n\n\n\n<li>Kontrolle der Heizkurve =&gt; Von EnergieSchweiz entwickelte Zusatzinformationen \u201e<a href=\"https:\/\/pubdb.bfe.admin.ch\/de\/publication\/download\/9982\" target=\"_blank\" data-type=\"link\" data-id=\"https:\/\/pubdb.bfe.admin.ch\/de\/publication\/download\/9982\" rel=\"noreferrer noopener\">Heizkurve richtig einstellen\u201c.<\/a><\/li>\n<\/ul>\n\n\n\n<h4 class=\"wp-block-heading\">F\u00fcr die W\u00e4rmeverteilung<\/h4>\n\n\n\n<ul class=\"wp-block-list\">\n<li>Kontrolle des Durchflusses der Umw\u00e4lzpumpen und der R\u00fccklauftemperaturen. Anpassung unter Ber\u00fccksichtigung der Stillstandszeiten. =&gt; Von EnergieSchweiz entwickelte Zusatzinformationen \u201e<a href=\"https:\/\/pubdb.bfe.admin.ch\/de\/publication\/download\/9974#:~:text=Je%20h%C3%B6her%20die%20Drehzahlstufe%2C%20desto,Schalter%20eine%20kleinere%20Drehzahlstufe%20w%C3%A4hlen.&amp;text=Oft%20f%C3%B6rdern%20Heizungs%2DUmw%C3%A4lzpumpen%20zu,chen%20dadurch%20unn%C3%B6tig%20elektrische%20Energie.\" target=\"_blank\" rel=\"noopener\">F\u00f6rdermenge der Umwelzpumpe reduzieren<\/a>\u201c.&nbsp;<\/li>\n\n\n\n<li>Ersetzen von Umw\u00e4lzpumpen mit festem F\u00f6rderstrom durch energieeffiziente Pumpen mit variablem F\u00f6rderstrom.<\/li>\n\n\n\n<li>Kontrolle, ggf. Isolierung der verschiedenen thermischen Elemente der Anlage (Rohrleitungen, Ventile, Pumpen usw.).<\/li>\n\n\n\n<li>Praktische Regel: Bedecken Sie die Rohrleitungen mit einer Isolierschicht, die mindestens so dick ist wie der Innendurchmesser, idealerweise doppelt so dick wie der Durchmesser der Rohrleitung.<\/li>\n\n\n\n<li>Durchf\u00fchrung eines hydraulischen Abgleichs.<\/li>\n<\/ul>\n\n\n\n<h4 class=\"wp-block-heading\">F\u00fcr den W\u00e4rmeverbrauch<\/h4>\n\n\n\n<ul class=\"wp-block-list\">\n<li>Nutzung von Ger\u00e4ten zur Regelung der Raumtemperatur, z. B.: intelligente Thermostate.&nbsp; =&gt; Von EnergieSchweiz entwickelte Zusatzinformationen \u201e<a href=\"https:\/\/pubdb.bfe.admin.ch\/de\/publication\/download\/9979\" target=\"_blank\" rel=\"noreferrer noopener\">Thermostatventile vor der Heizsaison korrekt einstellen<\/a>\u201c und \u201e<a href=\"https:\/\/pubdb.bfe.admin.ch\/de\/publication\/download\/9980\" target=\"_blank\" rel=\"noreferrer noopener\">Thermostatventile sch\u00fctzen und die Temperatur begrenzen<\/a>\u201c.<\/li>\n\n\n\n<li>Reduzieren oder Abstellen der Heizung in nicht genutzten R\u00e4umen, z. B. Flure, Treppen, Besprechungsr\u00e4ume, technische R\u00e4ume.<\/li>\n\n\n\n<li>Regelm\u00e4\u00dfiges Entl\u00fcften der Heizk\u00f6rper =&gt; Von EnergieSchweiz entwickelte Zusatzinformationen \u201e<a href=\"https:\/\/pubdb.bfe.admin.ch\/de\/publication\/download\/9981#:~:text=Massnahme%20Entl%C3%BCften%20Sie%20im%20Herbst,R%C3%A4ume%20werden%20mit%20Radiatoren%20geheizt.\" target=\"_blank\" rel=\"noreferrer noopener\">Radiatoren<strong> <\/strong>im Herbst entl\u00fcften<\/a>\u201c.&nbsp;<\/li>\n\n\n\n<li>Absenkung der Solltemperatur gem\u00e4\u00df den Empfehlungen der Mindesttemperaturen durch die ITM-Vorschrift \u201eL\u00fcftungs- und Klimaanlagen\u201c. <a href=\"https:\/\/itm.public.lu\/dam-assets\/fr\/securite-sante\/conditions-types\/itm-cl-1100-2000\/ITM-SST-1814-1.pdf\" target=\"_blank\" rel=\"noreferrer noopener\">ITM-SST-1814-1.pdf<\/a><\/li>\n\n\n\n<li>Angemessene Nutzung der Heizung in den Produktionshallen und nur bei Bedarf Luft- oder Infrarotheizungen usw.<\/li>\n\n\n\n<li>Bei der Beheizung von Produktionshallen sollten Luft-, Infrarot- und andere Heizungen nur bei Bedarf eingesetzt werden.<\/li>\n<\/ul>\n\n\n\n<h3 class=\"type-numerotation\"><span class=\"type-numerotation-span visually-hidden\"><\/span>Antrag auf Beihilfen<\/h3>\n\n\n\n<div class=\"wp-block-group has-light-green-background-color has-background\"><div class=\"wp-block-group__inner-container is-layout-constrained wp-block-group-is-layout-constrained\">\n<p><strong>Achtung: Anreizwirkung, die bei der Beantragung von (staatlichen oder nicht-staatlichen) F\u00f6rdermitteln beachtet werden muss, vorbehaltlich der Einhaltung der F\u00f6rderungsbedingungen<\/strong><\/p>\n\n\n\n<p>Um den Anreizeffekt zu wahren, d\u00fcrfen keine verbindlichen Verpflichtungen (Unterzeichnung eines Kostenvoranschlags; Anzahlung) eingegangen werden, BEVOR der Staat oder der Strom- und Erdgasversorger aufgrund eines F\u00f6rderantrags ein \u201eAccord de principe\u201c (Grundsatzvereinbarung) erteilt hat.<\/p>\n<\/div><\/div>\n\n\n\n<h4 class=\"wp-block-heading\">Staatliche Beihilfen<\/h4>\n\n\n\n<ul class=\"wp-block-list\">\n<li><strong><a href=\"https:\/\/guichet.public.lu\/de\/entreprises\/financement-aides\/regime-fit-4\/fit-4-sustainability.html\" target=\"_blank\" data-type=\"link\" data-id=\"https:\/\/guichet.public.lu\/de\/entreprises\/financement-aides\/regime-fit-4\/fit-4-sustainability.html\" rel=\"noreferrer noopener\">Programm \u201eFit 4 Sustainability\u201c<\/a><\/strong>\n<ul class=\"wp-block-list\">\n<li>Das Programm Fit 4 Sustainability erm\u00f6glicht die Kofinanzierung der Durchf\u00fchrung eines Umweltaudits + Aktionsplans zu einem oder mehreren vom Unternehmen gew\u00e4hlten Themen (Energie, Treibhausgase, Abfall, Wasser \u2026).<\/li>\n\n\n\n<li>Beihilfen bis zu 50 %, 60 % und 70 % auf die Honorare f\u00fcr die Durchf\u00fchrung einer Umweltstudie (Energieaudit und\/oder CO2-Bilanz) + detaillierter und quantifizierter Aktionsplan zur Senkung des Verbrauchs\/der Treibhausgase (mittel- und langfristige Investitionen, Rentabilit\u00e4t usw.) &#8211; offen f\u00fcr KMU und gro\u00dfe Unternehmen (au\u00dfer f\u00fcr Unternehmen, die ein gesetzlich vorgeschriebenes Audit durchf\u00fchren m\u00fcssen).<\/li>\n\n\n\n<li>Noch Fragen? Luxinnovation<\/li>\n<\/ul>\n<\/li>\n<\/ul>\n\n\n\n<ul class=\"wp-block-list\">\n<li><strong><a href=\"https:\/\/guichet.public.lu\/de\/entreprises\/financement-aides\/regime-sme-packages\/soutien-pme\/sme-packages-sustainability.html\" target=\"_blank\" data-type=\"URL\" data-id=\"https:\/\/guichet.public.lu\/fr\/entreprises\/financement-aides\/regime-sme-packages\/sme-packages-sustainability.html\" rel=\"noreferrer noopener\">SME Packages &#8211; Sustainability<\/a><\/strong>\n<ul class=\"wp-block-list\">\n<li>Finanzielle F\u00f6rderung f\u00fcr kleine und mittlere Unternehmen, welche bis zu 70 % der f\u00f6rderf\u00e4higen Kosten f\u00fcr die Umsetzung eines Projekts zur Reduzierung der Umweltbelastung deckt. Das zul\u00e4ssige Projektbudget muss zwischen 3.000 \u20ac und 25.000 \u20ac zzgl. MwSt. liegen.<\/li>\n\n\n\n<li>Bei Fragen:\n<ul class=\"wp-block-list\">\n<li><a href=\"https:\/\/services.cdm.lu\/gestion-entreprise\/digitalisation\/sme-packages\" data-type=\"link\" data-id=\"https:\/\/services.cdm.lu\/gestion-entreprise\/digitalisation\/sme-packages\" target=\"_blank\" rel=\"noreferrer noopener\">Chambre des M\u00e9tiers<\/a> f\u00fcr Handwerker<\/li>\n\n\n\n<li><a href=\"mailto:sustainability@cc.lu\" data-type=\"mailto\" data-id=\"mailto:sustainability@cc.lu\" target=\"_blank\" rel=\"noreferrer noopener\">Chambre de Commerce<\/a> f\u00fcr Unternehmen im nicht-handwerklichen Bereich<br><\/li>\n<\/ul>\n<\/li>\n<\/ul>\n<\/li>\n\n\n\n<li><a href=\"https:\/\/guichet.public.lu\/de\/entreprises\/financement-aides\/aides-environnement\/industrie-services\/aide-protec-environnement.html\" target=\"_blank\" rel=\"noreferrer noopener\"><strong>Umweltschutzregelung \u2013 Beihilfe f\u00fcr Investitionen in den Umweltschutz<\/strong><\/a>\n<ul class=\"wp-block-list\">\n<li>\u00dcberpr\u00fcfung der F\u00f6rderf\u00e4higkeit des Unternehmens und der Kosten: <a href=\"https:\/\/guichet.public.lu\/de\/citoyens\/organismes\/organismes_entreprises\/ministere-economie\/direction-recherche-innov.html\" target=\"_blank\" rel=\"noopener\">Generaldirektion &#8211; Industrie, neue Technologien und Forschung<\/a><\/li>\n\n\n\n<li><span style=\"color: initial;\">Unterst\u00fctzung bei der Erstellung der Antragsunterlagen vor der Einreichung beim Wirtschaftsministerium.<\/span><\/li>\n\n\n\n<li><span style=\"color: initial;\">Bei Fragen: <a href=\"mailto:aides@luxinnovation.lu\" target=\"_blank\" rel=\"noreferrer noopener\">Luxinnovation<\/a><\/span><\/li>\n\n\n\n<li>Weitere Informationen und Orientierungshilfen f\u00fcr Unternehmen zu Umweltinvestitionen sind im <a href=\"https:\/\/luxinnovation.lu\/getmedia\/ef53005c-714b-47fe-9e93-4ded9ec74387\/guide-env-simplifie-meco-lxi-20221020-(2).pdf\" data-type=\"link\" data-id=\"https:\/\/luxinnovation.lu\/getmedia\/ef53005c-714b-47fe-9e93-4ded9ec74387\/guide-env-simplifie-meco-lxi-20221020-(2).pdf\" target=\"_blank\" rel=\"noreferrer noopener\">vereinfachten Leitfaden f\u00fcr Unternehmen (FR)<\/a> zu finden.<\/li>\n<\/ul>\n<\/li>\n<\/ul>\n\n\n\n<p class=\"has-light-green-background-color has-background\"><strong>N.B.: Staatliche Unterst\u00fctzung kann nicht f\u00fcr ein und dasselbe Projekt kumuliert werden.<\/strong><\/p>\n\n\n\n<h4 class=\"wp-block-heading\">Beantragung von Beihilfen von Strom- und Erdgasanbietern<\/h4>\n\n\n\n<p>Seit 2015 sind Erdgas- und Stromversorger im Rahmen des Verpflichtungsmechanismus verpflichtet, Energieeinsparungen bei den Verbrauchern zu erzielen. Seitdem bieten die Energieversorger Begleit- und Beratungsdienste sowie F\u00f6rderprogramme f\u00fcr Verbraucher zur Umsetzung von Energieeffizienzma\u00dfnahmen an.<\/p>\n\n\n\n<p>Die Anbieter, die diese Dienstleistung f\u00fcr Unternehmen anbieten, sind folgende:<\/p>\n\n\n\n<ul class=\"wp-block-list\">\n<li><a href=\"https:\/\/www.enoprimes.lu\/de\/unternehmen\/\" target=\"_blank\" rel=\"noreferrer noopener nofollow\">Enoprimes<\/a> Enovos + SUDenergie<\/li>\n\n\n\n<li><a href=\"https:\/\/sudenergie.lu\/service\/energiesparen\" target=\"_blank\" rel=\"noreferrer noopener nofollow\">SUDenergie<\/a><\/li>\n\n\n\n<li><a href=\"https:\/\/www.sudstroum.lu\/de\/hauptseite-kundenservice\/energieberatung-finanzielle-unterstutzung\/\" target=\"_blank\" rel=\"noreferrer noopener\">Sudstroum<\/a><\/li>\n<\/ul>\n\n\n\n<p class=\"has-light-green-background-color has-background\"><strong>N.B.: Die Beihilfen der Lieferanten mit jeder staatlichen Beihilfe f\u00fcr ein und dasselbe Projekt kumulierbar sind.<\/strong><\/p>\n","protected":false},"featured_media":757,"parent":0,"template":"","secteur":[90,130,79,82,139,81,122,80,84,133,85,89,86,87],"thematique":[91],"application":[92],"class_list":["post-1468","mesures","type-mesures","status-publish","has-post-thumbnail","hentry","secteur-gesundheits-und-pflegesektor","secteur-boulanger-de","secteur-horeca-de","secteur-handel","secteur-lebensmittelgeschaft","secteur-baubranche","secteur-metzgerei","secteur-handwerk","secteur-industrie","secteur-schreinerei","secteur-werkstatt","secteur-landwirtschaft-weinbau","secteur-transport","secteur-verwaltung","thematique-energie-de","application-heizung"],"acf":[],"_links":{"self":[{"href":"https:\/\/dev.klimapaktfirbetriber.lu\/de\/wp-json\/wp\/v2\/mesures\/1468","targetHints":{"allow":["GET"]}}],"collection":[{"href":"https:\/\/dev.klimapaktfirbetriber.lu\/de\/wp-json\/wp\/v2\/mesures"}],"about":[{"href":"https:\/\/dev.klimapaktfirbetriber.lu\/de\/wp-json\/wp\/v2\/types\/mesures"}],"version-history":[{"count":19,"href":"https:\/\/dev.klimapaktfirbetriber.lu\/de\/wp-json\/wp\/v2\/mesures\/1468\/revisions"}],"predecessor-version":[{"id":1387650,"href":"https:\/\/dev.klimapaktfirbetriber.lu\/de\/wp-json\/wp\/v2\/mesures\/1468\/revisions\/1387650"}],"wp:featuredmedia":[{"embeddable":true,"href":"https:\/\/dev.klimapaktfirbetriber.lu\/de\/wp-json\/wp\/v2\/media\/757"}],"wp:attachment":[{"href":"https:\/\/dev.klimapaktfirbetriber.lu\/de\/wp-json\/wp\/v2\/media?parent=1468"}],"wp:term":[{"taxonomy":"secteur","embeddable":true,"href":"https:\/\/dev.klimapaktfirbetriber.lu\/de\/wp-json\/wp\/v2\/secteur?post=1468"},{"taxonomy":"thematique","embeddable":true,"href":"https:\/\/dev.klimapaktfirbetriber.lu\/de\/wp-json\/wp\/v2\/thematique?post=1468"},{"taxonomy":"application","embeddable":true,"href":"https:\/\/dev.klimapaktfirbetriber.lu\/de\/wp-json\/wp\/v2\/application?post=1468"}],"curies":[{"name":"wp","href":"https:\/\/api.w.org\/{rel}","templated":true}]}}