{"id":1431283,"date":"2025-07-09T08:49:47","date_gmt":"2025-07-09T06:49:47","guid":{"rendered":"https:\/\/dev.klimapaktfirbetriber.lu\/?post_type=mesures&#038;p=1431283"},"modified":"2025-10-21T15:54:03","modified_gmt":"2025-10-21T13:54:03","slug":"speicherbatterie-im-unternehmen","status":"publish","type":"mesures","link":"https:\/\/dev.klimapaktfirbetriber.lu\/de\/massnahmen\/speicherbatterie-im-unternehmen\/","title":{"rendered":"Installation einer Speicherbatterie im Unternehmen"},"content":{"rendered":"\n<h2 class=\"wp-block-heading\">Die Speicherbatterie, ein Schl\u00fcsselelement zur Optimierung Ihres Stromverbrauchs<\/h2>\n\n\n\n<p>Im Zuge der Dekarbonisierung spielt Strom in Unternehmen eine immer zentralere Rolle und ersetzt nach und nach andere Energiequellen wie fossile Brennstoffe. F\u00fcr Betriebe wird es daher immer wichtiger, nicht nur die Stromkosten zu kontrollieren, sondern auch Verbrauch und Eigenproduktion zu optimieren, um ihr Energiepotenzial zu erweitern \u2013 etwa durch den Einsatz einer Photovoltaikanlage und in manchen F\u00e4llen in Kombination mit einer Speicherbatterie.<\/p>\n\n\n\n<p>Gewerbliche und industrielle Batteriesysteme mit Kapazit\u00e4ten von 30\u202fkWh bis hin zu mehreren MWh erm\u00f6glichen es Ihrem Unternehmen, den Eigenverbrauch ihrer erneuerbaren Energieerzeugung vor Ort zu steigern und somit Ihre Energiekosten zu senken. Indem sie Leistungsspitzen reduzieren, erm\u00f6glichen sie eine Spitzenlastabdeckung und helfen so, die Stromrechnung Ihres Unternehmens zu verringern. Um die Kapazit\u00e4ten Ihrer Batterie voll auszusch\u00f6pfen und Ihre Gewinne zu steigern, ist die Installation eines Energiemanagementsystems unerl\u00e4sslich.<\/p>\n\n\n\n<p>Die nachfolgend beschriebene Ma\u00dfnahme dient dazu, zu ermitteln, in welchen F\u00e4llen die Installation einer Speicherbatterie sinnvoll und vorteilhaft ist \u2013 und wie deren Umsetzung geplant werden kann.<\/p>\n\n\n\n<!--more-->\n\n\n\n<h2 class=\"type-numerotation\"><span class=\"type-numerotation-span visually-hidden\"><\/span>Definition des Bedarfs <\/h2>\n\n\n\n<h3 class=\"wp-block-heading\">1.1. \u00dcberblick \u00fcber m\u00f6gliche Anwendungen in Gewerbe- und Industriebetrieben mit einem Batteriespeicher<\/h3>\n\n\n\n<p>Ein gewerblicher oder industrieller Batteriespeicher kann \u2013 insbesondere in Kombination mit einer Photovoltaikanlage \u2013 verschiedene betriebliche Mehrwerte bieten. Zu den wichtigsten Anwendungsbereichen geh\u00f6ren:<\/p>\n\n\n\n<ul class=\"wp-block-list\">\n<li>Optimierung des Eigenverbrauchs<\/li>\n\n\n\n<li>Kappung von Leistungsspitzen (peak shaving)<\/li>\n\n\n\n<li>Notstromversorgung<\/li>\n\n\n\n<li>Gemeinsame Nutzung von Strom innerhalb einer Energiegemeinschaft<\/li>\n\n\n\n<li>Dynamische Tarife (Nutzung der variablen Preise auf dem Stromgro\u00dfhandelsmarkt).<\/li>\n<\/ul>\n\n\n\n<div class=\"wp-block-buttons is-layout-flex wp-block-buttons-is-layout-flex\">\n<div class=\"wp-block-button\"><a class=\"wp-block-button__link has-text-align-center wp-element-button\" href=\"https:\/\/www.klima-agence.lu\/de\/Batteriespeicher\" target=\"_blank\" rel=\"noreferrer noopener\">Vorteile einer Speicherbatterie entdecken<\/a><\/div>\n<\/div>\n\n\n\n<p>Dar\u00fcber hinaus bestehen weitere potenzielle Verwertungsmechanismen, mit denen zus\u00e4tzliche Einnahmen generiert und die Kapitalrendite gesteigert werden k\u00f6nnen \u2013 etwa durch \u201eArbitrage auf dem Ungleichgewichtsmarkt\u201c oder durch sogenannte \u201eHilfsdienste\u201c. Diese M\u00f6glichkeiten sind in Luxemburg derzeit jedoch noch nicht zug\u00e4nglich, da sie von der weiteren Entwicklung des Marktes und des regulatorischen Rahmens abh\u00e4ngen, der sich aktuell noch im Aufbau befindet.<\/p>\n\n\n\n<div class=\"wp-block-group has-light-green-background-color has-background\"><div class=\"wp-block-group__inner-container is-layout-constrained wp-block-group-is-layout-constrained\">\n<h4 class=\"wp-block-heading\">Optimieren Sie die Nutzung Ihrer Batterie mit einem Energiemanagementsystem<\/h4>\n\n\n\n<p>EMS (Energy Management System): Um bestimmte Anwendungen zu aktivieren und zu optimieren, m\u00fcssen Batteriespeicher mit einem kompatiblen Energiemanagementsystem (EMS) ausgestattet sein. Dabei handelt es sich um ein Ger\u00e4t, das den Energiefluss in einem Stromkreis hinter dem Netzanschlusspunkt \u00fcberwacht, steuert und optimiert. In diesem Stromkreis befinden sich die Batterie, der Wechselrichter und seine Photovoltaikanlage, Ladestationen f\u00fcr Elektroautos und m\u00f6glicherweise eine W\u00e4rmepumpe. Alle diese Energieger\u00e4te m\u00fcssen in der Lage sein, Daten zu kommunizieren und Befehle zu empfangen, weshalb es wichtig ist, die Kompatibilit\u00e4t zwischen ihnen sicherzustellen.<\/p>\n<\/div><\/div>\n\n\n\n<h3 class=\"wp-block-heading\">1.2. Analyse der typischen Verbrauchs- und Produktionsprofile von Unternehmen<\/h3>\n\n\n\n<p>Bevor Sie in einen Batteriespeicher investieren, ist es wichtig, das Viertelstundenprofil des Verbrauchs und der Produktion zu kennen, um m\u00f6gliche Energieoptimierungen untersuchen zu k\u00f6nnen.<\/p>\n\n\n\n<figure class=\"wp-block-image size-large is-style-default\"><img decoding=\"async\" width=\"1024\" height=\"494\" src=\"https:\/\/dev.klimapaktfirbetriber.lu\/wp-content\/uploads\/2025\/07\/Graph_Autoconso_Entreprise_bis_DE-1024x494.png\" alt=\"Grafik, die die durchschnittliche Solarstromproduktion und den Verbrauch \u00fcber 24 Stunden in einem Unternehmen darstellt\" class=\"wp-image-1470830\" title=\"Production et consommation d\u2019\u00e9lectricit\u00e9 solaire moyenne sur 24 heures dans une entreprise\" srcset=\"https:\/\/dev.klimapaktfirbetriber.lu\/wp-content\/uploads\/2025\/07\/Graph_Autoconso_Entreprise_bis_DE-1024x494.png 1024w, https:\/\/dev.klimapaktfirbetriber.lu\/wp-content\/uploads\/2025\/07\/Graph_Autoconso_Entreprise_bis_DE-300x145.png 300w, https:\/\/dev.klimapaktfirbetriber.lu\/wp-content\/uploads\/2025\/07\/Graph_Autoconso_Entreprise_bis_DE-768x371.png 768w, https:\/\/dev.klimapaktfirbetriber.lu\/wp-content\/uploads\/2025\/07\/Graph_Autoconso_Entreprise_bis_DE-1536x741.png 1536w, https:\/\/dev.klimapaktfirbetriber.lu\/wp-content\/uploads\/2025\/07\/Graph_Autoconso_Entreprise_bis_DE-2048x988.png 2048w\" sizes=\"(max-width: 1024px) 100vw, 1024px\" \/><figcaption class=\"wp-element-caption\"><br><em>Grafik, die die durchschnittliche Solarstromproduktion und den Verbrauch \u00fcber 24 Stunden in einem Unternehmen darstellt<\/em><\/figcaption><\/figure>\n\n\n\n<h4 class=\"wp-block-heading\">Identifikation verschiedener Energieprofile von Unternehmen<\/h4>\n\n\n<div class=\"wp-block-image\">\n<figure class=\"alignleft size-large is-resized\"><img decoding=\"async\" width=\"1024\" height=\"724\" src=\"https:\/\/dev.klimapaktfirbetriber.lu\/wp-content\/uploads\/2025\/07\/KLIMA0001_Graphique_DE_6-1024x724.png\" alt=\"\" class=\"wp-image-1470772\" style=\"width:474px;height:auto\" srcset=\"https:\/\/dev.klimapaktfirbetriber.lu\/wp-content\/uploads\/2025\/07\/KLIMA0001_Graphique_DE_6-1024x724.png 1024w, https:\/\/dev.klimapaktfirbetriber.lu\/wp-content\/uploads\/2025\/07\/KLIMA0001_Graphique_DE_6-300x212.png 300w, https:\/\/dev.klimapaktfirbetriber.lu\/wp-content\/uploads\/2025\/07\/KLIMA0001_Graphique_DE_6-768x543.png 768w, https:\/\/dev.klimapaktfirbetriber.lu\/wp-content\/uploads\/2025\/07\/KLIMA0001_Graphique_DE_6-1536x1086.png 1536w, https:\/\/dev.klimapaktfirbetriber.lu\/wp-content\/uploads\/2025\/07\/KLIMA0001_Graphique_DE_6-2048x1448.png 2048w\" sizes=\"(max-width: 1024px) 100vw, 1024px\" \/><figcaption class=\"wp-element-caption\"><em>Profil A<\/em><\/figcaption><\/figure>\n<\/div>\n\n\n<p><strong>Profil A: Ein Unternehmen mit einer Solarproduktion, die unter dem Verbrauch liegt<\/strong><\/p>\n\n\n\n<p>Die gesamte produzierte Energie wird selbst verbraucht, z.B. eine Beh\u00f6rde oder ein Gesch\u00e4ft mit begrenzter Dachfl\u00e4che.<\/p>\n\n\n\n<p>\u27a1\ufe0f <strong>Schlussfolgerung: <\/strong>Dieses Profil eignet sich nicht f\u00fcr die Einrichtung eines Batteriespeichers.<\/p>\n\n\n\n<div style=\"height:1px\" aria-hidden=\"true\" class=\"wp-block-spacer\"><\/div>\n\n\n\n<p><\/p>\n\n\n<div class=\"wp-block-image\">\n<figure class=\"alignleft size-large is-resized\"><img decoding=\"async\" width=\"1024\" height=\"724\" src=\"https:\/\/dev.klimapaktfirbetriber.lu\/wp-content\/uploads\/2025\/07\/KLIMA0001_Graphique_DE_5-1024x724.png\" alt=\"Grafik, die die Situation zeigt, in der der \u00fcbersch\u00fcssige Strom des Unternehmens dem vom Netz bezogenen Strom entspricht\" class=\"wp-image-1470782\" style=\"width:473px;height:auto\" srcset=\"https:\/\/dev.klimapaktfirbetriber.lu\/wp-content\/uploads\/2025\/07\/KLIMA0001_Graphique_DE_5-1024x724.png 1024w, https:\/\/dev.klimapaktfirbetriber.lu\/wp-content\/uploads\/2025\/07\/KLIMA0001_Graphique_DE_5-300x212.png 300w, https:\/\/dev.klimapaktfirbetriber.lu\/wp-content\/uploads\/2025\/07\/KLIMA0001_Graphique_DE_5-768x543.png 768w, https:\/\/dev.klimapaktfirbetriber.lu\/wp-content\/uploads\/2025\/07\/KLIMA0001_Graphique_DE_5-1536x1086.png 1536w, https:\/\/dev.klimapaktfirbetriber.lu\/wp-content\/uploads\/2025\/07\/KLIMA0001_Graphique_DE_5-2048x1448.png 2048w\" sizes=\"(max-width: 1024px) 100vw, 1024px\" \/><figcaption class=\"wp-element-caption\"><em>Profil B<\/em><\/figcaption><\/figure>\n<\/div>\n\n\n<p><strong>Profil B: Ein Unternehmen, das tags\u00fcber mehr produziert als verbraucht<\/strong>M\u00f6glichkeit, die \u00fcbersch\u00fcssige Produktion zu speichern und am Abend oder in der Nacht abzugeben, wenn der Verbrauch wieder ansteigt, z.B. eine Kantine.<\/p>\n\n\n\n<p>\u27a1\ufe0f <strong>Schlussfolgerung<\/strong>: Dieses Profil k\u00f6nnte unter bestimmten Bedingungen, einschlie\u00dflich einer Rentabilit\u00e4tsberechnung, die Verwendung eines Batteriespeichers zur Deckung der am Vormittag verbrauchten Energie in Betracht ziehen.<\/p>\n\n\n\n<p><\/p>\n\n\n<div class=\"wp-block-image\">\n<figure class=\"alignleft size-large is-resized\"><img decoding=\"async\" width=\"1024\" height=\"724\" src=\"https:\/\/dev.klimapaktfirbetriber.lu\/wp-content\/uploads\/2025\/07\/KLIMA0001_Graphique_DE_1-1024x724.png\" alt=\"Diagramm, das die Situation zeigt, in der ein Unternehmen seinen \u00fcbersch\u00fcssigen Strom\u00fcberschuss aus dem Tagesverlauf f\u00fcr seinen Energiebedarf in der Nacht nutzen kann.\" class=\"wp-image-1470788\" style=\"width:477px;height:auto\" srcset=\"https:\/\/dev.klimapaktfirbetriber.lu\/wp-content\/uploads\/2025\/07\/KLIMA0001_Graphique_DE_1-1024x724.png 1024w, https:\/\/dev.klimapaktfirbetriber.lu\/wp-content\/uploads\/2025\/07\/KLIMA0001_Graphique_DE_1-300x212.png 300w, https:\/\/dev.klimapaktfirbetriber.lu\/wp-content\/uploads\/2025\/07\/KLIMA0001_Graphique_DE_1-768x543.png 768w, https:\/\/dev.klimapaktfirbetriber.lu\/wp-content\/uploads\/2025\/07\/KLIMA0001_Graphique_DE_1-1536x1086.png 1536w, https:\/\/dev.klimapaktfirbetriber.lu\/wp-content\/uploads\/2025\/07\/KLIMA0001_Graphique_DE_1-2048x1448.png 2048w\" sizes=\"(max-width: 1024px) 100vw, 1024px\" \/><figcaption class=\"wp-element-caption\"><em>Profil C<\/em><\/figcaption><\/figure>\n<\/div>\n\n\n<p><strong>Profil C: Ein Unternehmen, das tags\u00fcber mehr produziert als verbraucht, mit einer Flotte von Elektrofahrzeugen, die tags\u00fcber im Einsatz sind und nachts geladen werden m\u00fcssen<\/strong><\/p>\n\n\n\n<p>Zum Beispiel, ein Transportunternehmen oder ein Postdienstleister.<\/p>\n\n\n\n<p>\u27a1\ufe0f <strong>Schlussfolgerung: <\/strong>Dieses Profil k\u00f6nnte unter bestimmten Bedingungen, einschlie\u00dflich einer Rentabilit\u00e4tsberechnung, den Einsatz eines Batteriespeichers zur Deckung des Energieverbrauchs w\u00e4hrend der Nacht in Betracht ziehen.<\/p>\n\n\n\n<p><\/p>\n\n\n<div class=\"lightweight-accordion bordered has-background\"><details><summary class=\"lightweight-accordion-title\" style=\"background:#EBF5F4;\"><span><strong>Wie erhalten Sie Ihre Verbrauchs- und Produktionsdaten?<\/strong><\/span><\/summary><div class=\"lightweight-accordion-body\" style=\"border-color:#EBF5F4;\">\n\n<ul class=\"wp-block-list\">\n<li><a href=\"https:\/\/www.leneda.lu\/de\/\" target=\"_blank\" rel=\"noopener\">Rufen Sie Ihre Viertelstundendaten auf Leneda<\/a>, der nationalen Energiedatenplattform, ab.<\/li>\n\n\n\n<li>Fragen Sie Ihren Energieversorger.<\/li>\n<\/ul>\n\n<\/div><\/details><\/div>\n\n<div class=\"lightweight-accordion has-background\"><details><summary class=\"lightweight-accordion-title\" style=\"background:#EBF5F4;\"><span><strong>Wie interpretiert man seine Daten?<\/strong><\/span><\/summary><div class=\"lightweight-accordion-body\" style=\"border-color:#EBF5F4;\">\n\n<ul class=\"wp-block-list\">\n<li>Wenden Sie sich an ein Ingenieurb\u00fcro oder einen spezialisierten Dienstleister.<\/li>\n<\/ul>\n\n<\/div><\/details><\/div>\n\n<div class=\"lightweight-accordion has-background\"><details><summary class=\"lightweight-accordion-title\" style=\"background:#EBF5F4;\"><span><strong>Informieren Sie sich \u00fcber die Art des Stromvertrags, den Ihr Unternehmen abgeschlossen hat.<\/strong><\/span><\/summary><div class=\"lightweight-accordion-body\" style=\"border-color:#EBF5F4;\">\n\n<ul class=\"wp-block-list\">\n<li>Stromvertrag f\u00fcr Niederspannung, Mittelspannung?<\/li>\n\n\n\n<li>Fester Stromvertrag, variabler Stromvertrag, dynamischer Tarif?<\/li>\n<\/ul>\n\n<\/div><\/details><\/div>\n\n<div class=\"lightweight-accordion has-background\"><details><summary class=\"lightweight-accordion-title\" style=\"background:#EBF5F4;\"><span><strong>Definieren Sie das zuk\u00fcnftige Energiepotenzial oder den zuk\u00fcnftigen Strombedarf.<\/strong><\/span><\/summary><div class=\"lightweight-accordion-body\" style=\"border-color:#EBF5F4;\">\n\n<ul class=\"wp-block-list\">\n<li>M\u00f6glichkeit der Erweiterung der Photovoltaikanlage?<\/li>\n\n\n\n<li>Planung des zuk\u00fcnftigen Stromverbrauchs:\n<ul class=\"wp-block-list\">\n<li>Elektrifizierung Ihrer Fahrzeugflotte \u27a1\ufe0f <a href=\"https:\/\/dev.klimapaktfirbetriber.lu\/de\/massnahmen\/ladeinfrastruktur-fuer-elektrofahrzeuge-in-unternehmen-einrichten\/\" target=\"_blank\" data-type=\"link\" data-id=\"https:\/\/dev.klimapaktfirbetriber.lu\/de\/massnahmen\/ladeinfrastruktur-fuer-elektrofahrzeuge-in-unternehmen-einrichten\/\" rel=\"noreferrer noopener\">Installation einer Ladeinfrastruktur im Unternehmen<\/a>.<\/li>\n\n\n\n<li>Austausch des Heizkessels durch eine W\u00e4rmepumpe<\/li>\n\n\n\n<li>Andere<\/li>\n<\/ul>\n<\/li>\n<\/ul>\n\n<\/div><\/details><\/div>\n\n\n<h3 class=\"wp-block-heading\">1.3. Ist die Investition in einen Batteriespeicher f\u00fcr mein Unternehmen in Bezug auf mein Energieprofil wirtschaftlich interessant?<\/h3>\n\n\n\n<h4 class=\"wp-block-heading\">In welchen F\u00e4llen kann die Investition in einen Batteriespeicher f\u00fcr mein Unternehmen rentabel sein?<\/h4>\n\n\n\n<p>Eine Batterie ist ressourcenintensiv und bleibt eine betr\u00e4chtliche Investition, selbst mit den verf\u00fcgbaren Beihilfen. Daher ist es wichtig, verschiedene Parameter zu ber\u00fccksichtigen, um zu erkennen, wann eine solche Installation wirtschaftlich sinnvoll ist.<br>Die Rentabilit\u00e4t steigt, wenn folgende Parameter erf\u00fcllt sind<\/p>\n\n\n\n<ul class=\"wp-block-list\">\n<li>Dimensionierung der Batterie<\/li>\n\n\n\n<li>Hoher Strompreis<\/li>\n\n\n\n<li>Niedriger Einspeisetarif<\/li>\n\n\n\n<li>Wettbewerbsf\u00e4higer Batteriepreis<\/li>\n<\/ul>\n\n\n\n<h4 class=\"wp-block-heading\">Wie dimensioniert man die Gr\u00f6\u00dfe des Batteriespeichers?<\/h4>\n\n\n\n<p>Die Dimensionierung der Batterie ist ein entscheidender Faktor bei der Rentabilit\u00e4tsberechnung. Ziehen Sie einen qualifizierten Elektriker oder ein Ingenieurb\u00fcro hinzu, um die Gr\u00f6\u00dfe der Batterie passend zu Ihrem aktuellen und zuk\u00fcnftigen Energieprofil fachgerecht zu bestimmen.<\/p>\n\n\n\n<div class=\"wp-block-group has-light-green-background-color has-background\"><div class=\"wp-block-group__inner-container is-layout-constrained wp-block-group-is-layout-constrained\">\n<h4 class=\"wp-block-heading\">Die beste Wahl f\u00fcr den Energieverbrauch Ihres Unternehmens treffen<\/h4>\n\n\n\n<p>Eine genaue Kenntnis des Verbrauchs- und Produktionsprofils ist entscheidend, um die Gr\u00f6\u00dfe der Batterie richtig zu dimensionieren und vor allem zu beurteilen, ob sich die Investition wirtschaftlich lohnt. Ein bewusster und vern\u00fcnftiger Energieverbrauch erm\u00f6glicht zudem Einsparungen durch die Einspeisung \u00fcbersch\u00fcssiger Energie ins Netz und durch energiesparende Verhaltensweisen. Die Investition in einen Batteriespeicher ist nicht unbedingt die beste Option, je nach Ihrem Energieprofil. <a href=\"https:\/\/dev.klimapaktfirbetriber.lu\/de\/massnahmen\/autoconsommation-et-partage-delectricite\/\" target=\"_blank\" data-type=\"link\" data-id=\"https:\/\/dev.klimapaktfirbetriber.lu\/de\/massnahmen\/autoconsommation-et-partage-delectricite\/\" rel=\"noreferrer noopener\">Entdecken sie die Ma\u00dfnahme zur gemeinsamen Nutzung von Strom.<\/a><\/p>\n<\/div><\/div>\n\n\n\n<h2 class=\"type-numerotation\"><span class=\"type-numerotation-span visually-hidden\"><\/span>Stromverbrauch: Ermittlung der geeignetsten L\u00f6sung und der Machbarkeit des Projekts zur Installation eines Stromspeichers<\/h2>\n\n\n\n<h3 class=\"wp-block-heading\">Anfrage f\u00fcr eine Machbarkeitsstudie<\/h3>\n\n\n\n<ul class=\"wp-block-list\">\n<li>Konformit\u00e4t der bestehenden elektrischen Installation<\/li>\n\n\n\n<li>Ausreichender Platz vorhanden<\/li>\n\n\n\n<li>Kompatibilit\u00e4t mit bestehenden Photovoltaik-Anlagen (Wechselrichter)<\/li>\n\n\n\n<li>Kompatibilit\u00e4t mit einem Energiemanagementsystem (EMS)<\/li>\n<\/ul>\n\n\n\n<h3 class=\"wp-block-heading\">Anfrage bei verschiedenen Anbietern<\/h3>\n\n\n\n<ul class=\"wp-block-list\">\n<li>Netzbetreiber f\u00fcr den Anschluss der Batterie (falls Einspeisung)<\/li>\n\n\n\n<li>Der Dienstleister\/Elektriker, der die Batterie installiert<\/li>\n<\/ul>\n\n\n\n<h3 class=\"wp-block-heading\">Berechnung der Rentabilit\u00e4t der Investition<\/h3>\n\n\n\n<p>Bei der Berechnung der Rentabilit\u00e4t ist es wichtig, die technische Machbarkeit des Projekts zu ber\u00fccksichtigen, aber auch die wirtschaftliche Machbarkeit unter Ber\u00fccksichtigung der folgenden Parameter:<\/p>\n\n\n\n<ul class=\"wp-block-list\">\n<li>Garantierte Lebensdauer der Batterie (&gt; 10 Jahre)<\/li>\n\n\n\n<li>Anzahl der garantierten Lade-\/Entladezyklen (&gt; 5.000 Zyklen).<\/li>\n<\/ul>\n\n\n\n<p>Im Allgemeinen hat bei Batteriespeichern im industriellen Ma\u00dfstab die lokale Nutzung allein, d.h. Eigenverbrauch und Spitzenlastkappung, eine Investitionsrendite in einer Gr\u00f6\u00dfenordnung von 8 bis 12 Jahren.<\/p>\n\n\n\n<div class=\"wp-block-group has-light-green-background-color has-background\"><div class=\"wp-block-group__inner-container is-layout-constrained wp-block-group-is-layout-constrained\">\n<p><strong>Relevante Anwendungen der Stromspeicherung f\u00fcr die Situation Ihres Unternehmens identifizieren<\/strong><\/p>\n\n\n\n<p>Eine Kombination verschiedener Anwendungen kann die Rentabilit\u00e4t des Unternehmens erheblich steigern. Beispielsweise durch die Nutzung des Batteriespeichers, der im Sommer die Erh\u00f6hung des Eigenverbrauchs von Solarenergie sicherstellt, um im Winter Energiearbitrage zu betreiben. Wir empfehlen dringend, ein Ingenieurb\u00fcro mit der Identifizierung m\u00f6glicher Anwendungen f\u00fcr Ihren spezifischen Fall zu beauftragen und die Durchf\u00fchrbarkeit und Rentabilit\u00e4t des Projekts zu messen.<\/p>\n<\/div><\/div>\n\n\n\n<h2 class=\"type-numerotation\"><span class=\"type-numerotation-span visually-hidden\"><\/span>Anfrage f\u00fcr F\u00f6rdermittel<\/h2>\n\n\n\n<h3 class=\"wp-block-heading\">Staatliche Beihilfen<\/h3>\n\n\n\n<div class=\"wp-block-group has-light-green-background-color has-background\"><div class=\"wp-block-group__inner-container is-layout-constrained wp-block-group-is-layout-constrained\">\n<p><strong>Achtung: Anreizwirkung, die bei der Anfrage von F\u00f6rdermitteln (staatlich oder nicht) und vorbehaltlich der Erf\u00fcllung der F\u00f6rderbedingungen zu beachten ist.<\/strong><\/p>\n\n\n\n<p>Um den &#8222;Anreizeffekt&#8220; zu wahren, d\u00fcrfen keine verbindlichen Verpflichtungen (Unterzeichnung eines Kostenvoranschlags, Anzahlung) eingegangen werden, BEVOR die Antragsunterlagen eingereicht wurden oder die grunds\u00e4tzliche Zustimmung des Staates oder des Strom- und Erdgasversorgers nach einer Anfrage vorliegt.<\/p>\n<\/div><\/div>\n\n\n\n<p>Mangels einer spezifischen staatlichen Beihilfe f\u00fcr die Installation eines Stromspeichers gibt es zwei Arten von Subventionen, n\u00e4mlich in Kombination mit der Installation einer Photovoltaikanlage sowie Steuerverg\u00fcnstigungen.<\/p>\n\n\n\n<p><strong><a href=\"https:\/\/aides.klima-agence.lu\/details\/522?lng=de\" target=\"_blank\" rel=\"noreferrer noopener\">Klimabonus<\/a>&nbsp;: Batterie (\u2264 30 kWh) + PV<\/strong><br>Investitionsbeihilfe von 50\u202f% f\u00fcr die Installation von Stromspeichern in Kombination mit Photovoltaikanlagen, die im \u201eEigenverbrauch-Modus\u201c ohne garantierten Einspeisetarif betrieben werden. Die F\u00f6rderung der Batterie ist m\u00f6glich, wenn es sich bei dem Geb\u00e4ude nicht um ein Wohngeb\u00e4ude handelt und die Speicherkapazit\u00e4t \u2264\u202f1\u202fkWh\/kWp betr\u00e4gt. In diesem Fall ist der Einspeisetarif nicht garantiert, und es muss ein Stromabnahmevertrag f\u00fcr den \u00fcbersch\u00fcssigen Strom mit einem Anbieter abgeschlossen werden.<\/p>\n\n\n\n<ul class=\"wp-block-list\">\n<li>Bei Fragen&nbsp;: <a href=\"mailto:entreprises@klima-agence.lu\" target=\"_blank\" rel=\"noreferrer noopener\">Klima-Agence<\/a><\/li>\n<\/ul>\n\n\n\n<p><strong><a href=\"https:\/\/guichet.public.lu\/de\/entreprises\/financement-aides\/energie\/production-energie\/production-electricite-energies-renouvelables.html\" data-type=\"link\" data-id=\"https:\/\/guichet.public.lu\/de\/entreprises\/financement-aides\/energie\/production-energie\/production-electricite-energies-renouvelables.html\" target=\"_blank\" rel=\"noreferrer noopener\">Ausschreibung f\u00fcr die Errichtung und den Betrieb von Agri-Photovoltaikanlagen:<\/a> Batterie + PV<\/strong><\/p>\n\n\n\n<p>Die Batteriespeicher sind Bestandteil der Anlage. Das Prinzip des Projektaufrufs ist wie folgt: die ausgew\u00e4hlten Projekte erhalten \u00fcber einen Zeitraum von 15 Jahren einen Marktpr\u00e4mienvertrag f\u00fcr die Einspeisung des erzeugten Stroms. Es ist zu beachten, dass Geb\u00e4ude sowie nicht zul\u00e4ssige Fl\u00e4chen ausgeschlossen sind.<\/p>\n\n\n\n<figure class=\"wp-block-table\"><table class=\"has-fixed-layout\"><tbody><tr><td>Die praktischen Modalit\u00e4ten finden Sie auf <a href=\"https:\/\/guichet.public.lu\/de\/entreprises\/financement-aides\/energie\/production-energie\/production-electricite-energies-renouvelables.html\" target=\"_blank\" rel=\"noreferrer noopener\">guichet.lu<\/a>.<br>Das Lastenheft ist auf Anfrage unter folgender E-Mail-Adresse erh\u00e4ltlich:&nbsp;<a href=\"mailto:PV@energie.etat.lu\">PV@energie.etat.lu<\/a><\/td><\/tr><\/tbody><\/table><\/figure>\n\n\n\n<p><strong>Ausschreibung f\u00fcr Betriebsbeihilfen f\u00fcr gro\u00dfe Photovoltaikanlagen<\/strong><\/p>\n\n\n\n<p>Die Betriebsbeihilfe erm\u00f6glicht es Unternehmen, einen Marktpr\u00e4mienvertrag \u00fcber eine Dauer von 15 Jahren abzuschlie\u00dfen. In diesem Zeitraum werden sie auf Basis des erzeugten und ins Netz eingespeisten Stroms verg\u00fctet.<\/p>\n\n\n\n<p>Der siebte Projektaufruf f\u00fcr Betriebsbeihilfen umfasst eine Gesamtkapazit\u00e4t von 45\u202fMW, aufgeteilt in vier Lose. Die H\u00f6chstpreise liegen zwischen 85\u202f\u20ac\/MWh und 195\u202f\u20ac\/MWh.<\/p>\n\n\n\n<figure class=\"wp-block-table\"><table class=\"has-fixed-layout\"><tbody><tr><td>Einreichungsfrist: 28. November 2025 (12:00 Uhr MEZ)<br>Weitere praktische Informationen sind unter <a href=\"https:\/\/guichet.lu\" target=\"_blank\" rel=\"noopener\">guichet.lu<\/a> verf\u00fcgbar.<br>Die Ausschreibungsunterlagen k\u00f6nnen angefordert werden unter: <a href=\"mailto:PV@eco.etat.lu\">PV@eco.etat.lu<\/a><\/td><\/tr><\/tbody><\/table><\/figure>\n\n\n\n<p><strong><a href=\"https:\/\/guichet.public.lu\/de\/entreprises\/fiscalite\/bonification-impot-investissement\/bonification-transition-ecologique-energetique.html\" data-type=\"link\" data-id=\"https:\/\/guichet.public.lu\/de\/entreprises\/fiscalite\/bonification-impot-investissement\/bonification-transition-ecologique-energetique.html\" target=\"_blank\" rel=\"noreferrer noopener\">Steuerverg\u00fcnstigung f\u00fcr Investitionen in ein \u00f6kologisches und energetisches Transformationsprojekt: <\/a>Batterie mit oder ohne PV im Eigenverbrauch<\/strong><br>Die Steuerverg\u00fcnstigung wird auf Basis der im Rahmen eines Projekts zur \u00f6kologischen und energetischen Transformation get\u00e4tigten Investitionen und Betriebsausgaben berechnet. Der Steuersatz betr\u00e4gt 18\u202f% f\u00fcr Investitionen und Betriebsausgaben \u2013 mit Ausnahme von abschreibungsf\u00e4higen Sachanlagen, f\u00fcr die ein Satz von 6\u202f% gilt. Die F\u00f6rderf\u00e4higkeit des Projekts ist an zwei Bedingungen gekn\u00fcpft:<\/p>\n\n\n\n<ul class=\"wp-block-list\">\n<li>Die gespeicherte Energie muss aus erneuerbaren, nicht-fossilen Quellen stammen.<\/li>\n<\/ul>\n\n\n\n<ul class=\"wp-block-list\">\n<li>Die Energie muss im Eigenverbrauch genutzt werden.<\/li>\n<\/ul>\n\n\n\n<p>Bei Fragen: <a href=\"mailto:bonification@eco.etat.lu\" target=\"_blank\" rel=\"noreferrer noopener\">Minist\u00e8re de l&#8217;\u00c9conomie &#8211; Bonification<\/a><\/p>\n\n\n\n<p class=\"has-light-green-background-color has-background\">Hinweis: Ein und dasselbe Projekt kann sowohl von einer staatlichen F\u00f6rderung als auch von einer Steuerverg\u00fcnstigung profitieren.<\/p>\n\n\n\n<h2 class=\"type-numerotation\"><span class=\"type-numerotation-span visually-hidden\"><\/span>Anfrage f\u00fcr Genehmigungen f\u00fcr die Installation eines Stromspeichers<\/h2>\n\n\n\n<ul class=\"wp-block-list\">\n<li>Anfrage an den Netzbetreiber f\u00fcr die Genehmigung des Anschlusses einer Speicherbatterie.<\/li>\n\n\n\n<li>Anfrage f\u00fcr eine Betriebsgenehmigung f\u00fcr klassifizierte Einrichtungen, die der Nomenklatur unterliegen.<\/li>\n<\/ul>\n\n\n\n<h2 class=\"type-numerotation\"><span class=\"type-numerotation-span visually-hidden\"><\/span>Durchf\u00fchrung der Installation des Batteriespeichers<\/h2>\n\n\n\n<h3 class=\"wp-block-heading\">Ausf\u00fchrung der Arbeiten gem\u00e4\u00df den technischen und normativen Anforderungen<\/h3>\n\n\n\n<ul class=\"wp-block-list\">\n<li>Anschlussvorschrift \u2013 TAB \/ Niederspannungsnetz (NS) <a href=\"https:\/\/www.creos-net.lu\/de\/pro-seite\/strom\/anschluss\/tab\" target=\"_blank\" rel=\"noreferrer noopener\">TAB BT<\/a>.<\/li>\n\n\n\n<li>Anschlussvorschrift \u2013 TAB \/ Mittelspannungsnetz (MS) <a href=\"https:\/\/www.creos-net.lu\/de\/pro-seite\/strom\/anschluss\/tab\" target=\"_blank\" rel=\"noreferrer noopener\">TAB MT<\/a>.<\/li>\n<\/ul>\n\n\n\n<h3 class=\"wp-block-heading\">Nach der Installation<\/h3>\n\n\n\n<ul class=\"wp-block-list\">\n<li>\u00dcberpr\u00fcfung der Konformit\u00e4t durch den Netzbetreiber (NB). Das Ende der Arbeiten wird dem Netzbetreiber durch das mit den Arbeiten beauftragte Unternehmen gemeldet.<\/li>\n\n\n\n<li>Abnahme der Installation durch eine zugelassene Pr\u00fcfstelle.<\/li>\n\n\n\n<li>Meldung Ihrer Installation bei Ihrem Versicherer<\/li>\n<\/ul>\n","protected":false},"featured_media":1429732,"parent":0,"template":"","secteur":[90,130,141,79,139,81,82,122,80,133,84,85,89,86,87],"thematique":[91],"application":[110,127],"class_list":["post-1431283","mesures","type-mesures","status-publish","has-post-thumbnail","hentry","secteur-gesundheits-und-pflegesektor","secteur-boulanger-de","secteur-lebensmittelhandel","secteur-horeca-de","secteur-lebensmittelgeschaft","secteur-baubranche","secteur-handel","secteur-metzgerei","secteur-handwerk","secteur-schreinerei","secteur-industrie","secteur-werkstatt","secteur-landwirtschaft-weinbau","secteur-transport","secteur-verwaltung","thematique-energie-de","application-gebaeude","application-strom"],"acf":[],"_links":{"self":[{"href":"https:\/\/dev.klimapaktfirbetriber.lu\/de\/wp-json\/wp\/v2\/mesures\/1431283","targetHints":{"allow":["GET"]}}],"collection":[{"href":"https:\/\/dev.klimapaktfirbetriber.lu\/de\/wp-json\/wp\/v2\/mesures"}],"about":[{"href":"https:\/\/dev.klimapaktfirbetriber.lu\/de\/wp-json\/wp\/v2\/types\/mesures"}],"version-history":[{"count":16,"href":"https:\/\/dev.klimapaktfirbetriber.lu\/de\/wp-json\/wp\/v2\/mesures\/1431283\/revisions"}],"predecessor-version":[{"id":2041983,"href":"https:\/\/dev.klimapaktfirbetriber.lu\/de\/wp-json\/wp\/v2\/mesures\/1431283\/revisions\/2041983"}],"wp:featuredmedia":[{"embeddable":true,"href":"https:\/\/dev.klimapaktfirbetriber.lu\/de\/wp-json\/wp\/v2\/media\/1429732"}],"wp:attachment":[{"href":"https:\/\/dev.klimapaktfirbetriber.lu\/de\/wp-json\/wp\/v2\/media?parent=1431283"}],"wp:term":[{"taxonomy":"secteur","embeddable":true,"href":"https:\/\/dev.klimapaktfirbetriber.lu\/de\/wp-json\/wp\/v2\/secteur?post=1431283"},{"taxonomy":"thematique","embeddable":true,"href":"https:\/\/dev.klimapaktfirbetriber.lu\/de\/wp-json\/wp\/v2\/thematique?post=1431283"},{"taxonomy":"application","embeddable":true,"href":"https:\/\/dev.klimapaktfirbetriber.lu\/de\/wp-json\/wp\/v2\/application?post=1431283"}],"curies":[{"name":"wp","href":"https:\/\/api.w.org\/{rel}","templated":true}]}}