{"id":1228,"date":"2023-04-25T15:21:02","date_gmt":"2023-04-25T13:21:02","guid":{"rendered":"https:\/\/dev.klimapaktfirbetriber.lu\/mesures\/photovoltaique-entreprise\/"},"modified":"2025-10-21T15:49:44","modified_gmt":"2025-10-21T13:49:44","slug":"photovoltaikanlagen-auf-unternehmen-intstallieren","status":"publish","type":"mesures","link":"https:\/\/dev.klimapaktfirbetriber.lu\/de\/massnahmen\/photovoltaikanlagen-auf-unternehmen-intstallieren\/","title":{"rendered":"Photovoltaikanlagen auf den D\u00e4chern seines Unternehmens installieren"},"content":{"rendered":"\n<h2 class=\"wp-block-heading has-text-align-left\">Photovoltaik: eine umweltfreundliche und interessante Alternative f\u00fcr die Stromerzeugung in Ihrem Unternehmen<\/h2>\n\n\n\n<p>Eine Photovoltaikanlage erm\u00f6glicht es, sauberen Strom zu erzeugen und einen Teil der Stromkosten von den Schwankungen des Marktpreises abzukoppeln. Neben dem Eigenverbrauch gibt es noch andere Unterst\u00fctzungsmechanismen, die ein interessantes Gesch\u00e4ftsmodell darstellen k\u00f6nnen, wie z. B. der garantierte Einspeiseverg\u00fctungoder die Marktpr\u00e4mie, die aus einer Ausschreibung hervorgeht. Die Anlage kann durch Eigenkapital oder mit Hilfe eines Investors finanziert werden, der auch die Planung und Umsetzung der Anlage \u00fcbernehmen kann.<\/p>\n\n\n\n<!--more-->\n\n\n\n<h2 class=\"type-numerotation\"><span class=\"type-numerotation-span visually-hidden\"><\/span>Definition des Bedarfs<\/h2>\n\n\n\n<h4 class=\"wp-block-heading\">Analyse des Standorts der Anlage und des Solarpotenzials &#8211; Solarkataster<\/h4>\n\n\n\n<ul class=\"wp-block-list\">\n<li><a href=\"http:\/\/energie.geoportail.lu\" data-type=\"URL\" data-id=\"energie.geoportail.lu\" target=\"_blank\" rel=\"noopener\">Selbstbewertung des Solarpotenzials<\/a><\/li>\n<\/ul>\n\n\n\n<div class=\"wp-block-group\"><div class=\"wp-block-group__inner-container is-layout-constrained wp-block-group-is-layout-constrained\">\n<div class=\"wp-block-group\"><div class=\"wp-block-group__inner-container is-layout-constrained wp-block-group-is-layout-constrained\">\n<div class=\"wp-block-group has-light-green-background-color has-background\"><div class=\"wp-block-group__inner-container is-layout-constrained wp-block-group-is-layout-constrained\">\n<h3 class=\"wp-block-heading\">Weiterf\u00fchrende Fragen:<\/h3>\n\n\n\n<ul class=\"wp-block-list\">\n<li><strong>Analyse der Lastkurve und Sch\u00e4tzung des Eigenverbrauchsgrads<\/strong><br>Abfrage der Verbrauchsdaten beim <a href=\"https:\/\/www.ilr.lu\/secteurs-activites\/energie\/electricite\/fourniture-gestionnaires-reseau\/gestionnaires-de-reseau\/gestionnaires\/\" target=\"_blank\" data-type=\"link\" data-id=\"https:\/\/web.ilr.lu\/FR\/Particuliers\/Electricite\/Informations-utiles\/Les-acteurs-du-marche\/Pages\/default.aspx\" rel=\"noreferrer noopener\">Netzbetreiber <\/a>oder beim <a href=\"https:\/\/web.ilr.lu\/FR\/Particuliers\/Electricite\/Informations-utiles\/Les-acteurs-du-marche\/Pages\/default.aspx\" data-type=\"link\" data-id=\"https:\/\/web.ilr.lu\/FR\/Particuliers\/Electricite\/Informations-utiles\/Les-acteurs-du-marche\/Pages\/default.aspx\" target=\"_blank\" rel=\"noreferrer noopener\">Stromlieferanten <\/a>(Abfrage \u00fcber das Online-Portal des Lieferanten m\u00f6glich) und Vergleich mit der prognostizierten Produktion der Photovoltaikanlage, um den Grad des Eigenverbrauchs abzusch\u00e4tzen.<\/li>\n<\/ul>\n\n\n\n<ul class=\"wp-block-list\">\n<li><strong><strong>Durchf\u00fchrung des Projekts durch einen Projektentwickler \/ Drittinvestor<\/strong><\/strong><br>F\u00fcr Anlagen ab 100 kWp gibt es die M\u00f6glichkeit, <a href=\"https:\/\/www.klima-agence.lu\/de\/unternehmen\/wir-begleiten-sie\/photovoltaik\/planungsunternehmen-fuer-grosse-photovoltaikprojekte\" target=\"_blank\" data-type=\"link\" data-id=\"https:\/\/www.klima-agence.lu\/de\/unternehmen\/wir-begleiten-sie\/photovoltaik\/planungsunternehmen-fuer-grosse-photovoltaikprojekte\" rel=\"noreferrer noopener\">einen Photovoltaik-Projektentwickler<\/a> zu beauftragen, der sich um die Entwicklung, Finanzierung, den Bau, den Betrieb und die Wartung der Anlage k\u00fcmmern kann.<\/li>\n<\/ul>\n<\/div><\/div>\n<\/div><\/div>\n<\/div><\/div>\n\n\n\n<h3 class=\"type-numerotation\"><span class=\"type-numerotation-span visually-hidden\"><\/span>Identifizierung der L\u00f6sung und \u00dcberpr\u00fcfung der Durchf\u00fchrbarkeit des Projekts zur Installation von Photovoltaikanlagen<\/h3>\n\n\n\n<h4 class=\"wp-block-heading\">Gesamtplanung der Anlage (je nach Umfang des Projekts in Zusammenarbeit mit einem qualifizierten Handwerker oder einem Planungsb\u00fcro)<\/h4>\n\n\n\n<ul class=\"wp-block-list\">\n<li>Qualifizierter Handwerker <a href=\"https:\/\/www.fgt.lu\/de\/unsere-mitglieder\/\" target=\"_blank\" rel=\"noreferrer noopener\">( zugelassene Elektriker<\/a> )<\/li>\n\n\n\n<li><a href=\"https:\/\/www.klima-agence.lu\/de\/unternehmen\/wir-begleiten-sie\/photovoltaik\/planungsunternehmen-fuer-grosse-photovoltaikprojekte\" target=\"_blank\" rel=\"noreferrer noopener\">Liste der Planer von Photovoltaik-Gro\u00dfprojekten<\/a><\/li>\n\n\n\n<li><\/li>\n<\/ul>\n\n\n\n<h4 class=\"wp-block-heading\">\u00dcberpr\u00fcfung der technischen Durchf\u00fchrbarkeit der Photovoltaikanlage<\/h4>\n\n\n\n<ul class=\"wp-block-list\">\n<li>Technische und konstruktive Machbarkeit (statische Berechnung, Zustand des Daches usw.): Ingenieurb\u00fcro<\/li>\n\n\n\n<li>Machbarkeit auf Anschlussebene: <a href=\"https:\/\/www.ilr.lu\/secteurs-activites\/energie\/electricite\/fourniture-gestionnaires-reseau\/gestionnaires-de-reseau\/gestionnaires\/\" target=\"_blank\" rel=\"noreferrer noopener\">Netzbetreiber<\/a><\/li>\n\n\n\n<li>M\u00f6gliche Auflagen f\u00fcr den Brandschutz: <a href=\"https:\/\/112.public.lu\/fr\/legislation\/prevention\/demandeavis.html\" target=\"_blank\" rel=\"noopener\">CGDIS<\/a><\/li>\n\n\n\n<li><\/li>\n<\/ul>\n\n\n\n<h4 class=\"wp-block-heading\">Angebote anfordern<\/h4>\n\n\n\n<ul class=\"wp-block-list\">\n<li>Qualifizierter Handwerker (<a href=\"https:\/\/www.fgt.lu\/de\/unsere-mitglieder\/?selectCat=Elektriker&amp;searchKeywords=\" target=\"_blank\" rel=\"noopener\">zugelassene Elektriker<\/a>)<\/li>\n\n\n\n<li>M\u00f6glichkeit, die Wartung der Anlage in das Angebot zu integrieren<\/li>\n<\/ul>\n\n\n\n<h3 class=\"type-numerotation\"><span class=\"type-numerotation-span visually-hidden\"><\/span>Antrag auf F\u00f6rdermittel<\/h3>\n\n\n\n<h4 class=\"wp-block-heading\">Staatliche Unterst\u00fctzung<\/h4>\n\n\n\n<p><strong>Achtung: Anreizwirkung, die bei der Beantragung von (staatlichen oder nicht-staatlichen) F\u00f6rdermitteln beachtet werden muss, vorbehaltlich der Einhaltung der F\u00f6rderungsbedingungen<\/strong><br>Um den Anreizeffekt zu wahren, d\u00fcrfen keine verbindlichen Verpflichtungen (Unterzeichnung eines Kostenvoranschlags; Anzahlung) eingegangen werden, BEVOR der Staat oder der Strom- und Erdgasversorger aufgrund eines F\u00f6rderantrags eine grunds\u00e4tzliche Zustimmung (Grundsatzvereinbarung) erteilt hat.<\/p>\n\n\n\n<h4 class=\"wp-block-heading\"><a href=\"https:\/\/aides.klima-agence.lu\/details\/522?lng=de\" target=\"_blank\" rel=\"noreferrer noopener\">Klimabonus<\/a> (PV &lt; 30kWp)<\/h4>\n\n\n\n<ul class=\"wp-block-list\">\n<li>Entweder die Investitionsbeihilfe von 50% f\u00fcr die Installation von Photovoltaikmodulen, die im &#8222;Eigenverbrauchsmodus&#8220; ohne garantierten Einspeisetarif betrieben werden. Stromspeicher werden dann subventioniert, wenn bei einem Geb\u00e4ude, das nicht zu Wohnzwecken genutzt wird, die Speicherkapazit\u00e4t \u2264 1 kWh\/kWp betr\u00e4gt. In diesem Fall ist der Einspeisetarif nicht garantiert und es muss ein Vertrag mit einem Lieferanten \u00fcber die Abnahme des \u00fcbersch\u00fcssigen Stroms abgeschlossen werden.<\/li>\n\n\n\n<li>Oder eine Investitionsbeihilfe von 20 % f\u00fcr die Installation von Photovoltaikanlagen, die im &#8222;Einspeisemodus&#8220; betrieben werden, und einen garantierten Einspeisetarif f\u00fcr einen Zeitraum von 15 Jahren mit einer Deckelung von 500 \u20ac pro kWp. Der Eigenverbrauch ist unter dieser Option m\u00f6glich.<\/li>\n\n\n\n<li>Bei Fragen: <a href=\"mailto:entreprises@klima-agence.lu\">Klima-Agence<\/a>.<\/li>\n<\/ul>\n\n\n\n<h4 class=\"wp-block-heading\">Ausschreibung<\/h4>\n\n\n\n<p><strong>Ausschreibung f\u00fcr Betriebsbeihilfen f\u00fcr gro\u00dfe Photovoltaikanlagen<\/strong><\/p>\n\n\n\n<p>Die Betriebsbeihilfe erm\u00f6glicht es Unternehmen, einen Marktpr\u00e4mienvertrag \u00fcber eine Dauer von 15 Jahren abzuschlie\u00dfen. In diesem Zeitraum werden sie auf Basis des erzeugten und ins Netz eingespeisten Stroms verg\u00fctet.<\/p>\n\n\n\n<p>Der siebte Projektaufruf f\u00fcr Betriebsbeihilfen umfasst eine Gesamtkapazit\u00e4t von 45\u202fMW, aufgeteilt in vier Lose. Die H\u00f6chstpreise liegen zwischen 85\u202f\u20ac\/MWh und 195\u202f\u20ac\/MWh.<\/p>\n\n\n\n<figure class=\"wp-block-table\"><table class=\"has-fixed-layout\"><tbody><tr><td>Einreichungsfrist: 28. November 2025 (12:00 Uhr MEZ)<br>Weitere praktische Informationen sind unter <a href=\"https:\/\/guichet.public.lu\/de\/entreprises\/financement-aides\/energie\/production-energie\/production-electricite-energies-renouvelables.html\" target=\"_blank\" rel=\"noopener\">guichet.lu<\/a> verf\u00fcgbar.<br>Die Ausschreibungsunterlagen k\u00f6nnen angefordert werden unter: <a href=\"mailto:PV@eco.etat.lu\">PV@eco.etat.lu<\/a><\/td><\/tr><\/tbody><\/table><\/figure>\n\n\n\n<p class=\"has-light-green-background-color has-background\">N.B.: Staatliche Beihilfen und Projektausschreibungen sind f\u00fcr ein einzelnes Projekt nicht kumulierbar.<\/p>\n\n\n\n<h3 class=\"type-numerotation\"><span class=\"type-numerotation-span visually-hidden\"><\/span>Beantragung von Genehmigungen<\/h3>\n\n\n\n<ul class=\"wp-block-list\">\n<li>Kommunale Genehmigungen je nach Gemeinde, in der das Projekt angesiedelt ist<\/li>\n\n\n\n<li>Genehmigung und Bedingungen f\u00fcr die Einrichtung des <a href=\"https:\/\/www.ilr.lu\/secteurs-activites\/energie\/electricite\/fourniture-gestionnaires-reseau\/gestionnaires-de-reseau\/gestionnaires\/\" target=\"_blank\" rel=\"noreferrer noopener\">Netzbetreibers<\/a><\/li>\n\n\n\n<li><a href=\"https:\/\/guichet.public.lu\/de\/citoyens\/logement\/urbanisme-environnement\/protection-nature\/autorisation-protection-nature.html\" target=\"_blank\" data-type=\"link\" data-id=\"https:\/\/guichet.public.lu\/de\/entreprises\/urbanisme-environnement\/construction-amenagement-site\/travaux-bois-eau-zone-protegee\/autorisation-protection-nature.html\" rel=\"noreferrer noopener\">Genehmigung im Bereich Naturschutz<\/a>, wenn sich der Standort der Anlage in einem Schutzgebiet befindet<\/li>\n<\/ul>\n\n\n\n<h3 class=\"type-numerotation\"><span class=\"type-numerotation-span visually-hidden\"><\/span>Nach der Durchf\u00fchrung der Arbeiten zur Installation von Photovoltaikanlagen<\/h3>\n\n\n\n<ul class=\"wp-block-list\">\n<li><strong>Bei Eigenverbrauch: Einreichen des Antrags auf Eigenverbrauch beim <a href=\"https:\/\/www.ilr.lu\/secteurs-activites\/energie\/electricite\/fourniture-gestionnaires-reseau\/gestionnaires-de-reseau\/gestionnaires\/\" target=\"_blank\" data-type=\"link\" data-id=\"https:\/\/web.ilr.lu\/FR\/Particuliers\/Electricite\/Informations-utiles\/Les-acteurs-du-marche\/Pages\/default.aspx\" rel=\"noreferrer noopener\">Netzbetreiber<\/a><\/strong>\n<ul class=\"wp-block-list\">\n<li>F\u00fcr den einzuspeisenden \u00fcbersch\u00fcssigen Strom: Abschluss eines Vertrags \u00fcber die Einspeisung von Strom zum Marktpreis mit einem <a href=\"https:\/\/eu-central-1.protection.sophos.com?d=ilr.lu&amp;u=aHR0cHM6Ly93d3cuaWxyLmx1L3NlY3RldXJzLWFjdGl2aXRlcy9lbmVyZ2llL2VsZWN0cmljaXRlL2ZvdXJuaXR1cmUtZ2VzdGlvbm5haXJlcy1yZXNlYXUvZm91cm5pdHVyZS9mb3Vybmlzc2V1cnMv&amp;i=NjRhZTZiZjkwMjRiZGI0ZDViZGVlNzVl&amp;t=NTcwanBCdDBzc2FpTHkzcXBtQjRzczdvT0kyNTBkSHlIQzlrdmFTWmtZRT0=&amp;h=dbe01e9e66c842c29f79bda5e8303485&amp;s=AVNPUEhUT0NFTkNSWVBUSVZUemRJZgghD6lsEOZz1OQcB9m6pZh-6hfEUgiKzSr32w\" target=\"_blank\" data-type=\"link\" data-id=\"https:\/\/eu-central-1.protection.sophos.com?d=ilr.lu&amp;u=aHR0cHM6Ly93d3cuaWxyLmx1L3NlY3RldXJzLWFjdGl2aXRlcy9lbmVyZ2llL2VsZWN0cmljaXRlL2ZvdXJuaXR1cmUtZ2VzdGlvbm5haXJlcy1yZXNlYXUvZm91cm5pdHVyZS9mb3Vybmlzc2V1cnMv&amp;i=NjRhZTZiZjkwMjRiZGI0ZDViZGVlNzVl&amp;t=NTcwanBCdDBzc2FpTHkzcXBtQjRzczdvT0kyNTBkSHlIQzlrdmFTWmtZRT0=&amp;h=dbe01e9e66c842c29f79bda5e8303485&amp;s=AVNPUEhUT0NFTkNSWVBUSVZUemRJZgghD6lsEOZz1OQcB9m6pZh-6hfEUgiKzSr32w\" rel=\"noreferrer noopener\">Lieferanten<\/a>.<\/li>\n\n\n\n<li>Bei Teilnahme an einer Ausschreibung mit Investitionsbeihilfe: Den Antrag auf Auszahlung der Beihilfe \u00fcber das Tool auf <a href=\"https:\/\/eu-central-1.protection.sophos.com?d=public.lu&amp;u=aHR0cHM6Ly9ndWljaGV0LnB1YmxpYy5sdS9mci9lbnRyZXByaXNlcy9maW5hbmNlbWVudC1haWRlcy9haWRlcy1lbnZpcm9ubmVtZW50L3BhaWVtZW50LWFpZGVzL2RlbWFuZGUtcGFpZW1lbnQtYWlkZXMtZXRhdGlxdWVzLmh0bWw=&amp;i=NjRhZTZiZjkwMjRiZGI0ZDViZGVlNzVl&amp;t=cUFyTEZsN3BwN2w5Um1OZ2loRDVBd3ZPa213TU16eGxzUHJlampaeWJacz0=&amp;h=dbe01e9e66c842c29f79bda5e8303485&amp;s=AVNPUEhUT0NFTkNSWVBUSVZUemRJZgghD6lsEOZz1OQcB9m6pZh-6hfEUgiKzSr32w\" data-type=\"link\" data-id=\"https:\/\/eu-central-1.protection.sophos.com?d=public.lu&amp;u=aHR0cHM6Ly9ndWljaGV0LnB1YmxpYy5sdS9mci9lbnRyZXByaXNlcy9maW5hbmNlbWVudC1haWRlcy9haWRlcy1lbnZpcm9ubmVtZW50L3BhaWVtZW50LWFpZGVzL2RlbWFuZGUtcGFpZW1lbnQtYWlkZXMtZXRhdGlxdWVzLmh0bWw=&amp;i=NjRhZTZiZjkwMjRiZGI0ZDViZGVlNzVl&amp;t=cUFyTEZsN3BwN2w5Um1OZ2loRDVBd3ZPa213TU16eGxzUHJlampaeWJacz0=&amp;h=dbe01e9e66c842c29f79bda5e8303485&amp;s=AVNPUEhUT0NFTkNSWVBUSVZUemRJZgghD6lsEOZz1OQcB9m6pZh-6hfEUgiKzSr32w\" target=\"_blank\" rel=\"noreferrer noopener\">MyGuichet.<\/a><a href=\"https:\/\/guichet.public.lu\/de\/entreprises\/financement-aides\/aides-environnement\/paiement-aides\/demande-paiement-aides-etatiques.html\" target=\"_blank\" data-type=\"link\" data-id=\"https:\/\/eu-central-1.protection.sophos.com?d=public.lu&amp;u=aHR0cHM6Ly9ndWljaGV0LnB1YmxpYy5sdS9mci9lbnRyZXByaXNlcy9maW5hbmNlbWVudC1haWRlcy9haWRlcy1lbnZpcm9ubmVtZW50L3BhaWVtZW50LWFpZGVzL2RlbWFuZGUtcGFpZW1lbnQtYWlkZXMtZXRhdGlxdWVzLmh0bWw=&amp;i=NjRhZTZiZjkwMjRiZGI0ZDViZGVlNzVl&amp;t=cUFyTEZsN3BwN2w5Um1OZ2loRDVBd3ZPa213TU16eGxzUHJlampaeWJacz0=&amp;h=dbe01e9e66c842c29f79bda5e8303485&amp;s=AVNPUEhUT0NFTkNSWVBUSVZUemRJZgghD6lsEOZz1OQcB9m6pZh-6hfEUgiKzSr32w\" rel=\"noreferrer noopener\">l<\/a><a href=\"https:\/\/eu-central-1.protection.sophos.com?d=public.lu&amp;u=aHR0cHM6Ly9ndWljaGV0LnB1YmxpYy5sdS9mci9lbnRyZXByaXNlcy9maW5hbmNlbWVudC1haWRlcy9haWRlcy1lbnZpcm9ubmVtZW50L3BhaWVtZW50LWFpZGVzL2RlbWFuZGUtcGFpZW1lbnQtYWlkZXMtZXRhdGlxdWVzLmh0bWw=&amp;i=NjRhZTZiZjkwMjRiZGI0ZDViZGVlNzVl&amp;t=cUFyTEZsN3BwN2w5Um1OZ2loRDVBd3ZPa213TU16eGxzUHJlampaeWJacz0=&amp;h=dbe01e9e66c842c29f79bda5e8303485&amp;s=AVNPUEhUT0NFTkNSWVBUSVZUemRJZgghD6lsEOZz1OQcB9m6pZh-6hfEUgiKzSr32w\" data-type=\"link\" data-id=\"https:\/\/eu-central-1.protection.sophos.com?d=public.lu&amp;u=aHR0cHM6Ly9ndWljaGV0LnB1YmxpYy5sdS9mci9lbnRyZXByaXNlcy9maW5hbmNlbWVudC1haWRlcy9haWRlcy1lbnZpcm9ubmVtZW50L3BhaWVtZW50LWFpZGVzL2RlbWFuZGUtcGFpZW1lbnQtYWlkZXMtZXRhdGlxdWVzLmh0bWw=&amp;i=NjRhZTZiZjkwMjRiZGI0ZDViZGVlNzVl&amp;t=cUFyTEZsN3BwN2w5Um1OZ2loRDVBd3ZPa213TU16eGxzUHJlampaeWJacz0=&amp;h=dbe01e9e66c842c29f79bda5e8303485&amp;s=AVNPUEhUT0NFTkNSWVBUSVZUemRJZgghD6lsEOZz1OQcB9m6pZh-6hfEUgiKzSr32w\" target=\"_blank\" rel=\"noreferrer noopener\">u<\/a> einreichen.<\/li>\n<\/ul>\n<\/li>\n<\/ul>\n\n\n\n<ul class=\"wp-block-list\">\n<li><strong>Den Antrag auf Verg\u00fctung der Stromerzeugung aus der Photovoltaikanlage gem\u00e4\u00df dem spezifischen Fall stellen :<\/strong>\n<ul class=\"wp-block-list\">\n<li>Garantierter Einspeisetarif im Rahmen der Klimabonus-F\u00f6rderung (&lt; 30 kWp)<a href=\"https:\/\/eu-central-1.protection.sophos.com?d=ilr.lu&amp;u=aHR0cHM6Ly93d3cuaWxyLmx1L3NlY3RldXJzLWFjdGl2aXRlcy9lbmVyZ2llL2VsZWN0cmljaXRlL2ZvdXJuaXR1cmUtZ2VzdGlvbm5haXJlcy1yZXNlYXUvZ2VzdGlvbm5haXJlcy1kZS1yZXNlYXUvZ2VzdGlvbm5haXJlcy8=&amp;i=NjRhZTZiZjkwMjRiZGI0ZDViZGVlNzVl&amp;t=di9ub0tvdVFjdjk0N3k4VDE4WDFRdm1FU21xdDMyWlk5Z0Z5ZEJaL0ZKTT0=&amp;h=dbe01e9e66c842c29f79bda5e8303485&amp;s=AVNPUEhUT0NFTkNSWVBUSVZUemRJZgghD6lsEOZz1OQcB9m6pZh-6hfEUgiKzSr32w\" target=\"_blank\" data-type=\"link\" data-id=\"https:\/\/eu-central-1.protection.sophos.com?d=ilr.lu&amp;u=aHR0cHM6Ly93d3cuaWxyLmx1L3NlY3RldXJzLWFjdGl2aXRlcy9lbmVyZ2llL2VsZWN0cmljaXRlL2ZvdXJuaXR1cmUtZ2VzdGlvbm5haXJlcy1yZXNlYXUvZ2VzdGlvbm5haXJlcy1kZS1yZXNlYXUvZ2VzdGlvbm5haXJlcy8=&amp;i=NjRhZTZiZjkwMjRiZGI0ZDViZGVlNzVl&amp;t=di9ub0tvdVFjdjk0N3k4VDE4WDFRdm1FU21xdDMyWlk5Z0Z5ZEJaL0ZKTT0=&amp;h=dbe01e9e66c842c29f79bda5e8303485&amp;s=AVNPUEhUT0NFTkNSWVBUSVZUemRJZgghD6lsEOZz1OQcB9m6pZh-6hfEUgiKzSr32w\" rel=\"noreferrer noopener\"> beim Netzbetreiber.<\/a><\/li>\n\n\n\n<li>Einspeisetarif ohne Investitionsbeihilfe f\u00fcr Anlagen &gt;30kWp bis &lt; 400 kWp mit Kooperative beim <a href=\"https:\/\/www.ilr.lu\/secteurs-activites\/energie\/electricite\/fourniture-gestionnaires-reseau\/gestionnaires-de-reseau\/gestionnaires\/\" target=\"_blank\" data-type=\"link\" data-id=\"https:\/\/www.ilr.lu\/secteurs-activites\/energie\/electricite\/fourniture-gestionnaires-reseau\/gestionnaires-de-reseau\/gestionnaires\/\" rel=\"noreferrer noopener\">Netzbetreiber<\/a>.<\/li>\n\n\n\n<li>Marktpr\u00e4mie mit oder ohne Ausschreibung f\u00fcr Photovoltaikanlagen von 400 kWp bis 10 MWp beim <a href=\"https:\/\/eu-central-1.protection.sophos.com?d=ilr.lu&amp;u=aHR0cHM6Ly93d3cuaWxyLmx1L3NlY3RldXJzLWFjdGl2aXRlcy9lbmVyZ2llL2VsZWN0cmljaXRlL2ZvdXJuaXR1cmUtZ2VzdGlvbm5haXJlcy1yZXNlYXUvZ2VzdGlvbm5haXJlcy1kZS1yZXNlYXUvZ2VzdGlvbm5haXJlcy8=&amp;i=NjRhZTZiZjkwMjRiZGI0ZDViZGVlNzVl&amp;t=di9ub0tvdVFjdjk0N3k4VDE4WDFRdm1FU21xdDMyWlk5Z0Z5ZEJaL0ZKTT0=&amp;h=dbe01e9e66c842c29f79bda5e8303485&amp;s=AVNPUEhUT0NFTkNSWVBUSVZUemRJZgghD6lsEOZz1OQcB9m6pZh-6hfEUgiKzSr32w\" target=\"_blank\" data-type=\"link\" data-id=\"https:\/\/eu-central-1.protection.sophos.com?d=ilr.lu&amp;u=aHR0cHM6Ly93d3cuaWxyLmx1L3NlY3RldXJzLWFjdGl2aXRlcy9lbmVyZ2llL2VsZWN0cmljaXRlL2ZvdXJuaXR1cmUtZ2VzdGlvbm5haXJlcy1yZXNlYXUvZ2VzdGlvbm5haXJlcy1kZS1yZXNlYXUvZ2VzdGlvbm5haXJlcy8=&amp;i=NjRhZTZiZjkwMjRiZGI0ZDViZGVlNzVl&amp;t=di9ub0tvdVFjdjk0N3k4VDE4WDFRdm1FU21xdDMyWlk5Z0Z5ZEJaL0ZKTT0=&amp;h=dbe01e9e66c842c29f79bda5e8303485&amp;s=AVNPUEhUT0NFTkNSWVBUSVZUemRJZgghD6lsEOZz1OQcB9m6pZh-6hfEUgiKzSr32w\" rel=\"noreferrer noopener\">Netzbetreiber <\/a>und Abschluss eines Vertrags f\u00fcr den Direktverkauf des Stroms bei einem Treuh\u00e4nder, bei dem es sich in der Regel um einen <a href=\"https:\/\/eu-central-1.protection.sophos.com?d=ilr.lu&amp;u=aHR0cHM6Ly93d3cuaWxyLmx1L3NlY3RldXJzLWFjdGl2aXRlcy9lbmVyZ2llL2VsZWN0cmljaXRlL2ZvdXJuaXR1cmUtZ2VzdGlvbm5haXJlcy1yZXNlYXUvZm91cm5pdHVyZS9mb3Vybmlzc2V1cnMv&amp;i=NjRhZTZiZjkwMjRiZGI0ZDViZGVlNzVl&amp;t=NTcwanBCdDBzc2FpTHkzcXBtQjRzczdvT0kyNTBkSHlIQzlrdmFTWmtZRT0=&amp;h=dbe01e9e66c842c29f79bda5e8303485&amp;s=AVNPUEhUT0NFTkNSWVBUSVZUemRJZgghD6lsEOZz1OQcB9m6pZh-6hfEUgiKzSr32w\" target=\"_blank\" rel=\"noreferrer noopener\">Lieferanten <\/a>handelt.<\/li>\n<\/ul>\n<\/li>\n<\/ul>\n\n\n\n<div class=\"wp-block-group\"><div class=\"wp-block-group__inner-container is-layout-constrained wp-block-group-is-layout-constrained\">\n<ul class=\"wp-block-list\">\n<li><strong>Im Falle einer Anlage &lt; 30 kWp , mit Beantragung der <a href=\"https:\/\/guichet.public.lu\/de\/citoyens\/logement\/renovation-transformation\/performances-energie\/prime-encouragement.html\" data-type=\"link\" data-id=\"https:\/\/guichet.public.lu\/de\/citoyens\/logement\/renovation-transformation\/performances-energie\/prime-encouragement.html\" target=\"_blank\" rel=\"noreferrer noopener\">staatlichen F\u00f6rderung Klimabonus<\/a><\/strong>\n<ul class=\"wp-block-list\">\n<li>Die Beihilfe muss nach der Realisierung der Anlage bei der Umweltverwaltung beantragt werden, im Gegensatz zu den anderen Beihilfen, bei denen die Beihilfeantr\u00e4ge im Vorfeld der Verpflichtung zur Realisierung des Projekts \u00fcber MyGuichet gestellt werden m\u00fcssen.<\/li>\n\n\n\n<li>Bei Fragen: <a href=\"mailto:entreprises@klima-agence.lu\" target=\"_blank\" rel=\"noreferrer noopener\">Klima-Agence<\/a><\/li>\n<\/ul>\n<\/li>\n<\/ul>\n<\/div><\/div>\n\n\n\n<ul class=\"wp-block-list\">\n<li><strong>Wartungsplanung der Anlage<\/strong><\/li>\n<\/ul>\n","protected":false},"featured_media":640,"parent":0,"template":"","secteur":[90,130,79,139,81,82,122,80,133,84,85,89,86,87],"thematique":[91],"application":[127],"class_list":["post-1228","mesures","type-mesures","status-publish","has-post-thumbnail","hentry","secteur-gesundheits-und-pflegesektor","secteur-boulanger-de","secteur-horeca-de","secteur-lebensmittelgeschaft","secteur-baubranche","secteur-handel","secteur-metzgerei","secteur-handwerk","secteur-schreinerei","secteur-industrie","secteur-werkstatt","secteur-landwirtschaft-weinbau","secteur-transport","secteur-verwaltung","thematique-energie-de","application-strom"],"acf":[],"_links":{"self":[{"href":"https:\/\/dev.klimapaktfirbetriber.lu\/de\/wp-json\/wp\/v2\/mesures\/1228","targetHints":{"allow":["GET"]}}],"collection":[{"href":"https:\/\/dev.klimapaktfirbetriber.lu\/de\/wp-json\/wp\/v2\/mesures"}],"about":[{"href":"https:\/\/dev.klimapaktfirbetriber.lu\/de\/wp-json\/wp\/v2\/types\/mesures"}],"version-history":[{"count":45,"href":"https:\/\/dev.klimapaktfirbetriber.lu\/de\/wp-json\/wp\/v2\/mesures\/1228\/revisions"}],"predecessor-version":[{"id":2041778,"href":"https:\/\/dev.klimapaktfirbetriber.lu\/de\/wp-json\/wp\/v2\/mesures\/1228\/revisions\/2041778"}],"wp:featuredmedia":[{"embeddable":true,"href":"https:\/\/dev.klimapaktfirbetriber.lu\/de\/wp-json\/wp\/v2\/media\/640"}],"wp:attachment":[{"href":"https:\/\/dev.klimapaktfirbetriber.lu\/de\/wp-json\/wp\/v2\/media?parent=1228"}],"wp:term":[{"taxonomy":"secteur","embeddable":true,"href":"https:\/\/dev.klimapaktfirbetriber.lu\/de\/wp-json\/wp\/v2\/secteur?post=1228"},{"taxonomy":"thematique","embeddable":true,"href":"https:\/\/dev.klimapaktfirbetriber.lu\/de\/wp-json\/wp\/v2\/thematique?post=1228"},{"taxonomy":"application","embeddable":true,"href":"https:\/\/dev.klimapaktfirbetriber.lu\/de\/wp-json\/wp\/v2\/application?post=1228"}],"curies":[{"name":"wp","href":"https:\/\/api.w.org\/{rel}","templated":true}]}}