{"id":2864,"date":"2024-02-01T17:59:55","date_gmt":"2024-02-01T16:59:55","guid":{"rendered":"https:\/\/dev.klimapaktfirbetriber.lu\/?post_type=mesures-simplifiees&#038;p=2864"},"modified":"2024-02-02T09:13:23","modified_gmt":"2024-02-02T08:13:23","slug":"verbesserung-der-energieeffizienz-der-gebaeudehuelle","status":"publish","type":"mesures-simplifiees","link":"https:\/\/dev.klimapaktfirbetriber.lu\/de\/vereinfachte-massnahme\/verbesserung-der-energieeffizienz-der-gebaeudehuelle\/","title":{"rendered":"Verbesserung der Energieeffizienz der Geb\u00e4udeh\u00fclle"},"content":{"rendered":"\n<h2 class=\"wp-block-heading\"><strong>Optimierung der Betriebskosten, die mit der Energieeffizienz der Geb\u00e4udeh\u00fclle Ihres Unternehmens zusammenh\u00e4ngen<\/strong><\/h2>\n\n\n\n<p>Ein Gro\u00dfteil der Heizenergie geht durch Lecks in der Geb\u00e4udeh\u00fclle verloren, die schlecht oder gar nicht isoliert ist. Die Verbesserung der Geb\u00e4udeh\u00fclle wird daher zu erheblichen Einsparungen beim Heiz- bzw. K\u00e4ltebedarf f\u00fchren.<\/p>\n\n\n\n<p><strong>Fragen, die Sie sich stellen sollten, bevor Sie mit der Optimierung der Geb\u00e4udeh\u00fclle beginnen<\/strong><\/p>\n\n\n\n<ul class=\"wp-block-list\">\n<li>In welchem Jahr wurde das Geb\u00e4ude errichtet?<\/li>\n\n\n\n<li>Wurden \u00c4nderungen am Geb\u00e4ude vorgenommen?<\/li>\n\n\n\n<li>Gibt es Reparaturen, die im Geb\u00e4ude durchgef\u00fchrt werden m\u00fcssen?<\/li>\n\n\n\n<li>Wie hoch ist der Heizbedarf im Verh\u00e4ltnis zur beheizten Fl\u00e4che?<\/li>\n\n\n\n<li>Wird in Geb\u00e4uden unn\u00f6tig Heizenergie verschwendet?<\/li>\n\n\n\n<li>In welchem Zustand befinden sich die Geb\u00e4udeh\u00fclle, das Fundament und der Keller?<\/li>\n<\/ul>\n","protected":false},"template":"","class_list":["post-2864","mesures-simplifiees","type-mesures-simplifiees","status-publish","hentry"],"acf":[],"_links":{"self":[{"href":"https:\/\/dev.klimapaktfirbetriber.lu\/de\/wp-json\/wp\/v2\/mesures-simplifiees\/2864","targetHints":{"allow":["GET"]}}],"collection":[{"href":"https:\/\/dev.klimapaktfirbetriber.lu\/de\/wp-json\/wp\/v2\/mesures-simplifiees"}],"about":[{"href":"https:\/\/dev.klimapaktfirbetriber.lu\/de\/wp-json\/wp\/v2\/types\/mesures-simplifiees"}],"wp:attachment":[{"href":"https:\/\/dev.klimapaktfirbetriber.lu\/de\/wp-json\/wp\/v2\/media?parent=2864"}],"curies":[{"name":"wp","href":"https:\/\/api.w.org\/{rel}","templated":true}]}}