{"id":2741,"date":"2024-01-16T16:26:26","date_gmt":"2024-01-16T15:26:26","guid":{"rendered":"https:\/\/dev.klimapaktfirbetriber.lu\/?post_type=mesures-simplifiees&#038;p=2741"},"modified":"2024-03-15T15:18:44","modified_gmt":"2024-03-15T14:18:44","slug":"optimierung-der-mechanischen-belueftung","status":"publish","type":"mesures-simplifiees","link":"https:\/\/dev.klimapaktfirbetriber.lu\/de\/vereinfachte-massnahme\/optimierung-der-mechanischen-belueftung\/","title":{"rendered":"Optimierung der mechanischen Bel\u00fcftung"},"content":{"rendered":"\n<h2 class=\"wp-block-heading\"><strong>Optimierung der effizienten Bel\u00fcftung und Kosteneffizienz im Zusammenhang mit dem zentralen Bel\u00fcftungssystem Ihres Unternehmens<\/strong><\/h2>\n\n\n\n<p>Die Hauptfunktion eines Bel\u00fcftungssystems besteht darin, f\u00fcr ein angenehmes Klima und eine hohe Luftqualit\u00e4t in den R\u00e4umlichkeiten zu sorgen. Dieser Bedarf ist mit einem Energieverbrauch verbunden (in der Regel im Dauerbetrieb) und muss bestm\u00f6glich genutzt werden.<\/p>\n\n\n\n<p>Um die wichtigsten Fragen im Vorfeld des Projekts zu beantworten und Sie durch die verschiedenen Planungsschritte zu f\u00fchren, hilft Ihnen ein qualifizierter Handwerker oder Lieferant, der sich auf mechanische L\u00fcftung spezialisiert hat. Bei gro\u00dfen und komplexen Installationen ist es ratsam, sich von einem Ingenieurb\u00fcro beraten zu lassen. In jedem Fall kann Ihnen Ihr Branchenvertreter (Kammer, Verband usw.) Orientierung bieten.<\/p>\n\n\n\n<h2 class=\"wp-block-heading\"><strong>Eine konkrete Optimierung der Bel\u00fcftung kann folgende Aspekte umfassen<\/strong><\/h2>\n\n\n\n<ul class=\"wp-block-list\">\n<li>Anpassung der L\u00fcftung an die Betriebszeiten<\/li>\n\n\n\n<li>Einstellen der richtigen Temperatur<\/li>\n\n\n\n<li>Optimierung der Luftqualit\u00e4t<\/li>\n\n\n\n<li>Richtige Einstellung der Befeuchtung<\/li>\n\n\n\n<li>Regelm\u00e4\u00dfiger Unterhalt gem\u00e4\u00df den Anweisungen des Herstellers<\/li>\n\n\n\n<li>W\u00e4rmer\u00fcckgewinnung aus der Abluft<\/li>\n<\/ul>\n\n\n\n<h2 class=\"wp-block-heading\"><strong>Fragen, die Sie sich stellen sollten, bevor Sie Ihr Projekt starten<\/strong><\/h2>\n\n\n\n<ul class=\"wp-block-list\">\n<li>Wie hoch ist der Bedarf an L\u00fcftung und Klimatisierung f\u00fcr die verschiedenen Funktionen des Geb\u00e4udes?<\/li>\n\n\n\n<li>Gibt es Fehlfunktionen der derzeit installierten L\u00fcftungsanlage?<\/li>\n\n\n\n<li>W\u00e4re eine Begleitung durch Fachleute von Vorteil?<\/li>\n\n\n\n<li>Verf\u00fcgt die Anlage \u00fcber ein Regelungssystem?<\/li>\n<\/ul>\n","protected":false},"template":"","class_list":["post-2741","mesures-simplifiees","type-mesures-simplifiees","status-publish","hentry"],"acf":[],"_links":{"self":[{"href":"https:\/\/dev.klimapaktfirbetriber.lu\/de\/wp-json\/wp\/v2\/mesures-simplifiees\/2741","targetHints":{"allow":["GET"]}}],"collection":[{"href":"https:\/\/dev.klimapaktfirbetriber.lu\/de\/wp-json\/wp\/v2\/mesures-simplifiees"}],"about":[{"href":"https:\/\/dev.klimapaktfirbetriber.lu\/de\/wp-json\/wp\/v2\/types\/mesures-simplifiees"}],"wp:attachment":[{"href":"https:\/\/dev.klimapaktfirbetriber.lu\/de\/wp-json\/wp\/v2\/media?parent=2741"}],"curies":[{"name":"wp","href":"https:\/\/api.w.org\/{rel}","templated":true}]}}