{"id":2083844,"date":"2025-10-28T13:05:20","date_gmt":"2025-10-28T12:05:20","guid":{"rendered":"https:\/\/dev.klimapaktfirbetriber.lu\/?post_type=mesures-simplifiees&#038;p=2083844"},"modified":"2025-10-29T12:40:44","modified_gmt":"2025-10-29T11:40:44","slug":"verantwortungsvoller-umgang-mit-wasser-im-aussenbereich","status":"publish","type":"mesures-simplifiees","link":"https:\/\/dev.klimapaktfirbetriber.lu\/de\/vereinfachte-massnahme\/verantwortungsvoller-umgang-mit-wasser-im-aussenbereich\/","title":{"rendered":"Verantwortungsvoller Umgang mit Wasser im Au\u00dfenbereich"},"content":{"rendered":"\n<h2 class=\"wp-block-heading\">Verantwortungsvoller Umgang mit Wasser im Au\u00dfenbereich<\/h2>\n\n\n\n<p>Ein verantwortungsvoller Umgang mit Wasser rund um Geb\u00e4ude ist unerl\u00e4sslich, um die Umweltbelastung zu reduzieren und gleichzeitig die Ressourcen zu optimieren. Durch eine Anpassung der Landschaftsgestaltung und der Infrastruktur ist es m\u00f6glich, die Wasserressourcen nachhaltig zu schonen und die Regenwassernutzung zu maximieren.<\/p>\n\n\n\n<p>Diese Ma\u00dfnahme erm\u00f6glicht es, Wassereinsparungen, den Erhalt der biologischen Vielfalt und die Widerstandsf\u00e4higkeit gegen\u00fcber dem Klimawandel miteinander zu verbinden.<\/p>\n\n\n\n<h3 class=\"wp-block-heading\"><strong>Fragen, die Sie sich vor Beginn Ihres Projekts stellen sollten<\/strong><\/h3>\n\n\n\n<ul class=\"wp-block-list\">\n<li><strong>Wie hoch ist Ihr aktueller Wasserverbrauch f\u00fcr Ihre Au\u00dfenbereich<\/strong><\/li>\n\n\n\n<li><strong>Verf\u00fcgen Sie \u00fcber Z\u00e4hler f\u00fcr jede Art der Nutzung?<\/strong><\/li>\n\n\n\n<li><strong>Wurden das lokale Klima und die Umweltbedingungen bei der Gestaltung der Au\u00dfenanlagen ber\u00fccksichtigt?<\/strong><\/li>\n\n\n\n<li><strong>Gibt es Alarmsysteme f\u00fcr den Fall von Leckagen oder ungew\u00f6hnlichem Verbrauch?<\/strong><\/li>\n\n\n\n<li><strong>Verf\u00fcgen Sie \u00fcber Regenwassernutzungssysteme oder eine effiziente Entw\u00e4sserung?<\/strong><\/li>\n<\/ul>\n\n\n\n<p><\/p>\n","protected":false},"template":"","class_list":["post-2083844","mesures-simplifiees","type-mesures-simplifiees","status-publish","hentry"],"acf":[],"_links":{"self":[{"href":"https:\/\/dev.klimapaktfirbetriber.lu\/de\/wp-json\/wp\/v2\/mesures-simplifiees\/2083844","targetHints":{"allow":["GET"]}}],"collection":[{"href":"https:\/\/dev.klimapaktfirbetriber.lu\/de\/wp-json\/wp\/v2\/mesures-simplifiees"}],"about":[{"href":"https:\/\/dev.klimapaktfirbetriber.lu\/de\/wp-json\/wp\/v2\/types\/mesures-simplifiees"}],"wp:attachment":[{"href":"https:\/\/dev.klimapaktfirbetriber.lu\/de\/wp-json\/wp\/v2\/media?parent=2083844"}],"curies":[{"name":"wp","href":"https:\/\/api.w.org\/{rel}","templated":true}]}}