{"id":1666626,"date":"2025-08-18T09:44:15","date_gmt":"2025-08-18T07:44:15","guid":{"rendered":"https:\/\/dev.klimapaktfirbetriber.lu\/?post_type=mesures-simplifiees&#038;p=1666626"},"modified":"2025-08-21T14:19:32","modified_gmt":"2025-08-21T12:19:32","slug":"verbesserung-der-kenntnisse-im-bereich-energie-und-nachhaltige-entwicklung-durch-gezielte-und-berufsbezogene-weiterbildungen","status":"publish","type":"mesures-simplifiees","link":"https:\/\/dev.klimapaktfirbetriber.lu\/de\/vereinfachte-massnahme\/verbesserung-der-kenntnisse-im-bereich-energie-und-nachhaltige-entwicklung-durch-gezielte-und-berufsbezogene-weiterbildungen\/","title":{"rendered":"Ausbildungen mit Schwerpunkt Energie und Nachhaltigkeit"},"content":{"rendered":"\n<h2 class=\"wp-block-heading\">Verbesserung der Kenntnisse im Bereich Energie und nachhaltige Entwicklung durch gezielte und berufsbezogene Weiterbildungen.<\/h2>\n\n\n\n<p>Um die Energiewende im Unternehmen erfolgreich zu gestalten und die Nachhaltigkeitsziele zu erreichen, ist neben der Einf\u00fchrung neuer Techniken und Ma\u00dfnahmen auch das richtige Verhalten und die sachgerechte Nutzung der Anlagen durch die Mitarbeiter erforderlich. Dies wird durch regelm\u00e4\u00dfige thematische Weiterbildungen unterst\u00fctzt \u2013 sei es in der Produktion, der Mobilit\u00e4t, unternehmensspezifischen Verfahren oder der Unternehmensf\u00fchrung.<\/p>\n\n\n\n<h3 class=\"wp-block-heading\"><strong><strong><strong><strong>Fragen, die Sie sich stellen sollten, bevor Sie eine Weiterbildung f\u00fcr Ihre Mitarbeiter ausw\u00e4hlen<\/strong><\/strong><\/strong><\/strong><\/h3>\n\n\n\n<ul class=\"wp-block-list\">\n<li><strong>Bieten Sie Ihren Mitarbeitern einen Katalog mit vorausgew\u00e4hlten Weiterbildungen an?<\/strong><\/li>\n\n\n\n<li><strong>Was sind meine konkreten Ziele im Bereich der nachhaltigen Entwicklung?<\/strong><\/li>\n\n\n\n<li><strong>Wie hoch ist das aktuelle Kompetenzniveau meiner Mitarbeiter im Bereich Nachhaltigkeit?<\/strong><\/li>\n\n\n\n<li><strong>Gibt es internes Wissen, das an andere Mitarbeiter weitergegeben werden k\u00f6nnte?<\/strong><\/li>\n\n\n\n<li><strong>Welche Weiterbildungsformate eignen sich am besten f\u00fcr mein Team?<\/strong><\/li>\n\n\n\n<li><strong>Was bringt die Weiterbildung dem Unternehmen und den Teilnehmern?<\/strong><\/li>\n\n\n\n<li><strong>Wussten Sie, dass ein Teil der Weiterbildungskosten vom Staat \u00fcbernommen werden kann?<\/strong><\/li>\n<\/ul>\n\n\n\n<p><\/p>\n","protected":false},"template":"","class_list":["post-1666626","mesures-simplifiees","type-mesures-simplifiees","status-publish","hentry"],"acf":[],"_links":{"self":[{"href":"https:\/\/dev.klimapaktfirbetriber.lu\/de\/wp-json\/wp\/v2\/mesures-simplifiees\/1666626","targetHints":{"allow":["GET"]}}],"collection":[{"href":"https:\/\/dev.klimapaktfirbetriber.lu\/de\/wp-json\/wp\/v2\/mesures-simplifiees"}],"about":[{"href":"https:\/\/dev.klimapaktfirbetriber.lu\/de\/wp-json\/wp\/v2\/types\/mesures-simplifiees"}],"wp:attachment":[{"href":"https:\/\/dev.klimapaktfirbetriber.lu\/de\/wp-json\/wp\/v2\/media?parent=1666626"}],"curies":[{"name":"wp","href":"https:\/\/api.w.org\/{rel}","templated":true}]}}