{"id":726741,"date":"2025-02-20T15:55:24","date_gmt":"2025-02-20T14:55:24","guid":{"rendered":"https:\/\/dev.klimapaktfirbetriber.lu\/?post_type=cas-pratiques&#038;p=726741"},"modified":"2025-06-13T17:15:56","modified_gmt":"2025-06-13T15:15:56","slug":"keller-minimal-windows-gewaehrleistung-einer-auf-nachhaltigkeit-und-reduzierung-des-co2-fussabdrucks-ausgerichteten-politik","status":"publish","type":"cas-pratiques","link":"https:\/\/dev.klimapaktfirbetriber.lu\/de\/praxisbeispiele\/keller-minimal-windows-gewaehrleistung-einer-auf-nachhaltigkeit-und-reduzierung-des-co2-fussabdrucks-ausgerichteten-politik\/","title":{"rendered":"Keller Minimal Windows: Gew\u00e4hrleistung einer auf Nachhaltigkeit und Reduzierung des CO2-Fu\u00dfabdrucks ausgerichteten Politik"},"content":{"rendered":"\n<p>Keller Minimal Windows ist ein weltweit t\u00e4tiges Unternehmen, das f\u00fcr seine innovativen, hochwertigen Aluminiumfenster- und -t\u00fcrsysteme bekannt ist.<\/p>\n\n\n\n<p>Im Mittelpunkt der Philosophie von Keller steht das Engagement f\u00fcr nachhaltige Gesch\u00e4ftsprozesse und -ans\u00e4tze. Das Unternehmen erweitert st\u00e4ndig die Grenzen der Architektur und minimiert gleichzeitig seine Umweltauswirkungen. Seine Aluminiumsysteme sind auf zuverl\u00e4ssige, langlebige Leistung ausgelegt.<\/p>\n\n\n\n<p>Seit 2020 geh\u00f6rt Keller zur AluK-Gruppe, einem weltweit f\u00fchrenden Anbieter von Aluminiumsystemen, der das Know-how einer Familie mit finanzieller St\u00e4rke verbindet. Trotz seiner internationalen Pr\u00e4senz beh\u00e4lt Keller einen pers\u00f6nlichen und flexiblen Ansatz bei, mit einer ma\u00dfgeschneiderten Produktion in Luxemburg.<\/p>\n\n\n\n<figure class=\"wp-block-embed is-type-video is-provider-youtube wp-block-embed-youtube wp-embed-aspect-16-9 wp-has-aspect-ratio\"><div class=\"wp-block-embed__wrapper\">\n<iframe title=\"Construction durable en entreprise : Keller minimal windows\" width=\"640\" height=\"360\" src=\"https:\/\/www.youtube.com\/embed\/rekFRxPOgHU?feature=oembed\" frameborder=\"0\" allow=\"accelerometer; autoplay; clipboard-write; encrypted-media; gyroscope; picture-in-picture; web-share\" referrerpolicy=\"strict-origin-when-cross-origin\" allowfullscreen><\/iframe>\n<\/div><\/figure>\n\n\n\n<div style=\"height:100px\" aria-hidden=\"true\" class=\"wp-block-spacer\"><\/div>\n\n\n\n<div class=\"wp-block-group etape\"><div class=\"wp-block-group__inner-container is-layout-flow wp-block-group-is-layout-flow\">\n<h2 class=\"wp-block-heading special\" id=\"idee\">Idee<\/h2>\n\n\n\n<h3 class=\"wp-block-heading\">Reduzierung des CO2-Fu\u00dfabdrucks bei gleichzeitiger Gew\u00e4hrleistung eines nachhaltigen Produkts<\/h3>\n\n\n\n<p>Keller ist bestrebt, seinen CO2-Fu\u00dfabdruck zu reduzieren und gleichzeitig die Exzellenz seiner hochwertigen Fenster zu erhalten. Dieses Ziel basiert auf mehreren Grunds\u00e4tzen:<\/p>\n\n\n\n<ul class=\"wp-block-list\">\n<li>N<strong>achhaltige Logistik<\/strong>: minimierung der Umweltauswirkungen durch wiederverwendbare Verpackungen und umweltfreundlichere Transportmittel<\/li>\n\n\n\n<li><strong>Umweltvertr\u00e4gliche Materialien<\/strong>: bevorzugung von Materialien von Lieferanten, die Umweltstandards einhalten<\/li>\n\n\n\n<li><strong>Optimierung der Produktionsprozesse<\/strong>: reduzierung von Abfall und Energieverbrauch<\/li>\n<\/ul>\n<\/div><\/div>\n\n\n\n<figure class=\"wp-block-gallery has-nested-images columns-default is-cropped wp-block-gallery-1 is-layout-flex wp-block-gallery-is-layout-flex\">\n<figure class=\"wp-block-image size-large\"><img decoding=\"async\" width=\"1024\" height=\"577\" data-id=\"825453\" src=\"https:\/\/dev.klimapaktfirbetriber.lu\/wp-content\/uploads\/2025\/02\/Keller-et-Brever_Cas-pratique_media2-1024x577.jpg\" alt=\"Fotos der Produktionshalle von Keller Minimal Windows\" class=\"wp-image-825453\" srcset=\"https:\/\/dev.klimapaktfirbetriber.lu\/wp-content\/uploads\/2025\/02\/Keller-et-Brever_Cas-pratique_media2-1024x577.jpg 1024w, https:\/\/dev.klimapaktfirbetriber.lu\/wp-content\/uploads\/2025\/02\/Keller-et-Brever_Cas-pratique_media2-300x169.jpg 300w, https:\/\/dev.klimapaktfirbetriber.lu\/wp-content\/uploads\/2025\/02\/Keller-et-Brever_Cas-pratique_media2-768x433.jpg 768w, https:\/\/dev.klimapaktfirbetriber.lu\/wp-content\/uploads\/2025\/02\/Keller-et-Brever_Cas-pratique_media2-1536x866.jpg 1536w, https:\/\/dev.klimapaktfirbetriber.lu\/wp-content\/uploads\/2025\/02\/Keller-et-Brever_Cas-pratique_media2-2048x1154.jpg 2048w\" sizes=\"(max-width: 1024px) 100vw, 1024px\" \/><\/figure>\n\n\n\n<figure class=\"wp-block-image size-large\"><img decoding=\"async\" width=\"1024\" height=\"576\" data-id=\"825456\" src=\"https:\/\/dev.klimapaktfirbetriber.lu\/wp-content\/uploads\/2025\/02\/Keller-et-Brever_Cas-pratique_media1-1024x576.jpg\" alt=\"Fotos der Produktionshalle von Keller Minimal Windows\" class=\"wp-image-825456\" srcset=\"https:\/\/dev.klimapaktfirbetriber.lu\/wp-content\/uploads\/2025\/02\/Keller-et-Brever_Cas-pratique_media1-1024x576.jpg 1024w, https:\/\/dev.klimapaktfirbetriber.lu\/wp-content\/uploads\/2025\/02\/Keller-et-Brever_Cas-pratique_media1-300x169.jpg 300w, https:\/\/dev.klimapaktfirbetriber.lu\/wp-content\/uploads\/2025\/02\/Keller-et-Brever_Cas-pratique_media1-768x432.jpg 768w, https:\/\/dev.klimapaktfirbetriber.lu\/wp-content\/uploads\/2025\/02\/Keller-et-Brever_Cas-pratique_media1-1536x864.jpg 1536w, https:\/\/dev.klimapaktfirbetriber.lu\/wp-content\/uploads\/2025\/02\/Keller-et-Brever_Cas-pratique_media1-2048x1152.jpg 2048w\" sizes=\"(max-width: 1024px) 100vw, 1024px\" \/><\/figure>\n<\/figure>\n\n\n\n<div style=\"height:51px\" aria-hidden=\"true\" class=\"wp-block-spacer\"><\/div>\n\n\n\n<div class=\"wp-block-group etape\"><div class=\"wp-block-group__inner-container is-layout-flow wp-block-group-is-layout-flow\">\n<h2 class=\"wp-block-heading special\" id=\"conception\">Design<\/h2>\n\n\n\n<h3 class=\"wp-block-heading\">Durchf\u00fchrung einer CO2-Bilanz der gesamten Wertsch\u00f6pfungskette<\/h3>\n\n\n\n<p>Die Durchf\u00fchrung einer vollst\u00e4ndigen CO2-Bilanz erm\u00f6glicht es uns, die genauen Emissionsquellen in jeder Phase des Prozesses zu ermitteln, vom Produktdesign bis zur Auslieferung.<\/p>\n\n\n\n<p>Diese CO2-Bilanz ist mehr als nur eine Diagnose. Sie bietet eine strategische Grundlage f\u00fcr die Umsetzung konkreter, messbarer L\u00f6sungen.<\/p>\n<\/div><\/div>\n\n\n\n<div class=\"wp-block-group etape\"><div class=\"wp-block-group__inner-container is-layout-flow wp-block-group-is-layout-flow\">\n<h2 class=\"wp-block-heading special\" id=\"mise-oeuvre\">Umsetzung<\/h2>\n\n\n\n<h3 class=\"wp-block-heading\">Die Phasen der CO<sub>2<\/sub>-Bilanz<\/h3>\n\n\n\n<p>Die Umsetzung der CO<sub>2<\/sub>-Bilanzbewertung erfolgte in mehreren Phasen: <\/p>\n\n\n\n<ol class=\"wp-block-list\">\n<li><strong>Analyse der Aktivit\u00e4ten<\/strong>: identifizierung der Quellen direkter Emissionen (Produktion, Energieverbrauch usw.) und indirekter Emissionen (Lieferanten, Transport, Altprodukte usw.)<\/li>\n\n\n\n<li><strong>Datenerhebung<\/strong>: genaue Zusammenstellung der f\u00fcr die Bewertung der Gesamtauswirkungen erforderlichen Informationen<\/li>\n\n\n\n<li><strong>Bericht und Empfehlungen<\/strong>: es wurde ein detaillierter Bericht erstellt, in dem die wichtigsten Bereiche f\u00fcr eine Reduzierung hervorgehoben und konkrete Ma\u00dfnahmen zur Minimierung des CO2-Fu\u00dfabdrucks vorgeschlagen wurden<\/li>\n<\/ol>\n<\/div><\/div>\n\n\n\n<div class=\"wp-block-group etape\"><div class=\"wp-block-group__inner-container is-layout-flow wp-block-group-is-layout-flow\">\n<h2 class=\"wp-block-heading special\" id=\"resultat\">R\u00e9sultat<\/h2>\n\n\n\n<h3 class=\"wp-block-heading\">Die Ergebnisse des CO2-Fu\u00dfabdrucks auf die nachhaltige Entwicklung des Unternehmens<\/h3>\n\n\n\n<p>Diese Bewertung hat die Umsetzung konkreter L\u00f6sungen erm\u00f6glicht, wie z. B.:<\/p>\n\n\n\n<ul class=\"wp-block-list\">\n<li>Die Verwendung von Materialien mit einem geringen CO2-Fu\u00dfabdruck<\/li>\n\n\n\n<li>Eine h\u00f6here Energieeffizienz in den Produktionsanlagen<\/li>\n\n\n\n<li>Eine optimierte Logistik zur Begrenzung der transportbedingten Emissionen<\/li>\n<\/ul>\n\n\n\n<p>Diese Analyse und die daraus resultierenden Ma\u00dfnahmen veranschaulichen das Engagement von Keller f\u00fcr eine verantwortungsvolle Produktion und tragen aktiv zum \u00f6kologischen Wandel bei, w\u00e4hrend gleichzeitig Produkte der Spitzenklasse garantiert werden.<\/p>\n\n\n\n<p><\/p>\n<\/div><\/div>\n","protected":false},"featured_media":725384,"template":"","thematique":[91,95,96],"class_list":["post-726741","cas-pratiques","type-cas-pratiques","status-publish","has-post-thumbnail","hentry","thematique-energie-de","thematique-kommunikation-und-kooperation","thematique-mobilitaet-und-transport"],"acf":[],"_links":{"self":[{"href":"https:\/\/dev.klimapaktfirbetriber.lu\/de\/wp-json\/wp\/v2\/cas-pratiques\/726741","targetHints":{"allow":["GET"]}}],"collection":[{"href":"https:\/\/dev.klimapaktfirbetriber.lu\/de\/wp-json\/wp\/v2\/cas-pratiques"}],"about":[{"href":"https:\/\/dev.klimapaktfirbetriber.lu\/de\/wp-json\/wp\/v2\/types\/cas-pratiques"}],"version-history":[{"count":4,"href":"https:\/\/dev.klimapaktfirbetriber.lu\/de\/wp-json\/wp\/v2\/cas-pratiques\/726741\/revisions"}],"predecessor-version":[{"id":1300345,"href":"https:\/\/dev.klimapaktfirbetriber.lu\/de\/wp-json\/wp\/v2\/cas-pratiques\/726741\/revisions\/1300345"}],"wp:featuredmedia":[{"embeddable":true,"href":"https:\/\/dev.klimapaktfirbetriber.lu\/de\/wp-json\/wp\/v2\/media\/725384"}],"wp:attachment":[{"href":"https:\/\/dev.klimapaktfirbetriber.lu\/de\/wp-json\/wp\/v2\/media?parent=726741"}],"wp:term":[{"taxonomy":"thematique","embeddable":true,"href":"https:\/\/dev.klimapaktfirbetriber.lu\/de\/wp-json\/wp\/v2\/thematique?post=726741"}],"curies":[{"name":"wp","href":"https:\/\/api.w.org\/{rel}","templated":true}]}}