{"id":201979,"date":"2024-11-06T16:13:55","date_gmt":"2024-11-06T15:13:55","guid":{"rendered":"https:\/\/dev.klimapaktfirbetriber.lu\/?post_type=cas-pratiques&#038;p=201979"},"modified":"2024-11-06T17:18:38","modified_gmt":"2024-11-06T16:18:38","slug":"steffen-holzbau-optimierung-des-fuhrparks-durch-elektromobilitaet","status":"publish","type":"cas-pratiques","link":"https:\/\/dev.klimapaktfirbetriber.lu\/de\/praxisbeispiele\/steffen-holzbau-optimierung-des-fuhrparks-durch-elektromobilitaet\/","title":{"rendered":"Steffen Holzbau : Optimierung des Fuhrparks durch Elektromobilit\u00e4t"},"content":{"rendered":"\n<p>Steffen Holzbau ist ein 1993 gegr\u00fcndetes luxemburgisches Unternehmen, das sich auf den Bau von gro\u00dfen Geb\u00e4uden aus Holz spezialisiert hat. Das f\u00fcr seinen innovativen Charakter bekannte Unternehmen besch\u00e4ftigt rund 150 Mitarbeiter und positioniert sich als engagierter Akteur im Bereich des nachhaltigen Bauens. Im Jahr 2014 machte Steffen Holzbau erste Schritte in Richtung Elektromobilit\u00e4t, indem es ein Elektrofahrzeug in seinen Fuhrpark aufnahm und damit sein Engagement f\u00fcr einen umweltfreundlichen Ansatz in der beruflichen Mobilit\u00e4t unterstrich.<\/p>\n\n\n\n<div class=\"wp-block-group etape\"><div class=\"wp-block-group__inner-container is-layout-flow wp-block-group-is-layout-flow\">\n<h2 class=\"wp-block-heading special\" id=\"idee\">Idee<\/h2>\n\n\n\n<h3 class=\"wp-block-heading\">Ein umweltfreundlicherer und kosteng\u00fcnstigerer Fuhrpark <\/h3>\n\n\n\n<p>Das Hauptziel von Steffen Holzbau ist es, die mit der Verwaltung seines Fuhrparks verbundenen Kosten zu senken und gleichzeitig seinen CO\u2082-Fu\u00dfabdruck zu verringern. Um dies zu erreichen, hat sich das Unternehmen ein Ladesystem f\u00fcr Elektrofahrzeuge ausgedacht, das es erm\u00f6glicht, die am h\u00e4ufigsten genutzten Fahrzeuge vorrangig aufzuladen. Das Projekt soll nicht nur die Ausgaben f\u00fcr den Transport senken, sondern auch die Effizienz der Flotte verbessern und so eine praktische und nachhaltige L\u00f6sung f\u00fcr den Mobilit\u00e4tsbedarf bieten.<\/p>\n\n\n\n<p><\/p>\n<\/div><\/div>\n\n\n\n<div class=\"wp-block-group etape\"><div class=\"wp-block-group__inner-container is-layout-flow wp-block-group-is-layout-flow\">\n<h2 class=\"wp-block-heading special\" id=\"conception\">Design<\/h2>\n\n\n\n<h3 class=\"wp-block-heading\">Eine angepasste Ladeinfrastruktur <\/h3>\n\n\n\n<p>Um diese Vision zu verwirklichen, hat Steffen Holzbau eine umfassende Ladeinfrastruktur aufgebaut, die auf die Anforderungen seiner wachsenden Flotte von Elektrofahrzeugen zugeschnitten ist. Diese umfasst Ladestationen f\u00fcr ca. 40 Pkw und einen Lkw sowie ein intelligentes Lademanagementsystem, das eine Optimierung der Ladepriorit\u00e4ten erm\u00f6glicht. Das Unternehmen beantragte au\u00dferdem \u00fcber eine Projektausschreibung finanzielle Unterst\u00fctzung vom Staat. Die Einrichtung dieser Infrastruktur in Verbindung mit dem oben erw\u00e4hnten Lademanagementsystem erforderte keine wesentlichen \u00c4nderungen an seinem Niederspannungsanschluss. Die Besch\u00e4ftigten profitieren von einem erh\u00f6hten Fahrkomfort. Die f\u00fcr den Betrieb der Ladestationen ben\u00f6tigte Energie wird teilweise durch die unternehmenseigenen Photovoltaikanlagen erzeugt.<\/p>\n<\/div><\/div>\n\n\n\n<div class=\"wp-block-group etape\"><div class=\"wp-block-group__inner-container is-layout-flow wp-block-group-is-layout-flow\">\n<h2 class=\"wp-block-heading special\" id=\"mise-oeuvre\">Umsetzung<\/h2>\n\n\n\n<h3 class=\"wp-block-heading\">Ein Projekt ohne Unterbrechung des Betriebs<\/h3>\n\n\n\n<p>Die Durchf\u00fchrung des Projekts erstreckte sich \u00fcber einen Zeitraum von sechs Monaten, wobei die Arbeiten vor Ort nur drei Wochen dauerten. Der t\u00e4gliche Betrieb wurde in dieser Zeit nicht unterbrochen, so dass Steffen Holzbau seinen Betrieb ohne Einschr\u00e4nkungen fortsetzen konnte. Die effiziente Installation zeugt von einer guten Koordination und Anpassung an die betrieblichen Bed\u00fcrfnisse des Unternehmens.<\/p>\n\n\n\n<p><\/p>\n<\/div><\/div>\n\n\n\n<div class=\"wp-block-group etape\"><div class=\"wp-block-group__inner-container is-layout-flow wp-block-group-is-layout-flow\">\n<h2 class=\"wp-block-heading special\" id=\"resultat\">Resultat<\/h2>\n\n\n\n<h3 class=\"wp-block-heading\">Greifbare finanzielle und \u00f6kologische Vorteile <\/h3>\n\n\n\n<p>Diese Initiative f\u00fchrte zu konkreten und positiven Ergebnissen f\u00fcr Steffen Holzbau. Was die Kosten betrifft, so f\u00fchrt jedes Elektrofahrzeug zu einer gesch\u00e4tzten j\u00e4hrlichen Einsparung von 2.000 Euro. Der \u00dcbergang zur Elektromobilit\u00e4t hat au\u00dferdem den CO\u2082-Fu\u00dfabdruck des Unternehmens bei den Scope-1- und Scope-2-Emissionen um 25 % reduziert und damit das moderne und innovative Image des Unternehmens gest\u00e4rkt. Mit dieser Strategie positioniert sich Steffen Holzbau wettbewerbsf\u00e4hig auf dem Markt f\u00fcr nachhaltiges Bauen und stellt sicher, dass es f\u00fcr die Zukunft gut ger\u00fcstet ist.<\/p>\n\n\n\n<p><\/p>\n\n\n\n<div style=\"height:14px\" aria-hidden=\"true\" class=\"wp-block-spacer\"><\/div>\n<\/div><\/div>\n\n\n\n<figure class=\"wp-block-gallery has-nested-images columns-default is-cropped wp-block-gallery-1 is-layout-flex wp-block-gallery-is-layout-flex\">\n<figure class=\"wp-block-image size-large\"><img decoding=\"async\" width=\"1024\" height=\"683\" data-id=\"201811\" src=\"https:\/\/dev.klimapaktfirbetriber.lu\/wp-content\/uploads\/2024\/11\/GA_00220-min-min-1024x683.jpg\" alt=\"\" class=\"wp-image-201811\" srcset=\"https:\/\/dev.klimapaktfirbetriber.lu\/wp-content\/uploads\/2024\/11\/GA_00220-min-min-1024x683.jpg 1024w, https:\/\/dev.klimapaktfirbetriber.lu\/wp-content\/uploads\/2024\/11\/GA_00220-min-min-300x200.jpg 300w, https:\/\/dev.klimapaktfirbetriber.lu\/wp-content\/uploads\/2024\/11\/GA_00220-min-min-768x512.jpg 768w, https:\/\/dev.klimapaktfirbetriber.lu\/wp-content\/uploads\/2024\/11\/GA_00220-min-min-1536x1024.jpg 1536w, https:\/\/dev.klimapaktfirbetriber.lu\/wp-content\/uploads\/2024\/11\/GA_00220-min-min-2048x1365.jpg 2048w\" sizes=\"(max-width: 1024px) 100vw, 1024px\" \/><\/figure>\n\n\n\n<figure class=\"wp-block-image size-large\"><img decoding=\"async\" width=\"1024\" height=\"576\" data-id=\"201814\" src=\"https:\/\/dev.klimapaktfirbetriber.lu\/wp-content\/uploads\/2024\/11\/IMG_0500-min-min-1024x576.jpeg\" alt=\"\" class=\"wp-image-201814\" srcset=\"https:\/\/dev.klimapaktfirbetriber.lu\/wp-content\/uploads\/2024\/11\/IMG_0500-min-min-1024x576.jpeg 1024w, https:\/\/dev.klimapaktfirbetriber.lu\/wp-content\/uploads\/2024\/11\/IMG_0500-min-min-300x169.jpeg 300w, https:\/\/dev.klimapaktfirbetriber.lu\/wp-content\/uploads\/2024\/11\/IMG_0500-min-min-768x432.jpeg 768w, https:\/\/dev.klimapaktfirbetriber.lu\/wp-content\/uploads\/2024\/11\/IMG_0500-min-min-1536x864.jpeg 1536w, https:\/\/dev.klimapaktfirbetriber.lu\/wp-content\/uploads\/2024\/11\/IMG_0500-min-min-2048x1152.jpeg 2048w\" sizes=\"(max-width: 1024px) 100vw, 1024px\" \/><\/figure>\n\n\n\n<figure class=\"wp-block-image size-large\"><img decoding=\"async\" width=\"1024\" height=\"683\" data-id=\"201817\" src=\"https:\/\/dev.klimapaktfirbetriber.lu\/wp-content\/uploads\/2024\/11\/GA_00231-min-min-1024x683.jpg\" alt=\"\" class=\"wp-image-201817\" srcset=\"https:\/\/dev.klimapaktfirbetriber.lu\/wp-content\/uploads\/2024\/11\/GA_00231-min-min-1024x683.jpg 1024w, https:\/\/dev.klimapaktfirbetriber.lu\/wp-content\/uploads\/2024\/11\/GA_00231-min-min-300x200.jpg 300w, https:\/\/dev.klimapaktfirbetriber.lu\/wp-content\/uploads\/2024\/11\/GA_00231-min-min-768x512.jpg 768w, https:\/\/dev.klimapaktfirbetriber.lu\/wp-content\/uploads\/2024\/11\/GA_00231-min-min-1536x1024.jpg 1536w, https:\/\/dev.klimapaktfirbetriber.lu\/wp-content\/uploads\/2024\/11\/GA_00231-min-min-2048x1365.jpg 2048w\" sizes=\"(max-width: 1024px) 100vw, 1024px\" \/><\/figure>\n<\/figure>\n\n\n\n<div style=\"height:14px\" aria-hidden=\"true\" class=\"wp-block-spacer\"><\/div>\n\n\n\n<figure class=\"wp-block-gallery has-nested-images columns-default is-cropped wp-block-gallery-2 is-layout-flex wp-block-gallery-is-layout-flex\">\n<figure class=\"wp-block-image size-large\"><img decoding=\"async\" width=\"1024\" height=\"683\" data-id=\"201752\" src=\"https:\/\/dev.klimapaktfirbetriber.lu\/wp-content\/uploads\/2024\/11\/GA_00245-min-1024x683.jpg\" alt=\"\" class=\"wp-image-201752\" srcset=\"https:\/\/dev.klimapaktfirbetriber.lu\/wp-content\/uploads\/2024\/11\/GA_00245-min-1024x683.jpg 1024w, https:\/\/dev.klimapaktfirbetriber.lu\/wp-content\/uploads\/2024\/11\/GA_00245-min-300x200.jpg 300w, https:\/\/dev.klimapaktfirbetriber.lu\/wp-content\/uploads\/2024\/11\/GA_00245-min-768x512.jpg 768w, https:\/\/dev.klimapaktfirbetriber.lu\/wp-content\/uploads\/2024\/11\/GA_00245-min-1536x1024.jpg 1536w, https:\/\/dev.klimapaktfirbetriber.lu\/wp-content\/uploads\/2024\/11\/GA_00245-min-2048x1365.jpg 2048w\" sizes=\"(max-width: 1024px) 100vw, 1024px\" \/><\/figure>\n\n\n\n<figure class=\"wp-block-image size-large\"><img decoding=\"async\" width=\"1024\" height=\"576\" data-id=\"201755\" src=\"https:\/\/dev.klimapaktfirbetriber.lu\/wp-content\/uploads\/2024\/11\/IMG_0523-min-1024x576.jpeg\" alt=\"\" class=\"wp-image-201755\" srcset=\"https:\/\/dev.klimapaktfirbetriber.lu\/wp-content\/uploads\/2024\/11\/IMG_0523-min-1024x576.jpeg 1024w, https:\/\/dev.klimapaktfirbetriber.lu\/wp-content\/uploads\/2024\/11\/IMG_0523-min-300x169.jpeg 300w, https:\/\/dev.klimapaktfirbetriber.lu\/wp-content\/uploads\/2024\/11\/IMG_0523-min-768x432.jpeg 768w, https:\/\/dev.klimapaktfirbetriber.lu\/wp-content\/uploads\/2024\/11\/IMG_0523-min-1536x864.jpeg 1536w, https:\/\/dev.klimapaktfirbetriber.lu\/wp-content\/uploads\/2024\/11\/IMG_0523-min-2048x1152.jpeg 2048w\" sizes=\"(max-width: 1024px) 100vw, 1024px\" \/><\/figure>\n\n\n\n<figure class=\"wp-block-image size-large\"><img decoding=\"async\" width=\"1024\" height=\"683\" data-id=\"201758\" src=\"https:\/\/dev.klimapaktfirbetriber.lu\/wp-content\/uploads\/2024\/11\/GA_00229-min-1024x683.jpg\" alt=\"\" class=\"wp-image-201758\" srcset=\"https:\/\/dev.klimapaktfirbetriber.lu\/wp-content\/uploads\/2024\/11\/GA_00229-min-1024x683.jpg 1024w, https:\/\/dev.klimapaktfirbetriber.lu\/wp-content\/uploads\/2024\/11\/GA_00229-min-300x200.jpg 300w, https:\/\/dev.klimapaktfirbetriber.lu\/wp-content\/uploads\/2024\/11\/GA_00229-min-768x512.jpg 768w, https:\/\/dev.klimapaktfirbetriber.lu\/wp-content\/uploads\/2024\/11\/GA_00229-min-1536x1024.jpg 1536w, https:\/\/dev.klimapaktfirbetriber.lu\/wp-content\/uploads\/2024\/11\/GA_00229-min-2048x1365.jpg 2048w\" sizes=\"(max-width: 1024px) 100vw, 1024px\" \/><\/figure>\n<\/figure>\n\n\n\n<div style=\"height:16px\" aria-hidden=\"true\" class=\"wp-block-spacer\"><\/div>\n\n\n\n<figure class=\"wp-block-embed is-type-video is-provider-youtube wp-block-embed-youtube wp-embed-aspect-16-9 wp-has-aspect-ratio\"><div class=\"wp-block-embed__wrapper\">\n<iframe title=\"\u00c9lectromobilit\u00e9 en entreprise : l&#039;exemple de Steffen Holzbau pour r\u00e9duire les co\u00fbts et les \u00e9missions\" width=\"640\" height=\"360\" src=\"https:\/\/www.youtube.com\/embed\/_cJ5Oofaq54?feature=oembed\" frameborder=\"0\" allow=\"accelerometer; autoplay; clipboard-write; encrypted-media; gyroscope; picture-in-picture; web-share\" referrerpolicy=\"strict-origin-when-cross-origin\" allowfullscreen><\/iframe>\n<\/div><\/figure>\n","protected":false},"featured_media":201699,"template":"","thematique":[96],"class_list":["post-201979","cas-pratiques","type-cas-pratiques","status-publish","has-post-thumbnail","hentry","thematique-mobilitaet-und-transport"],"acf":[],"_links":{"self":[{"href":"https:\/\/dev.klimapaktfirbetriber.lu\/de\/wp-json\/wp\/v2\/cas-pratiques\/201979","targetHints":{"allow":["GET"]}}],"collection":[{"href":"https:\/\/dev.klimapaktfirbetriber.lu\/de\/wp-json\/wp\/v2\/cas-pratiques"}],"about":[{"href":"https:\/\/dev.klimapaktfirbetriber.lu\/de\/wp-json\/wp\/v2\/types\/cas-pratiques"}],"version-history":[{"count":3,"href":"https:\/\/dev.klimapaktfirbetriber.lu\/de\/wp-json\/wp\/v2\/cas-pratiques\/201979\/revisions"}],"predecessor-version":[{"id":202071,"href":"https:\/\/dev.klimapaktfirbetriber.lu\/de\/wp-json\/wp\/v2\/cas-pratiques\/201979\/revisions\/202071"}],"wp:featuredmedia":[{"embeddable":true,"href":"https:\/\/dev.klimapaktfirbetriber.lu\/de\/wp-json\/wp\/v2\/media\/201699"}],"wp:attachment":[{"href":"https:\/\/dev.klimapaktfirbetriber.lu\/de\/wp-json\/wp\/v2\/media?parent=201979"}],"wp:term":[{"taxonomy":"thematique","embeddable":true,"href":"https:\/\/dev.klimapaktfirbetriber.lu\/de\/wp-json\/wp\/v2\/thematique?post=201979"}],"curies":[{"name":"wp","href":"https:\/\/api.w.org\/{rel}","templated":true}]}}